{"id":10808,"date":"2023-05-29T09:51:20","date_gmt":"2023-05-29T07:51:20","guid":{"rendered":"https:\/\/derbedrosian.nl\/?page_id=10808"},"modified":"2025-12-21T16:39:02","modified_gmt":"2025-12-21T14:39:02","slug":"sosyal-yardim","status":"publish","type":"page","link":"https:\/\/www.derbedrosian.nl\/tr\/rechtsgebieden\/sociaal-zekerheidsrecht\/bijstandsuitkering\/","title":{"rendered":"Yard\u0131m paras\u0131"},"content":{"rendered":"<div data-elementor-type=\"wp-page\" data-elementor-id=\"10808\" class=\"elementor elementor-10808\" data-elementor-post-type=\"page\">\n\t\t\t\t<div class=\"wd-negative-gap elementor-element elementor-element-57990e8 e-flex e-con-boxed e-con e-parent\" data-id=\"57990e8\" data-element_type=\"container\" data-e-type=\"container\">\n\t\t\t\t\t<div class=\"e-con-inner\">\n\t\t\t\t<div class=\"elementor-element elementor-element-a8dad2d elementor-hidden-desktop elementor-hidden-tablet elementor-hidden-mobile elementor-widget elementor-widget-wd_image_or_svg\" data-id=\"a8dad2d\" data-element_type=\"widget\" data-e-type=\"widget\" id=\"seo-word\" data-widget_type=\"wd_image_or_svg.default\">\n\t\t\t\t<div class=\"elementor-widget-container\">\n\t\t\t\t\t\n\t\t<div class=\"wd-image text-left\">\n\t\t\t\t\t\t\t\t<img loading=\"lazy\" decoding=\"async\" width=\"1000\" height=\"563\" src=\"https:\/\/www.derbedrosian.nl\/wp-content\/uploads\/rechtsgebied-bijstand-uitkering.jpg\" class=\"attachment-full size-full\" alt=\"Sosyal g\u00fcvenlik yard\u0131m\u0131 talebi tek 2023 sosyal g\u00fcvenlik avukat\u0131\" srcset=\"https:\/\/www.derbedrosian.nl\/wp-content\/uploads\/rechtsgebied-bijstand-uitkering.jpg 1000w, https:\/\/www.derbedrosian.nl\/wp-content\/uploads\/rechtsgebied-bijstand-uitkering-400x225.jpg 400w, https:\/\/www.derbedrosian.nl\/wp-content\/uploads\/rechtsgebied-bijstand-uitkering-768x432.jpg 768w\" sizes=\"auto, (max-width: 1000px) 100vw, 1000px\" title=\"\">\t\t\t\t\t<\/div>\n\n\t\t\t\t\t\t<\/div>\n\t\t\t\t<\/div>\n\t\t\t\t<div class=\"elementor-element elementor-element-d7e646b elementor-hidden-desktop elementor-hidden-tablet elementor-hidden-mobile elementor-widget elementor-widget-heading\" data-id=\"d7e646b\" data-element_type=\"widget\" data-e-type=\"widget\" id=\"seo-word\" data-widget_type=\"heading.default\">\n\t\t\t\t<div class=\"elementor-widget-container\">\n\t\t\t\t\t<h2 class=\"elementor-heading-title elementor-size-default\">fayda ne kadar y\u00fcksek Yeterli de\u011filim<\/h2>\t\t\t\t<\/div>\n\t\t\t\t<\/div>\n\t\t\t\t<div class=\"elementor-element elementor-element-91780e5 elementor-hidden-desktop elementor-hidden-tablet elementor-hidden-mobile elementor-widget elementor-widget-heading\" data-id=\"91780e5\" data-element_type=\"widget\" data-e-type=\"widget\" id=\"seo-word\" data-widget_type=\"heading.default\">\n\t\t\t\t<div class=\"elementor-widget-container\">\n\t\t\t\t\t<h5 class=\"elementor-heading-title elementor-size-default\">sosyal yard\u0131mlar i\u00e7in uygunluk<\/h5>\t\t\t\t<\/div>\n\t\t\t\t<\/div>\n\t\t\t\t<div class=\"elementor-element elementor-element-17dbc8d elementor-hidden-desktop elementor-hidden-tablet elementor-hidden-mobile elementor-widget elementor-widget-heading\" data-id=\"17dbc8d\" data-element_type=\"widget\" data-e-type=\"widget\" id=\"seo-word\" data-widget_type=\"heading.default\">\n\t\t\t\t<div class=\"elementor-widget-container\">\n\t\t\t\t\t<h5 class=\"elementor-heading-title elementor-size-default\">yard\u0131m alma hakk\u0131na sahiptir<\/h5>\t\t\t\t<\/div>\n\t\t\t\t<\/div>\n\t\t\t\t<div class=\"elementor-element elementor-element-900ae5a elementor-hidden-desktop elementor-hidden-tablet elementor-hidden-mobile elementor-widget elementor-widget-heading\" data-id=\"900ae5a\" data-element_type=\"widget\" data-e-type=\"widget\" id=\"seo-word\" data-widget_type=\"heading.default\">\n\t\t\t\t<div class=\"elementor-widget-container\">\n\t\t\t\t\t<h5 class=\"elementor-heading-title elementor-size-default\">yard\u0131m i\u00e7in ba\u015fvurun<\/h5>\t\t\t\t<\/div>\n\t\t\t\t<\/div>\n\t\t\t\t<div class=\"elementor-element elementor-element-6f7550b elementor-hidden-desktop elementor-hidden-tablet elementor-hidden-mobile elementor-widget elementor-widget-heading\" data-id=\"6f7550b\" data-element_type=\"widget\" data-e-type=\"widget\" id=\"seo-word\" data-widget_type=\"heading.default\">\n\t\t\t\t<div class=\"elementor-widget-container\">\n\t\t\t\t\t<h5 class=\"elementor-heading-title elementor-size-default\">sosyal g\u00fcvenli\u0307k yasasi<\/h5>\t\t\t\t<\/div>\n\t\t\t\t<\/div>\n\t\t\t\t<div class=\"elementor-element elementor-element-cd075ba elementor-hidden-desktop elementor-hidden-tablet elementor-hidden-mobile elementor-widget elementor-widget-heading\" data-id=\"cd075ba\" data-element_type=\"widget\" data-e-type=\"widget\" id=\"seo-word\" data-widget_type=\"heading.default\">\n\t\t\t\t<div class=\"elementor-widget-container\">\n\t\t\t\t\t<h5 class=\"elementor-heading-title elementor-size-default\">ne gibi bir fayda sa\u011flayaca\u011f\u0131m\u0131 ayarlamal\u0131y\u0131m<\/h5>\t\t\t\t<\/div>\n\t\t\t\t<\/div>\n\t\t\t\t<div class=\"elementor-element elementor-element-492bea3 elementor-hidden-desktop elementor-hidden-tablet elementor-hidden-mobile elementor-widget elementor-widget-heading\" data-id=\"492bea3\" data-element_type=\"widget\" data-e-type=\"widget\" id=\"seo-word\" data-widget_type=\"heading.default\">\n\t\t\t\t<div class=\"elementor-widget-container\">\n\t\t\t\t\t<h5 class=\"elementor-heading-title elementor-size-default\">Sosyal g\u00fcvenlik hukuku avukat\u0131 Overijssel<\/h5>\t\t\t\t<\/div>\n\t\t\t\t<\/div>\n\t\t\t\t<div class=\"elementor-element elementor-element-9548e4a elementor-hidden-desktop elementor-hidden-tablet elementor-hidden-mobile elementor-widget elementor-widget-heading\" data-id=\"9548e4a\" data-element_type=\"widget\" data-e-type=\"widget\" id=\"seo-word\" data-widget_type=\"heading.default\">\n\t\t\t\t<div class=\"elementor-widget-container\">\n\t\t\t\t\t<h5 class=\"elementor-heading-title elementor-size-default\">avukat sosyal g\u00fcvenli\u0307k hukuku\nenschede<\/h5>\t\t\t\t<\/div>\n\t\t\t\t<\/div>\n\t\t\t\t<div class=\"elementor-element elementor-element-85e6caa elementor-hidden-desktop elementor-hidden-tablet elementor-hidden-mobile elementor-widget elementor-widget-heading\" data-id=\"85e6caa\" data-element_type=\"widget\" data-e-type=\"widget\" id=\"seo-word\" data-widget_type=\"heading.default\">\n\t\t\t\t<div class=\"elementor-widget-container\">\n\t\t\t\t\t<h5 class=\"elementor-heading-title elementor-size-default\">Sosyal g\u00fcvenlik hukuku avukat\u0131 enschede<\/h5>\t\t\t\t<\/div>\n\t\t\t\t<\/div>\n\t\t\t\t<div class=\"elementor-element elementor-element-c39d5a1 elementor-hidden-desktop elementor-hidden-tablet elementor-hidden-mobile elementor-widget elementor-widget-heading\" data-id=\"c39d5a1\" data-element_type=\"widget\" data-e-type=\"widget\" id=\"seo-word\" data-widget_type=\"heading.default\">\n\t\t\t\t<div class=\"elementor-widget-container\">\n\t\t\t\t\t<h5 class=\"elementor-heading-title elementor-size-default\">ne gibi bir fayda sa\u011flayaca\u011f\u0131m\u0131 ayarlamal\u0131y\u0131m<\/h5>\t\t\t\t<\/div>\n\t\t\t\t<\/div>\n\t\t\t\t<div class=\"elementor-element elementor-element-cdaf5d7 elementor-hidden-desktop elementor-hidden-tablet elementor-hidden-mobile elementor-widget elementor-widget-heading\" data-id=\"cdaf5d7\" data-element_type=\"widget\" data-e-type=\"widget\" id=\"seo-word\" data-widget_type=\"heading.default\">\n\t\t\t\t<div class=\"elementor-widget-container\">\n\t\t\t\t\t<h5 class=\"elementor-heading-title elementor-size-default\">Merkezi Enschede'de bulunan ve Overijssel b\u00f6lgesinde faaliyet g\u00f6steren Derbedrosian Sosyal G\u00fcvenlik Avukatlar\u0131, sosyal g\u00fcvenlik hukuku alan\u0131nda uzmanla\u015fm\u0131\u015f hukuki dan\u0131\u015fmanl\u0131k ve temsil hizmeti sunmaktad\u0131r. Kendini i\u015fine adam\u0131\u015f avukatlar\u0131m\u0131z, bu hukuk alan\u0131ndaki karma\u015f\u0131k d\u00fczenlemeleri ve prosed\u00fcrleri anlamakta ve yasal sorunlar\u0131n\u0131zda size yard\u0131mc\u0131 olmak i\u00e7in buradalar.\n\nSosyal yard\u0131m almaya hak kazanmak istiyorsan\u0131z ve ba\u015fvuru s\u00fcrecinde yard\u0131ma ihtiyac\u0131n\u0131z varsa, avukatlar\u0131m\u0131z t\u00fcm gereklilikleri kar\u015f\u0131lad\u0131\u011f\u0131n\u0131zdan ve haklar\u0131n\u0131z\u0131n korundu\u011fundan emin olmak i\u00e7in size rehberlik edebilir ve tavsiyelerde bulunabilir.\n\n\u0130ster sosyal yard\u0131m ba\u015fvurusu ister sosyal g\u00fcvenlik hukuku ile ilgili di\u011fer konular olsun, Derbedrosian Sosyal G\u00fcvenlik Avukatlar\u0131'nda uzman ellerdesiniz. Size \u00f6zel hukuki yard\u0131m ve tavsiye i\u00e7in bizimle ileti\u015fime ge\u00e7mekten \u00e7ekinmeyin. Sizin \u00e7\u0131karlar\u0131n\u0131z\u0131 g\u00f6zetmeye haz\u0131r\u0131z.<\/h5>\t\t\t\t<\/div>\n\t\t\t\t<\/div>\n\t\t\t\t<div class=\"elementor-element elementor-element-8af98b5 elementor-widget elementor-widget-heading\" data-id=\"8af98b5\" data-element_type=\"widget\" data-e-type=\"widget\" data-widget_type=\"heading.default\">\n\t\t\t\t<div class=\"elementor-widget-container\">\n\t\t\t\t\t<h3 class=\"elementor-heading-title elementor-size-default\">Yard\u0131m paras\u0131 nedir<\/h3>\t\t\t\t<\/div>\n\t\t\t\t<\/div>\n\t\t\t\t<div class=\"elementor-element elementor-element-1f4c741 color-scheme-inherit text-left elementor-widget elementor-widget-text-editor\" data-id=\"1f4c741\" data-element_type=\"widget\" data-e-type=\"widget\" data-widget_type=\"text-editor.default\">\n\t\t\t\t<div class=\"elementor-widget-container\">\n\t\t\t\t\t\t\t\t\t<p>Yard\u0131m paras\u0131, Hollanda'da temel ya\u015fam giderlerini kar\u015f\u0131lamak i\u00e7in yeterli geliri olmayan ki\u015filere y\u00f6nelik bir mali destektir. Sosyal g\u00fcvenlik sistemi i\u00e7inde bir g\u00fcvenlik a\u011f\u0131 g\u00f6revi g\u00f6r\u00fcr ve ge\u00e7ici veya uzun vadeli mali zorluklar ya\u015fayan bireyler ve aileler taraf\u0131ndan ba\u015fvurulabilir.<\/p>\t\t\t\t\t\t\t\t<\/div>\n\t\t\t\t<\/div>\n\t\t\t\t<div class=\"elementor-element elementor-element-10cac1f elementor-widget elementor-widget-spacer\" data-id=\"10cac1f\" data-element_type=\"widget\" data-e-type=\"widget\" data-widget_type=\"spacer.default\">\n\t\t\t\t<div class=\"elementor-widget-container\">\n\t\t\t\t\t\t\t<div class=\"elementor-spacer\">\n\t\t\t<div class=\"elementor-spacer-inner\"><\/div>\n\t\t<\/div>\n\t\t\t\t\t\t<\/div>\n\t\t\t\t<\/div>\n\t\t\t\t<div class=\"elementor-element elementor-element-22fb611 elementor-widget elementor-widget-heading\" data-id=\"22fb611\" data-element_type=\"widget\" data-e-type=\"widget\" data-widget_type=\"heading.default\">\n\t\t\t\t<div class=\"elementor-widget-container\">\n\t\t\t\t\t<h3 class=\"elementor-heading-title elementor-size-default\">Sosyal yard\u0131m almaya hakk\u0131m var m\u0131?<\/h3>\t\t\t\t<\/div>\n\t\t\t\t<\/div>\n\t\t\t\t<div class=\"elementor-element elementor-element-eeaf8f3 color-scheme-inherit text-left elementor-widget elementor-widget-text-editor\" data-id=\"eeaf8f3\" data-element_type=\"widget\" data-e-type=\"widget\" data-widget_type=\"text-editor.default\">\n\t\t\t\t<div class=\"elementor-widget-container\">\n\t\t\t\t\t\t\t\t\t<p>Yard\u0131m paras\u0131, Hollanda'da ya\u015fayan ve maddi zorluklar ya\u015fayan ki\u015filere sa\u011flanan mali bir destektir. Yard\u0131m paras\u0131 almaya hak kazanmak i\u00e7in a\u015fa\u011f\u0131daki ko\u015fullar\u0131 yerine getirmeniz gerekir:<\/p><ul><li><strong>Ge\u00e7erli vatanda\u015fl\u0131k veya oturma izni:\u00a0<\/strong> Her \u015feyden \u00f6nce, Hollanda vatanda\u015f\u0131 olman\u0131z veya Hollanda'da kalma hakk\u0131 veren ge\u00e7erli bir oturma iznine sahip olman\u0131z gerekir. Bu, yard\u0131m almaya hak kazanmak i\u00e7in temel bir gerekliliktir.<\/li><li><strong>Ya\u015f:<\/strong> Yard\u0131m almaya hak kazanmak i\u00e7in 18 ya\u015f\u0131nda veya daha b\u00fcy\u00fck olman\u0131z gerekir. Bu, re\u015fit olmayanlar\u0131n genellikle yard\u0131m alma hakk\u0131na sahip olmad\u0131\u011f\u0131 anlam\u0131na gelir.<\/li><li><strong>Yetersiz gelir veya mal varl\u0131\u011f\u0131:<\/strong> Bir di\u011fer \u015fart ise, kendinizi ge\u00e7indirmek i\u00e7in yeterli gelir veya varl\u0131\u011fa sahip olmaman\u0131zd\u0131r. Bu, mali kaynaklar\u0131n\u0131z\u0131n bar\u0131nma ve g\u0131da gibi temel ya\u015fam giderlerini kar\u015f\u0131lamak i\u00e7in yetersiz olmas\u0131 durumunda yard\u0131m almaya uygun olabilece\u011finiz anlam\u0131na gelir.<\/li><li><strong>Di\u011fer yard\u0131mlardan yararlanma hakk\u0131 yoktur:<\/strong> Benzer mali ihtiya\u00e7lar\u0131 kar\u015f\u0131layan ba\u015fka bir yard\u0131ma hak kazanmam\u0131\u015f olman\u0131z da \u00f6nemlidir. Bu, \u0130\u015fsizlik Sigortas\u0131 Yasas\u0131 (WW) veya \u0130\u015fg\u00fcc\u00fc Kapasitesine G\u00f6re \u00c7al\u0131\u015fma ve Gelir Yasas\u0131 (WIA) gibi yard\u0131mlar\u0131 i\u00e7erebilir. E\u011fer ba\u015fka bir yard\u0131m almaya hak kazanm\u0131\u015fsan\u0131z, genellikle sosyal yard\u0131m almaya hak kazanamazs\u0131n\u0131z.<\/li><\/ul><p>Ayr\u0131ca, i\u015finize devam etmek veya i\u015finize geri d\u00f6nmek i\u00e7in \u00e7aba g\u00f6sterdi\u011finizi kan\u0131tlaman\u0131z da zorunludur. Bu, aktif olarak i\u015f aramay\u0131 veya durumunuza uygunsa yeniden entegrasyon programlar\u0131na kat\u0131lmay\u0131 i\u00e7erir.<\/p>\t\t\t\t\t\t\t\t<\/div>\n\t\t\t\t<\/div>\n\t\t\t\t<div class=\"elementor-element elementor-element-ec2b466 elementor-widget elementor-widget-spacer\" data-id=\"ec2b466\" data-element_type=\"widget\" data-e-type=\"widget\" data-widget_type=\"spacer.default\">\n\t\t\t\t<div class=\"elementor-widget-container\">\n\t\t\t\t\t\t\t<div class=\"elementor-spacer\">\n\t\t\t<div class=\"elementor-spacer-inner\"><\/div>\n\t\t<\/div>\n\t\t\t\t\t\t<\/div>\n\t\t\t\t<\/div>\n\t\t\t\t<div class=\"elementor-element elementor-element-12d129c elementor-widget elementor-widget-heading\" data-id=\"12d129c\" data-element_type=\"widget\" data-e-type=\"widget\" data-widget_type=\"heading.default\">\n\t\t\t\t<div class=\"elementor-widget-container\">\n\t\t\t\t\t<h3 class=\"elementor-heading-title elementor-size-default\">Sosyal yard\u0131m almaya hak kazanmak i\u00e7in azami sermaye nedir?<\/h3>\t\t\t\t<\/div>\n\t\t\t\t<\/div>\n\t\t\t\t<div class=\"elementor-element elementor-element-027f6f8 color-scheme-inherit text-left elementor-widget elementor-widget-text-editor\" data-id=\"027f6f8\" data-element_type=\"widget\" data-e-type=\"widget\" data-widget_type=\"text-editor.default\">\n\t\t\t\t<div class=\"elementor-widget-container\">\n\t\t\t\t\t\t\t\t\t<p>Sosyal yard\u0131m almaya hak kazand\u0131\u011f\u0131n\u0131zda, mali kaynaklar\u0131n\u0131z ve sahip olman\u0131za izin verilen m\u00fclkler \u00fczerinde s\u0131n\u0131rlamalar vard\u0131r. Bu s\u0131n\u0131rlar<span style=\"color: var(--wd-text-color); font-size: 17.6px; letter-spacing: var( --e-global-typography-text-letter-spacing ); text-transform: var( --e-global-typography-text-text-transform ); word-spacing: var( --e-global-typography-text-word-spacing );\">\u00a0Bir ki\u015finin tasarruf ve mal varl\u0131\u011f\u0131nda bulunmas\u0131na izin verilen miktarlar, sosyal yard\u0131mlar\u0131n ger\u00e7ekten maddi olarak ihtiyac\u0131 olan ki\u015filere ula\u015fmas\u0131n\u0131 sa\u011flamak i\u00e7in vard\u0131r. Varl\u0131k limitleri i\u00e7in kesin miktarlar a\u015fa\u011f\u0131da ele al\u0131nm\u0131\u015ft\u0131r.<\/span><\/p><ul><li><strong>Evli, birlikte ya\u015fayan ve bekar ebeveynler:<\/strong> Bu grup i\u00e7in belirlenen varl\u0131k s\u0131n\u0131r\u0131 15.210 \u20ac'dur. Bu, evli, birlikte ya\u015fayan ya da tek ebeveynli olman\u0131z durumunda, yard\u0131m almaya hak kazanmak i\u00e7in toplam tasarruf ve varl\u0131k miktar\u0131n\u0131n bu tutar\u0131 a\u015fmamas\u0131 gerekti\u011fi anlam\u0131na gelir.<\/li><li><strong>Tekler:<\/strong> E\u011fer bekarsan\u0131z, varl\u0131k s\u0131n\u0131r\u0131 7.605 Avro ile daha d\u00fc\u015f\u00fckt\u00fcr. Bu da bekar ki\u015filerin yard\u0131ma hak kazanabilmeleri i\u00e7in birikimlerini, mal varl\u0131klar\u0131n\u0131 ve araba ya da miras gibi m\u00fclklerini bu miktar\u0131n alt\u0131nda tutmalar\u0131 gerekti\u011fi anlam\u0131na geliyor.<\/li><\/ul>\t\t\t\t\t\t\t\t<\/div>\n\t\t\t\t<\/div>\n\t\t\t\t<div class=\"elementor-element elementor-element-c7e717c elementor-widget elementor-widget-spacer\" data-id=\"c7e717c\" data-element_type=\"widget\" data-e-type=\"widget\" data-widget_type=\"spacer.default\">\n\t\t\t\t<div class=\"elementor-widget-container\">\n\t\t\t\t\t\t\t<div class=\"elementor-spacer\">\n\t\t\t<div class=\"elementor-spacer-inner\"><\/div>\n\t\t<\/div>\n\t\t\t\t\t\t<\/div>\n\t\t\t\t<\/div>\n\t\t\t\t<div class=\"elementor-element elementor-element-15265a2 elementor-widget elementor-widget-heading\" data-id=\"15265a2\" data-element_type=\"widget\" data-e-type=\"widget\" data-widget_type=\"heading.default\">\n\t\t\t\t<div class=\"elementor-widget-container\">\n\t\t\t\t\t<h3 class=\"elementor-heading-title elementor-size-default\">Ne zaman yard\u0131m almaya hakk\u0131m yok?<\/h3>\t\t\t\t<\/div>\n\t\t\t\t<\/div>\n\t\t\t\t<div class=\"elementor-element elementor-element-4965faa color-scheme-inherit text-left elementor-widget elementor-widget-text-editor\" data-id=\"4965faa\" data-element_type=\"widget\" data-e-type=\"widget\" data-widget_type=\"text-editor.default\">\n\t\t\t\t<div class=\"elementor-widget-container\">\n\t\t\t\t\t\t\t\t\t<p>Sosyal yard\u0131m almaya hak kazanamad\u0131\u011f\u0131n\u0131z durumlar konusunda net olman\u0131z \u00f6nemlidir. \u0130\u015fte bu durumlardan baz\u0131lar\u0131:<\/p><ul><li><strong>G\u00f6zalt\u0131:<\/strong> Bir ceza mahkumiyetinin sonucu olarak hapse girdiyseniz, genellikle yard\u0131m alma hakk\u0131n\u0131z yoktur.<\/li><li><strong>Potansiyel g\u00f6zalt\u0131:<\/strong>\u00a0Bir ceza davas\u0131 nedeniyle hapse at\u0131lmak \u00fczere oldu\u011funuz anda, yard\u0131m hakk\u0131n\u0131z genellikle ge\u00e7ici olarak ask\u0131ya al\u0131n\u0131r.<\/li><li><strong>Askerlik hizmeti:<\/strong> \u015eu anda orduda g\u00f6rev yap\u0131yorsan\u0131z ve asker olarak gelir elde ediyorsan\u0131z, genellikle yard\u0131m almaya uygun de\u011filsinizdir.<\/li><li><strong>Grev nedeniyle gelir yok:<\/strong>\u00a0Bir greve kat\u0131lman\u0131z nedeniyle geliriniz yoksa, bu durum yard\u0131m alma hakk\u0131n\u0131z\u0131n oldu\u011fu bir durum olarak de\u011ferlendirilmez.<\/li><li><strong>Hollanda d\u0131\u015f\u0131nda uzun s\u00fcreli ikamet:<\/strong> Hollanda d\u0131\u015f\u0131nda d\u00f6rt haftadan fazla kal\u0131rsan\u0131z, bu durum yard\u0131m alma hakk\u0131n\u0131z\u0131 etkileyebilir. Yurtd\u0131\u015f\u0131nda kalmaya ili\u015fkin \u00f6zel kural ve gerekliliklere ba\u015fvurman\u0131z tavsiye edilir.<\/li><li><strong>\u00d6\u011frenci finansman\u0131:<\/strong> \u00f6\u011frenci bursuna hak kazanm\u0131\u015fsan\u0131z veya zaten al\u0131yorsan\u0131z, bu durum yard\u0131m alma hakk\u0131n\u0131z\u0131 etkileyebilir.<\/li><li><strong>Ya\u015f ve bir tesiste ikamet:<\/strong> 18, 19 veya 20 ya\u015f\u0131ndaysan\u0131z ve bir tesiste kal\u0131yorsan\u0131z, bu durum yard\u0131m alma hakk\u0131n\u0131z\u0131 etkileyebilir.<\/li><li><strong>\u00dccretsiz izin:<\/strong>\u00a0\u00fccretsi\u0307z i\u0307zi\u0307n almi\u015fsaniz, bu s\u00fcre zarfinda yardim alma hakkiniz olmayabi\u0307li\u0307r.<\/li><li><strong>27'nin alt\u0131nda davran\u0131\u015f sorunlar\u0131:<\/strong>\u00a027 ya\u015f\u0131n alt\u0131ndaysan\u0131z ve davran\u0131\u015f ve tutumunuz y\u00fck\u00fcml\u00fcl\u00fcklerinizi yerine getirmenizi imkans\u0131z hale getiriyorsa, bu durum yard\u0131m alma hakk\u0131n\u0131z\u0131 s\u0131n\u0131rlayabilir.<\/li><\/ul>\t\t\t\t\t\t\t\t<\/div>\n\t\t\t\t<\/div>\n\t\t\t\t<div class=\"elementor-element elementor-element-42f0ce1 elementor-widget elementor-widget-spacer\" data-id=\"42f0ce1\" data-element_type=\"widget\" data-e-type=\"widget\" data-widget_type=\"spacer.default\">\n\t\t\t\t<div class=\"elementor-widget-container\">\n\t\t\t\t\t\t\t<div class=\"elementor-spacer\">\n\t\t\t<div class=\"elementor-spacer-inner\"><\/div>\n\t\t<\/div>\n\t\t\t\t\t\t<\/div>\n\t\t\t\t<\/div>\n\t\t\t\t<div class=\"elementor-element elementor-element-525e02e elementor-widget elementor-widget-heading\" data-id=\"525e02e\" data-element_type=\"widget\" data-e-type=\"widget\" data-widget_type=\"heading.default\">\n\t\t\t\t<div class=\"elementor-widget-container\">\n\t\t\t\t\t<h3 class=\"elementor-heading-title elementor-size-default\">Sosyal yard\u0131mlar i\u00e7in avukat<\/h3>\t\t\t\t<\/div>\n\t\t\t\t<\/div>\n\t\t\t\t<div class=\"elementor-element elementor-element-549b5a0 color-scheme-inherit text-left elementor-widget elementor-widget-text-editor\" data-id=\"549b5a0\" data-element_type=\"widget\" data-e-type=\"widget\" data-widget_type=\"text-editor.default\">\n\t\t\t\t<div class=\"elementor-widget-container\">\n\t\t\t\t\t\t\t\t\t<p>Sosyal g\u00fcvenlik hukuku, dikkat edilmesi gereken bir\u00e7ok yasa ve di\u011fer kurallar\u0131 i\u00e7eren karma\u015f\u0131k bir aland\u0131r.<\/p><p>Sosyal yard\u0131mlar\u0131n\u0131zla ilgili sorunlarla kar\u015f\u0131la\u015fmamak i\u00e7in bir avukata dan\u0131\u015fman\u0131z ak\u0131ll\u0131ca olacakt\u0131r. Der Bedrosian hukuk b\u00fcrosu <a href=\"https:\/\/www.derbedrosian.nl\/tr\/avukatlar\/\">uzman avukatlar<\/a> tecr\u00fcbesi ile <a href=\"https:\/\/www.derbedrosian.nl\/tr\/yetki%cc%87-alanlari\/sosyal-guvenli%cc%87k-yasasi\/\">sosyal g\u00fcvenli\u0307k yasasi<\/a>\u00a0ve profesyonel destek sa\u011flamaya haz\u0131rd\u0131r.<\/p><p>Bizimle ileti\u015fime ge\u00e7ti\u011finizde, bir avukat durumunuzla ilgili olarak size \u015fahsen rehberlik edecektir.<\/p>\t\t\t\t\t\t\t\t<\/div>\n\t\t\t\t<\/div>\n\t\t\t\t\t<\/div>\n\t\t\t\t<\/div>\n\t\t\t\t<\/div>","protected":false},"excerpt":{"rendered":"<p>hoe hoog is de uitkering ik niet genoeg aanmerking voor een bijstandsuitkering recht heeft op bijstand bijstandsuitkering aanvragen sociaal zekerheidsrecht<\/p>","protected":false},"author":1,"featured_media":0,"parent":10804,"menu_order":0,"comment_status":"closed","ping_status":"closed","template":"","meta":{"footnotes":""},"class_list":["post-10808","page","type-page","status-publish","hentry"],"_links":{"self":[{"href":"https:\/\/www.derbedrosian.nl\/tr\/wp-json\/wp\/v2\/pages\/10808","targetHints":{"allow":["GET"]}}],"collection":[{"href":"https:\/\/www.derbedrosian.nl\/tr\/wp-json\/wp\/v2\/pages"}],"about":[{"href":"https:\/\/www.derbedrosian.nl\/tr\/wp-json\/wp\/v2\/types\/page"}],"author":[{"embeddable":true,"href":"https:\/\/www.derbedrosian.nl\/tr\/wp-json\/wp\/v2\/users\/1"}],"replies":[{"embeddable":true,"href":"https:\/\/www.derbedrosian.nl\/tr\/wp-json\/wp\/v2\/comments?post=10808"}],"version-history":[{"count":0,"href":"https:\/\/www.derbedrosian.nl\/tr\/wp-json\/wp\/v2\/pages\/10808\/revisions"}],"up":[{"embeddable":true,"href":"https:\/\/www.derbedrosian.nl\/tr\/wp-json\/wp\/v2\/pages\/10804"}],"wp:attachment":[{"href":"https:\/\/www.derbedrosian.nl\/tr\/wp-json\/wp\/v2\/media?parent=10808"}],"curies":[{"name":"wp","href":"https:\/\/api.w.org\/{rel}","templated":true}]}}