{"id":10682,"date":"2023-05-26T15:50:36","date_gmt":"2023-05-26T13:50:36","guid":{"rendered":"https:\/\/derbedrosian.nl\/?page_id=10682"},"modified":"2025-12-21T16:01:40","modified_gmt":"2025-12-21T14:01:40","slug":"iade-karari","status":"publish","type":"page","link":"https:\/\/www.derbedrosian.nl\/tr\/rechtsgebieden\/vreemdelingenrecht\/terugkeerbesluit\/","title":{"rendered":"\u0130ade karar\u0131"},"content":{"rendered":"<div data-elementor-type=\"wp-page\" data-elementor-id=\"10682\" class=\"elementor elementor-10682\" data-elementor-post-type=\"page\">\n\t\t\t\t<div class=\"wd-negative-gap elementor-element elementor-element-a587312 e-flex e-con-boxed e-con e-parent\" data-id=\"a587312\" data-element_type=\"container\" data-e-type=\"container\">\n\t\t\t\t\t<div class=\"e-con-inner\">\n\t\t\t\t<div class=\"elementor-element elementor-element-bf3d679 elementor-hidden-desktop elementor-hidden-tablet elementor-hidden-mobile elementor-widget elementor-widget-wd_image_or_svg\" data-id=\"bf3d679\" data-element_type=\"widget\" data-e-type=\"widget\" id=\"seo-word\" data-widget_type=\"wd_image_or_svg.default\">\n\t\t\t\t<div class=\"elementor-widget-container\">\n\t\t\t\t\t\n\t\t<div class=\"wd-image text-left\">\n\t\t\t\t\t\t\t\t<img loading=\"lazy\" decoding=\"async\" width=\"1000\" height=\"668\" src=\"https:\/\/www.derbedrosian.nl\/wp-content\/uploads\/rechtsgebied-terugkeerbesluit.jpg\" class=\"attachment-full size-full\" alt=\"iade karar\u0131 iptal avukat karar itiraz iade karar\u0131\" srcset=\"https:\/\/www.derbedrosian.nl\/wp-content\/uploads\/rechtsgebied-terugkeerbesluit.jpg 1000w, https:\/\/www.derbedrosian.nl\/wp-content\/uploads\/rechtsgebied-terugkeerbesluit-400x267.jpg 400w, https:\/\/www.derbedrosian.nl\/wp-content\/uploads\/rechtsgebied-terugkeerbesluit-768x513.jpg 768w\" sizes=\"auto, (max-width: 1000px) 100vw, 1000px\" title=\"\">\t\t\t\t\t<\/div>\n\n\t\t\t\t\t\t<\/div>\n\t\t\t\t<\/div>\n\t\t\t\t<div class=\"elementor-element elementor-element-d4b308a elementor-hidden-desktop elementor-hidden-tablet elementor-hidden-mobile elementor-widget elementor-widget-heading\" data-id=\"d4b308a\" data-element_type=\"widget\" data-e-type=\"widget\" id=\"seo-word\" data-widget_type=\"heading.default\">\n\t\t\t\t<div class=\"elementor-widget-container\">\n\t\t\t\t\t<h2 class=\"elementor-heading-title elementor-size-default\">avukat i\u0307ade karari<\/h2>\t\t\t\t<\/div>\n\t\t\t\t<\/div>\n\t\t\t\t<div class=\"elementor-element elementor-element-4755776 elementor-hidden-desktop elementor-hidden-tablet elementor-hidden-mobile elementor-widget elementor-widget-heading\" data-id=\"4755776\" data-element_type=\"widget\" data-e-type=\"widget\" id=\"seo-word\" data-widget_type=\"heading.default\">\n\t\t\t\t<div class=\"elementor-widget-container\">\n\t\t\t\t\t<h5 class=\"elementor-heading-title elementor-size-default\">iade karar\u0131 karar\u0131<\/h5>\t\t\t\t<\/div>\n\t\t\t\t<\/div>\n\t\t\t\t<div class=\"elementor-element elementor-element-57b379b elementor-hidden-desktop elementor-hidden-tablet elementor-hidden-mobile elementor-widget elementor-widget-heading\" data-id=\"57b379b\" data-element_type=\"widget\" data-e-type=\"widget\" id=\"seo-word\" data-widget_type=\"heading.default\">\n\t\t\t\t<div class=\"elementor-widget-container\">\n\t\t\t\t\t<h5 class=\"elementor-heading-title elementor-size-default\">itiraz iade karar\u0131<\/h5>\t\t\t\t<\/div>\n\t\t\t\t<\/div>\n\t\t\t\t<div class=\"elementor-element elementor-element-dea1465 elementor-hidden-desktop elementor-hidden-tablet elementor-hidden-mobile elementor-widget elementor-widget-heading\" data-id=\"dea1465\" data-element_type=\"widget\" data-e-type=\"widget\" id=\"seo-word\" data-widget_type=\"heading.default\">\n\t\t\t\t<div class=\"elementor-widget-container\">\n\t\t\t\t\t<h5 class=\"elementor-heading-title elementor-size-default\">iade karar\u0131n\u0131n kald\u0131r\u0131lmas\u0131<\/h5>\t\t\t\t<\/div>\n\t\t\t\t<\/div>\n\t\t\t\t<div class=\"elementor-element elementor-element-e9d6bb1 elementor-hidden-desktop elementor-hidden-tablet elementor-hidden-mobile elementor-widget elementor-widget-heading\" data-id=\"e9d6bb1\" data-element_type=\"widget\" data-e-type=\"widget\" id=\"seo-word\" data-widget_type=\"heading.default\">\n\t\t\t\t<div class=\"elementor-widget-container\">\n\t\t\t\t\t<h5 class=\"elementor-heading-title elementor-size-default\">G\u00f6\u00e7menlik Hukuku<\/h5>\t\t\t\t<\/div>\n\t\t\t\t<\/div>\n\t\t\t\t<div class=\"elementor-element elementor-element-5ccea5a elementor-hidden-desktop elementor-hidden-tablet elementor-hidden-mobile elementor-widget elementor-widget-heading\" data-id=\"5ccea5a\" data-element_type=\"widget\" data-e-type=\"widget\" id=\"seo-word\" data-widget_type=\"heading.default\">\n\t\t\t\t<div class=\"elementor-widget-container\">\n\t\t\t\t\t<h5 class=\"elementor-heading-title elementor-size-default\">g\u00f6\u00e7menli\u0307k hukuku avukati enschede<\/h5>\t\t\t\t<\/div>\n\t\t\t\t<\/div>\n\t\t\t\t<div class=\"elementor-element elementor-element-3129534 elementor-hidden-desktop elementor-hidden-tablet elementor-hidden-mobile elementor-widget elementor-widget-heading\" data-id=\"3129534\" data-element_type=\"widget\" data-e-type=\"widget\" id=\"seo-word\" data-widget_type=\"heading.default\">\n\t\t\t\t<div class=\"elementor-widget-container\">\n\t\t\t\t\t<h5 class=\"elementor-heading-title elementor-size-default\">G\u00f6\u00e7menlik Hukuku Avukat\u0131 Overijssel<\/h5>\t\t\t\t<\/div>\n\t\t\t\t<\/div>\n\t\t\t\t<div class=\"elementor-element elementor-element-3189326 elementor-hidden-desktop elementor-hidden-tablet elementor-hidden-mobile elementor-widget elementor-widget-heading\" data-id=\"3189326\" data-element_type=\"widget\" data-e-type=\"widget\" id=\"seo-word\" data-widget_type=\"heading.default\">\n\t\t\t\t<div class=\"elementor-widget-container\">\n\t\t\t\t\t<h5 class=\"elementor-heading-title elementor-size-default\">yabancilar yasasi enschede<\/h5>\t\t\t\t<\/div>\n\t\t\t\t<\/div>\n\t\t\t\t<div class=\"elementor-element elementor-element-1d82020 color-scheme-inherit text-left elementor-widget elementor-widget-text-editor\" data-id=\"1d82020\" data-element_type=\"widget\" data-e-type=\"widget\" id=\"seo-word\" data-widget_type=\"text-editor.default\">\n\t\t\t\t<div class=\"elementor-widget-container\">\n\t\t\t\t\t\t\t\t\t<p>kendi inisiyatifiyle geri d\u00f6n\u00fc\u015f karar\u0131 ve Hollanda'ya giri\u015f yasa\u011f\u0131, yani men\u015fe \u00fclkeye geri d\u00f6nmek i\u00e7in izlenen s\u00fcre\u00e7 ve at\u0131lan ad\u0131mlar ile geri d\u00f6n\u00fc\u015f karar\u0131 ve giri\u015f yasa\u011f\u0131na uygulanan \u00f6zel ko\u015fullar ve d\u00fczenlemeler.<\/p>\t\t\t\t\t\t\t\t<\/div>\n\t\t\t\t<\/div>\n\t\t\t\t<div class=\"elementor-element elementor-element-09494fd elementor-hidden-desktop elementor-hidden-tablet elementor-hidden-mobile elementor-widget elementor-widget-heading\" data-id=\"09494fd\" data-element_type=\"widget\" data-e-type=\"widget\" id=\"seo-word\" data-widget_type=\"heading.default\">\n\t\t\t\t<div class=\"elementor-widget-container\">\n\t\t\t\t\t<h5 class=\"elementor-heading-title elementor-size-default\">avukat enschede yabancilar hukuku<\/h5>\t\t\t\t<\/div>\n\t\t\t\t<\/div>\n\t\t\t\t<div class=\"elementor-element elementor-element-7811f20 color-scheme-inherit text-left elementor-widget elementor-widget-text-editor\" data-id=\"7811f20\" data-element_type=\"widget\" data-e-type=\"widget\" data-widget_type=\"text-editor.default\">\n\t\t\t\t<div class=\"elementor-widget-container\">\n\t\t\t\t\t\t\t\t\t<p><strong>Hollanda'da 'geri d\u00f6n\u00fc\u015f karar\u0131', gerekli ikamet stat\u00fcs\u00fcne sahip olmadan \u00fclkede bulunan ki\u015filere uygulanan belirli bir yasal prosed\u00fcr\u00fc ifade eder. Bu karar\u0131n \u00f6nemli yasal sonu\u00e7lar\u0131 vard\u0131r ve bireylerin Hollanda'da kal\u0131\u015flar\u0131n\u0131 etkiler.<\/strong><\/p>\t\t\t\t\t\t\t\t<\/div>\n\t\t\t\t<\/div>\n\t\t\t\t<div class=\"elementor-element elementor-element-dd3db22 elementor-widget elementor-widget-spacer\" data-id=\"dd3db22\" data-element_type=\"widget\" data-e-type=\"widget\" data-widget_type=\"spacer.default\">\n\t\t\t\t<div class=\"elementor-widget-container\">\n\t\t\t\t\t\t\t<div class=\"elementor-spacer\">\n\t\t\t<div class=\"elementor-spacer-inner\"><\/div>\n\t\t<\/div>\n\t\t\t\t\t\t<\/div>\n\t\t\t\t<\/div>\n\t\t\t\t<div class=\"elementor-element elementor-element-692aab6 elementor-widget elementor-widget-heading\" data-id=\"692aab6\" data-element_type=\"widget\" data-e-type=\"widget\" data-widget_type=\"heading.default\">\n\t\t\t\t<div class=\"elementor-widget-container\">\n\t\t\t\t\t<h3 class=\"elementor-heading-title elementor-size-default\">\u0130ade karar\u0131 nedir?<\/h3>\t\t\t\t<\/div>\n\t\t\t\t<\/div>\n\t\t\t\t<div class=\"elementor-element elementor-element-fb6855a color-scheme-inherit text-left elementor-widget elementor-widget-text-editor\" data-id=\"fb6855a\" data-element_type=\"widget\" data-e-type=\"widget\" data-widget_type=\"text-editor.default\">\n\t\t\t\t<div class=\"elementor-widget-container\">\n\t\t\t\t\t\t\t\t\t<p>\u0130ade karar\u0131, Hollanda'da kal\u0131\u015f\u0131n\u0131z\u0131n yasad\u0131\u015f\u0131 oldu\u011fu ve t\u00fcm AB\/AEA \u00fclkeleri ve \u0130svi\u00e7re'nin yan\u0131 s\u0131ra \u00fclkeyi terk etmek zorunda oldu\u011funuz anlam\u0131na gelen yasal bir beyand\u0131r. Bu durum, ge\u00e7ici ikamet vizesi ba\u015fvurunuz reddedildi\u011finde ortaya \u00e7\u0131kar ve bazen bir giri\u015f yasa\u011f\u0131 bile uygulanabilir, yani belirli bir s\u00fcre i\u00e7in \u00fclkeye yeniden girmenize izin verilmez. Bu durum, \u00f6zellikle reddin kamu d\u00fczenini bozmakla ilgili olmas\u0131 halinde s\u00f6z konusudur.<\/p>\t\t\t\t\t\t\t\t<\/div>\n\t\t\t\t<\/div>\n\t\t\t\t<div class=\"elementor-element elementor-element-9130cb7 elementor-widget elementor-widget-spacer\" data-id=\"9130cb7\" data-element_type=\"widget\" data-e-type=\"widget\" data-widget_type=\"spacer.default\">\n\t\t\t\t<div class=\"elementor-widget-container\">\n\t\t\t\t\t\t\t<div class=\"elementor-spacer\">\n\t\t\t<div class=\"elementor-spacer-inner\"><\/div>\n\t\t<\/div>\n\t\t\t\t\t\t<\/div>\n\t\t\t\t<\/div>\n\t\t\t\t<div class=\"elementor-element elementor-element-c76a020 elementor-widget elementor-widget-heading\" data-id=\"c76a020\" data-element_type=\"widget\" data-e-type=\"widget\" data-widget_type=\"heading.default\">\n\t\t\t\t<div class=\"elementor-widget-container\">\n\t\t\t\t\t<h3 class=\"elementor-heading-title elementor-size-default\">\u0130ade karar\u0131 kimler i\u00e7in ge\u00e7erlidir?\n<\/h3>\t\t\t\t<\/div>\n\t\t\t\t<\/div>\n\t\t\t\t<div class=\"elementor-element elementor-element-85d8417 color-scheme-inherit text-left elementor-widget elementor-widget-text-editor\" data-id=\"85d8417\" data-element_type=\"widget\" data-e-type=\"widget\" data-widget_type=\"text-editor.default\">\n\t\t\t\t<div class=\"elementor-widget-container\">\n\t\t\t\t\t\t\t\t\t<p>\u0130ade karar\u0131, bir AB\/AEA \u00fclkesi veya \u0130svi\u00e7re vatanda\u015f\u0131 olmayan ve Hollanda'da bulunan bireyler i\u00e7in ge\u00e7erli yasal bir \u00f6nlemdir. B\u00f6yle bir iade karar\u0131n\u0131n verilebilece\u011fi \u00e7e\u015fitli durumlar vard\u0131r:<\/p><ul><li><strong>Oturma izni ba\u015fvurusunun reddedilmesi:<\/strong> \u0130ade karar\u0131 alabilece\u011finiz durumlardan biri, G\u00f6\u00e7menlik ve Vatanda\u015fl\u0131\u011fa Kabul Servisi'nin (IND) oturma izni ba\u015fvurunuzu reddetmesidir. \u0130ade karar\u0131 bu olumsuz karar\u0131n bir par\u00e7as\u0131n\u0131 olu\u015fturabilir. Bu durum, ba\u015fvurunuzun belirlenen gereklilikleri kar\u015f\u0131lamamas\u0131 veya ret i\u00e7in ba\u015fka yasal gerek\u00e7eler olmas\u0131 halinde ortaya \u00e7\u0131kabilir.<\/li><li><strong>\u0130kamet izninin iptali:<\/strong> Geri d\u00f6n\u00fc\u015f karar\u0131n\u0131n verilebilece\u011fi bir ba\u015fka durum da IND'nin oturma izninizi iptal etmeye karar vermesidir. Geri d\u00f6n\u00fc\u015f karar\u0131 bu karar\u0131n bir par\u00e7as\u0131n\u0131 olu\u015fturur. Bu, \u00f6rne\u011fin yasalar\u0131 \u00e7i\u011fneyerek veya kal\u0131\u015f\u0131n\u0131zla ilgili kurallara uymayarak oturma izninizin ko\u015fullar\u0131n\u0131 ihlal ettiyseniz ger\u00e7ekle\u015febilir.<\/li><li><strong>Yetkililer taraf\u0131ndan belirlenen yasa d\u0131\u015f\u0131 ikamet: <\/strong>Polis veya Kraliyet Askeri Polisi s\u0131n\u0131rda veya Hollanda'da sizinle kar\u015f\u0131la\u015f\u0131rsa ve \u00fclkede yasad\u0131\u015f\u0131 olarak bulundu\u011funuz sonucuna var\u0131rsa. Bu durum, ge\u00e7erli bir oturma izniniz yoksa veya oturma izni ba\u015fvurusunda bulunmad\u0131ysan\u0131z ortaya \u00e7\u0131kabilir. \u0130ade karar\u0131 bu durumda \u00fclkeyi terk etmenizi sa\u011flamak i\u00e7in yasal bir \u00f6nlem olarak kullan\u0131l\u0131r.<\/li><\/ul><p>\u0130ade karar\u0131n\u0131n ciddi bir hukuki mesele oldu\u011funun anla\u015f\u0131lmas\u0131 son derece \u00f6nemlidir. Bu kararda belirtilen s\u00fcre s\u0131n\u0131rlamalar\u0131na ve prosed\u00fcrlere uyulmas\u0131 \u00e7ok \u00f6nemlidir. \u0130ade karar\u0131na kat\u0131lm\u0131yorsan\u0131z, daha \u00f6nce de belirtildi\u011fi gibi itiraz etme veya temyize gitme hakk\u0131n\u0131z vard\u0131r. Yasal tavsiye alman\u0131z ve durumunuzu yasan\u0131n s\u0131n\u0131rlar\u0131 dahilinde anlamak ve y\u00f6netmek i\u00e7in uygun ad\u0131mlar\u0131 atman\u0131z tavsiye edilir. Bu, haklar\u0131n\u0131z\u0131 koruman\u0131za ve herhangi bir yasal komplikasyondan ka\u00e7\u0131nman\u0131za yard\u0131mc\u0131 olabilir.<\/p>\t\t\t\t\t\t\t\t<\/div>\n\t\t\t\t<\/div>\n\t\t\t\t<div class=\"elementor-element elementor-element-37fad05 elementor-widget elementor-widget-spacer\" data-id=\"37fad05\" data-element_type=\"widget\" data-e-type=\"widget\" data-widget_type=\"spacer.default\">\n\t\t\t\t<div class=\"elementor-widget-container\">\n\t\t\t\t\t\t\t<div class=\"elementor-spacer\">\n\t\t\t<div class=\"elementor-spacer-inner\"><\/div>\n\t\t<\/div>\n\t\t\t\t\t\t<\/div>\n\t\t\t\t<\/div>\n\t\t\t\t<div class=\"elementor-element elementor-element-a26fa5a elementor-widget elementor-widget-heading\" data-id=\"a26fa5a\" data-element_type=\"widget\" data-e-type=\"widget\" data-widget_type=\"heading.default\">\n\t\t\t\t<div class=\"elementor-widget-container\">\n\t\t\t\t\t<h3 class=\"elementor-heading-title elementor-size-default\">\u0130ade karar\u0131n\u0131n olumsuz etkileri<\/h3>\t\t\t\t<\/div>\n\t\t\t\t<\/div>\n\t\t\t\t<div class=\"elementor-element elementor-element-fa71844 color-scheme-inherit text-left elementor-widget elementor-widget-text-editor\" data-id=\"fa71844\" data-element_type=\"widget\" data-e-type=\"widget\" data-widget_type=\"text-editor.default\">\n\t\t\t\t<div class=\"elementor-widget-container\">\n\t\t\t\t\t\t\t\t\t<p>\u0130ade karar\u0131n\u0131n ilgili ki\u015fi \u00fczerinde \u00f6nemli etkileri olabilir. \u0130\u015fte bir iade karar\u0131n\u0131n baz\u0131 olas\u0131 etkileri:<\/p><ul><li><strong>Zorunlu ayr\u0131l\u0131\u015f:<\/strong> \u0130ade karar\u0131, ki\u015finin Hollanda'y\u0131 terk etmesi ve men\u015fe \u00fclkesine veya yasal olarak ikamet etmesine izin verilen ba\u015fka bir \u00fclkeye d\u00f6nmesi gerekti\u011fi anlam\u0131na gelir. Bu karara uyulmamas\u0131, giri\u015f yasa\u011f\u0131 gibi yasal sonu\u00e7lara yol a\u00e7abilir.<\/li><li><strong>\u0130hra\u00e7 prosed\u00fcr\u00fc:<\/strong> Ki\u015fi g\u00f6n\u00fcll\u00fc olarak \u00fclkeyi terk etmezse, zorla geri g\u00f6nderme i\u015fleminin ger\u00e7ekle\u015ftirilmesi i\u00e7in s\u0131n\u0131r d\u0131\u015f\u0131 etme i\u015flemleri ba\u015flat\u0131labilir. Bu, s\u0131n\u0131r d\u0131\u015f\u0131 i\u015flemi ger\u00e7ekle\u015fene kadar ki\u015finin bir g\u00f6zalt\u0131 merkezinde tutulmas\u0131n\u0131 i\u00e7erebilir.<\/li><li><a href=\"https:\/\/www.derbedrosian.nl\/tr\/yetki%cc%87-alanlari\/gocmenlik-hukuku\/giris-yasagi\/\"><strong>Giri\u015f yasa\u011f\u0131:<\/strong><\/a>\u00a0Ayr\u0131ca, ki\u015finin belirli bir s\u00fcre boyunca Hollanda'ya girmesine izin verilmemesi anlam\u0131na gelen bir giri\u015f yasa\u011f\u0131 da uygulanabilir. Bu giri\u015f yasa\u011f\u0131na uyulmamas\u0131, para cezas\u0131 veya hapis cezas\u0131 gibi cezai sonu\u00e7lara yol a\u00e7abilir.<\/li><\/ul>\t\t\t\t\t\t\t\t<\/div>\n\t\t\t\t<\/div>\n\t\t\t\t<div class=\"elementor-element elementor-element-a044565 elementor-widget elementor-widget-spacer\" data-id=\"a044565\" data-element_type=\"widget\" data-e-type=\"widget\" data-widget_type=\"spacer.default\">\n\t\t\t\t<div class=\"elementor-widget-container\">\n\t\t\t\t\t\t\t<div class=\"elementor-spacer\">\n\t\t\t<div class=\"elementor-spacer-inner\"><\/div>\n\t\t<\/div>\n\t\t\t\t\t\t<\/div>\n\t\t\t\t<\/div>\n\t\t\t\t<div class=\"elementor-element elementor-element-bdf7b45 elementor-widget elementor-widget-heading\" data-id=\"bdf7b45\" data-element_type=\"widget\" data-e-type=\"widget\" data-widget_type=\"heading.default\">\n\t\t\t\t<div class=\"elementor-widget-container\">\n\t\t\t\t\t<h3 class=\"elementor-heading-title elementor-size-default\">\u0130ade karar\u0131na itiraz<\/h3>\t\t\t\t<\/div>\n\t\t\t\t<\/div>\n\t\t\t\t<div class=\"elementor-element elementor-element-f9c76d3 color-scheme-inherit text-left elementor-widget elementor-widget-text-editor\" data-id=\"f9c76d3\" data-element_type=\"widget\" data-e-type=\"widget\" data-widget_type=\"text-editor.default\">\n\t\t\t\t<div class=\"elementor-widget-container\">\n\t\t\t\t\t\t\t\t\t<p>\u0130ade karar\u0131na kat\u0131lm\u0131yorsan\u0131z, karara itiraz etme veya temyize gitme se\u00e7ene\u011finiz vard\u0131r. Karar\u0131n resmi tebligat\u0131nda G\u00f6\u00e7menlik ve Vatanda\u015fl\u0131k Servisi'ne (IND) nas\u0131l itirazda bulunabilece\u011finiz veya mahkemeye nas\u0131l ba\u015fvurabilece\u011finiz ayr\u0131nt\u0131l\u0131 olarak a\u00e7\u0131klanmaktad\u0131r.<\/p><p>Ancak, iade karar\u0131 al\u0131nd\u0131ktan sonra \u00fclkeyi hemen terk etmek zorunda olmad\u0131\u011f\u0131n\u0131z durumlar da vard\u0131r:<\/p><ul><li><strong>Oturma izni ba\u015fvurusu:<\/strong>\u00a0\u0130ade karar\u0131 ald\u0131ktan sonra oturma izni ba\u015fvurusunda bulunmay\u0131 tercih ederseniz, ba\u015fvurunuzun de\u011ferlendirilmesini beklerken Hollanda'da kalman\u0131za izin verilir. Bu size davan\u0131z\u0131 sunma ve ikamet stat\u00fcn\u00fczle ilgili karar\u0131 bekleme f\u0131rsat\u0131 verir.<\/li><li><strong>\u0130tiraz veya temyiz:<\/strong>\u00a0Oturma izni ba\u015fvurunuz reddedilirse ve \u00f6ng\u00f6r\u00fclen s\u00fcre i\u00e7inde bu karara itiraz ederseniz veya itiraz ederseniz, hemen ayr\u0131lmak zorunda de\u011filsiniz. Temyiz veya itiraz prosed\u00fcr\u00fc s\u0131ras\u0131nda, nihai karar verilene kadar Hollanda'da kalabilirsiniz.<\/li><\/ul><p>Hollanda'da ge\u00e7erli bir ikamet stat\u00fcn\u00fcz yoksa ve durumunuzu yasalara uygun hale getirmek i\u00e7in ad\u0131m atmazsan\u0131z, 'g\u00f6zalt\u0131 merkezi' ad\u0131 verilen \u00f6zel bir tesiste g\u00f6zalt\u0131na al\u0131nma riskiniz oldu\u011funu bilmeniz \u00f6nemlidir. Bu g\u00f6zalt\u0131 merkezi bir hapishane h\u00fccresini and\u0131r\u0131r ve Hollanda'da ikamet etmek i\u00e7in gerekli ko\u015fullar\u0131 kar\u015f\u0131lamayan ki\u015fileri g\u00f6zalt\u0131na almak i\u00e7in kullan\u0131l\u0131r.<\/p>\t\t\t\t\t\t\t\t<\/div>\n\t\t\t\t<\/div>\n\t\t\t\t<div class=\"elementor-element elementor-element-0013d6a elementor-widget elementor-widget-spacer\" data-id=\"0013d6a\" data-element_type=\"widget\" data-e-type=\"widget\" data-widget_type=\"spacer.default\">\n\t\t\t\t<div class=\"elementor-widget-container\">\n\t\t\t\t\t\t\t<div class=\"elementor-spacer\">\n\t\t\t<div class=\"elementor-spacer-inner\"><\/div>\n\t\t<\/div>\n\t\t\t\t\t\t<\/div>\n\t\t\t\t<\/div>\n\t\t\t\t<div class=\"elementor-element elementor-element-750046e elementor-widget elementor-widget-heading\" data-id=\"750046e\" data-element_type=\"widget\" data-e-type=\"widget\" data-widget_type=\"heading.default\">\n\t\t\t\t<div class=\"elementor-widget-container\">\n\t\t\t\t\t<h3 class=\"elementor-heading-title elementor-size-default\">Avukat iade karar\u0131<\/h3>\t\t\t\t<\/div>\n\t\t\t\t<\/div>\n\t\t\t\t<div class=\"elementor-element elementor-element-d562b0b color-scheme-inherit text-left elementor-widget elementor-widget-text-editor\" data-id=\"d562b0b\" data-element_type=\"widget\" data-e-type=\"widget\" data-widget_type=\"text-editor.default\">\n\t\t\t\t<div class=\"elementor-widget-container\">\n\t\t\t\t\t\t\t\t\t<p>Bir iade karar\u0131yla kar\u015f\u0131 kar\u015f\u0131yaysan\u0131z, derhal bir avukatla ileti\u015fime ge\u00e7meniz \u00f6nemlidir. Haklar\u0131n\u0131z hakk\u0131nda sorular\u0131n\u0131z varsa, iade karar\u0131na itiraz etmek istiyorsan\u0131z veya durumunuzu iyile\u015ftirmek i\u00e7in ad\u0131mlar atman\u0131z gerekiyorsa, size yard\u0131mc\u0131 olmak i\u00e7in buraday\u0131z.<\/p><p>Der Bedrosian hukuk b\u00fcrosunun \u00f6zellikleri <a href=\"https:\/\/www.derbedrosian.nl\/tr\/avukatlar\/\">uzman avukatlar<\/a> i\u00e7inde <a href=\"https:\/\/www.derbedrosian.nl\/tr\/yetki%cc%87-alanlari\/gocmenlik-hukuku\/\">G\u00f6\u00e7menlik Hukuku<\/a> ve s\u00fcre\u00e7 boyunca size yard\u0131mc\u0131 olmaktan mutluluk duyar\u0131z. Durumunuzu g\u00f6r\u00fc\u015fmek i\u00e7in bizi aramaktan \u00e7ekinmeyin.<\/p>\t\t\t\t\t\t\t\t<\/div>\n\t\t\t\t<\/div>\n\t\t\t\t\t<\/div>\n\t\t\t\t<\/div>\n\t\t\t\t<\/div>","protected":false},"excerpt":{"rendered":"<p>avukat geri d\u00f6n\u00fc\u015f karar\u0131 geri d\u00f6n\u00fc\u015f karar\u0131 temyiz karar\u0131 geri d\u00f6n\u00fc\u015f karar\u0131n\u0131n kald\u0131r\u0131lmas\u0131 geri d\u00f6n\u00fc\u015f karar\u0131 yabanc\u0131lar hukuku yabanc\u0131lar hukuku avukat\u0131 enschede yabanc\u0131lar hukuku avukat\u0131 overijssel yabanc\u0131lar hukuku enschede geri d\u00f6n\u00fc\u015f karar\u0131 ve giri\u015f yasa\u011f\u0131<\/p>","protected":false},"author":1,"featured_media":0,"parent":10627,"menu_order":0,"comment_status":"closed","ping_status":"closed","template":"","meta":{"footnotes":""},"class_list":["post-10682","page","type-page","status-publish","hentry"],"_links":{"self":[{"href":"https:\/\/www.derbedrosian.nl\/tr\/wp-json\/wp\/v2\/pages\/10682","targetHints":{"allow":["GET"]}}],"collection":[{"href":"https:\/\/www.derbedrosian.nl\/tr\/wp-json\/wp\/v2\/pages"}],"about":[{"href":"https:\/\/www.derbedrosian.nl\/tr\/wp-json\/wp\/v2\/types\/page"}],"author":[{"embeddable":true,"href":"https:\/\/www.derbedrosian.nl\/tr\/wp-json\/wp\/v2\/users\/1"}],"replies":[{"embeddable":true,"href":"https:\/\/www.derbedrosian.nl\/tr\/wp-json\/wp\/v2\/comments?post=10682"}],"version-history":[{"count":0,"href":"https:\/\/www.derbedrosian.nl\/tr\/wp-json\/wp\/v2\/pages\/10682\/revisions"}],"up":[{"embeddable":true,"href":"https:\/\/www.derbedrosian.nl\/tr\/wp-json\/wp\/v2\/pages\/10627"}],"wp:attachment":[{"href":"https:\/\/www.derbedrosian.nl\/tr\/wp-json\/wp\/v2\/media?parent=10682"}],"curies":[{"name":"wp","href":"https:\/\/api.w.org\/{rel}","templated":true}]}}