{"id":10808,"date":"2023-05-29T09:51:20","date_gmt":"2023-05-29T07:51:20","guid":{"rendered":"https:\/\/derbedrosian.nl\/?page_id=10808"},"modified":"2025-12-21T16:39:02","modified_gmt":"2025-12-21T14:39:02","slug":"prestacao-social","status":"publish","type":"page","link":"https:\/\/www.derbedrosian.nl\/pt\/rechtsgebieden\/sociaal-zekerheidsrecht\/bijstandsuitkering\/","title":{"rendered":"Presta\u00e7\u00e3o de assist\u00eancia"},"content":{"rendered":"<div data-elementor-type=\"wp-page\" data-elementor-id=\"10808\" class=\"elementor elementor-10808\" data-elementor-post-type=\"page\">\n\t\t\t\t<div class=\"wd-negative-gap elementor-element elementor-element-57990e8 e-flex e-con-boxed e-con e-parent\" data-id=\"57990e8\" data-element_type=\"container\" data-e-type=\"container\">\n\t\t\t\t\t<div class=\"e-con-inner\">\n\t\t\t\t<div class=\"elementor-element elementor-element-a8dad2d elementor-hidden-desktop elementor-hidden-tablet elementor-hidden-mobile elementor-widget elementor-widget-wd_image_or_svg\" data-id=\"a8dad2d\" data-element_type=\"widget\" data-e-type=\"widget\" id=\"seo-word\" data-widget_type=\"wd_image_or_svg.default\">\n\t\t\t\t<div class=\"elementor-widget-container\">\n\t\t\t\t\t\n\t\t<div class=\"wd-image text-left\">\n\t\t\t\t\t\t\t\t<img loading=\"lazy\" decoding=\"async\" width=\"1000\" height=\"563\" src=\"https:\/\/www.derbedrosian.nl\/wp-content\/uploads\/rechtsgebied-bijstand-uitkering.jpg\" class=\"attachment-full size-full\" alt=\"Pedido de subs\u00eddio de seguran\u00e7a social \u00fanico 2023 advogado de seguran\u00e7a social\" srcset=\"https:\/\/www.derbedrosian.nl\/wp-content\/uploads\/rechtsgebied-bijstand-uitkering.jpg 1000w, https:\/\/www.derbedrosian.nl\/wp-content\/uploads\/rechtsgebied-bijstand-uitkering-400x225.jpg 400w, https:\/\/www.derbedrosian.nl\/wp-content\/uploads\/rechtsgebied-bijstand-uitkering-768x432.jpg 768w\" sizes=\"auto, (max-width: 1000px) 100vw, 1000px\" title=\"\">\t\t\t\t\t<\/div>\n\n\t\t\t\t\t\t<\/div>\n\t\t\t\t<\/div>\n\t\t\t\t<div class=\"elementor-element elementor-element-d7e646b elementor-hidden-desktop elementor-hidden-tablet elementor-hidden-mobile elementor-widget elementor-widget-heading\" data-id=\"d7e646b\" data-element_type=\"widget\" data-e-type=\"widget\" id=\"seo-word\" data-widget_type=\"heading.default\">\n\t\t\t\t<div class=\"elementor-widget-container\">\n\t\t\t\t\t<h2 class=\"elementor-heading-title elementor-size-default\">qual \u00e9 o montante da presta\u00e7\u00e3o I n\u00e3o \u00e9 suficiente<\/h2>\t\t\t\t<\/div>\n\t\t\t\t<\/div>\n\t\t\t\t<div class=\"elementor-element elementor-element-91780e5 elementor-hidden-desktop elementor-hidden-tablet elementor-hidden-mobile elementor-widget elementor-widget-heading\" data-id=\"91780e5\" data-element_type=\"widget\" data-e-type=\"widget\" id=\"seo-word\" data-widget_type=\"heading.default\">\n\t\t\t\t<div class=\"elementor-widget-container\">\n\t\t\t\t\t<h5 class=\"elementor-heading-title elementor-size-default\">elegibilidade para presta\u00e7\u00f5es sociais<\/h5>\t\t\t\t<\/div>\n\t\t\t\t<\/div>\n\t\t\t\t<div class=\"elementor-element elementor-element-17dbc8d elementor-hidden-desktop elementor-hidden-tablet elementor-hidden-mobile elementor-widget elementor-widget-heading\" data-id=\"17dbc8d\" data-element_type=\"widget\" data-e-type=\"widget\" id=\"seo-word\" data-widget_type=\"heading.default\">\n\t\t\t\t<div class=\"elementor-widget-container\">\n\t\t\t\t\t<h5 class=\"elementor-heading-title elementor-size-default\">tem direito a assist\u00eancia<\/h5>\t\t\t\t<\/div>\n\t\t\t\t<\/div>\n\t\t\t\t<div class=\"elementor-element elementor-element-900ae5a elementor-hidden-desktop elementor-hidden-tablet elementor-hidden-mobile elementor-widget elementor-widget-heading\" data-id=\"900ae5a\" data-element_type=\"widget\" data-e-type=\"widget\" id=\"seo-word\" data-widget_type=\"heading.default\">\n\t\t\t\t<div class=\"elementor-widget-container\">\n\t\t\t\t\t<h5 class=\"elementor-heading-title elementor-size-default\">solicitar assist\u00eancia<\/h5>\t\t\t\t<\/div>\n\t\t\t\t<\/div>\n\t\t\t\t<div class=\"elementor-element elementor-element-6f7550b elementor-hidden-desktop elementor-hidden-tablet elementor-hidden-mobile elementor-widget elementor-widget-heading\" data-id=\"6f7550b\" data-element_type=\"widget\" data-e-type=\"widget\" id=\"seo-word\" data-widget_type=\"heading.default\">\n\t\t\t\t<div class=\"elementor-widget-container\">\n\t\t\t\t\t<h5 class=\"elementor-heading-title elementor-size-default\">direito da seguran\u00e7a social<\/h5>\t\t\t\t<\/div>\n\t\t\t\t<\/div>\n\t\t\t\t<div class=\"elementor-element elementor-element-cd075ba elementor-hidden-desktop elementor-hidden-tablet elementor-hidden-mobile elementor-widget elementor-widget-heading\" data-id=\"cd075ba\" data-element_type=\"widget\" data-e-type=\"widget\" id=\"seo-word\" data-widget_type=\"heading.default\">\n\t\t\t\t<div class=\"elementor-widget-container\">\n\t\t\t\t\t<h5 class=\"elementor-heading-title elementor-size-default\">a presta\u00e7\u00e3o em que me estou a tornar o que devo fazer<\/h5>\t\t\t\t<\/div>\n\t\t\t\t<\/div>\n\t\t\t\t<div class=\"elementor-element elementor-element-492bea3 elementor-hidden-desktop elementor-hidden-tablet elementor-hidden-mobile elementor-widget elementor-widget-heading\" data-id=\"492bea3\" data-element_type=\"widget\" data-e-type=\"widget\" id=\"seo-word\" data-widget_type=\"heading.default\">\n\t\t\t\t<div class=\"elementor-widget-container\">\n\t\t\t\t\t<h5 class=\"elementor-heading-title elementor-size-default\">Advogado de direito da seguran\u00e7a social overijssel<\/h5>\t\t\t\t<\/div>\n\t\t\t\t<\/div>\n\t\t\t\t<div class=\"elementor-element elementor-element-9548e4a elementor-hidden-desktop elementor-hidden-tablet elementor-hidden-mobile elementor-widget elementor-widget-heading\" data-id=\"9548e4a\" data-element_type=\"widget\" data-e-type=\"widget\" id=\"seo-word\" data-widget_type=\"heading.default\">\n\t\t\t\t<div class=\"elementor-widget-container\">\n\t\t\t\t\t<h5 class=\"elementor-heading-title elementor-size-default\">advogado direito da seguran\u00e7a social\nenschede<\/h5>\t\t\t\t<\/div>\n\t\t\t\t<\/div>\n\t\t\t\t<div class=\"elementor-element elementor-element-85e6caa elementor-hidden-desktop elementor-hidden-tablet elementor-hidden-mobile elementor-widget elementor-widget-heading\" data-id=\"85e6caa\" data-element_type=\"widget\" data-e-type=\"widget\" id=\"seo-word\" data-widget_type=\"heading.default\">\n\t\t\t\t<div class=\"elementor-widget-container\">\n\t\t\t\t\t<h5 class=\"elementor-heading-title elementor-size-default\">Advogado de direito da seguran\u00e7a social enschede<\/h5>\t\t\t\t<\/div>\n\t\t\t\t<\/div>\n\t\t\t\t<div class=\"elementor-element elementor-element-c39d5a1 elementor-hidden-desktop elementor-hidden-tablet elementor-hidden-mobile elementor-widget elementor-widget-heading\" data-id=\"c39d5a1\" data-element_type=\"widget\" data-e-type=\"widget\" id=\"seo-word\" data-widget_type=\"heading.default\">\n\t\t\t\t<div class=\"elementor-widget-container\">\n\t\t\t\t\t<h5 class=\"elementor-heading-title elementor-size-default\">a presta\u00e7\u00e3o em que me estou a tornar o que devo fazer<\/h5>\t\t\t\t<\/div>\n\t\t\t\t<\/div>\n\t\t\t\t<div class=\"elementor-element elementor-element-cdaf5d7 elementor-hidden-desktop elementor-hidden-tablet elementor-hidden-mobile elementor-widget elementor-widget-heading\" data-id=\"cdaf5d7\" data-element_type=\"widget\" data-e-type=\"widget\" id=\"seo-word\" data-widget_type=\"heading.default\">\n\t\t\t\t<div class=\"elementor-widget-container\">\n\t\t\t\t\t<h5 class=\"elementor-heading-title elementor-size-default\">A Derbedrosian Advogados de Seguran\u00e7a Social, com sede em Enschede e a operar na regi\u00e3o de Overijssel, oferece aconselhamento jur\u00eddico especializado e representa\u00e7\u00e3o no dom\u00ednio do direito da seguran\u00e7a social. Os nossos advogados dedicados compreendem os regulamentos e procedimentos complexos desta \u00e1rea do direito e est\u00e3o aqui para o ajudar nas suas quest\u00f5es legais.\n\nSe pretende candidatar-se a presta\u00e7\u00f5es sociais e necessita de ajuda no processo de candidatura, os nossos advogados podem orient\u00e1-lo e aconselh\u00e1-lo para garantir que cumpre todos os requisitos e que os seus direitos s\u00e3o protegidos.\n\nQuer se trate de requerer benef\u00edcios sociais ou outras quest\u00f5es relacionadas com a lei da seguran\u00e7a social, est\u00e1 em m\u00e3os experientes na Derbedrosian Advogados de Seguran\u00e7a Social. N\u00e3o hesite em contactar-nos para obter assist\u00eancia jur\u00eddica e aconselhamento personalizados. Estamos prontos para cuidar dos seus interesses.<\/h5>\t\t\t\t<\/div>\n\t\t\t\t<\/div>\n\t\t\t\t<div class=\"elementor-element elementor-element-8af98b5 elementor-widget elementor-widget-heading\" data-id=\"8af98b5\" data-element_type=\"widget\" data-e-type=\"widget\" data-widget_type=\"heading.default\">\n\t\t\t\t<div class=\"elementor-widget-container\">\n\t\t\t\t\t<h3 class=\"elementor-heading-title elementor-size-default\">O que \u00e9 uma presta\u00e7\u00e3o de assist\u00eancia?<\/h3>\t\t\t\t<\/div>\n\t\t\t\t<\/div>\n\t\t\t\t<div class=\"elementor-element elementor-element-1f4c741 color-scheme-inherit text-left elementor-widget elementor-widget-text-editor\" data-id=\"1f4c741\" data-element_type=\"widget\" data-e-type=\"widget\" data-widget_type=\"text-editor.default\">\n\t\t\t\t<div class=\"elementor-widget-container\">\n\t\t\t\t\t\t\t\t\t<p>O subs\u00eddio de assist\u00eancia \u00e9 um apoio financeiro concedido nos Pa\u00edses Baixos \u00e0s pessoas que n\u00e3o disp\u00f5em de rendimentos suficientes para fazer face \u00e0s suas despesas b\u00e1sicas de subsist\u00eancia. Constitui uma rede de seguran\u00e7a no \u00e2mbito do sistema de seguran\u00e7a social e pode ser requerida por pessoas e fam\u00edlias com dificuldades financeiras tempor\u00e1rias ou prolongadas.<\/p>\t\t\t\t\t\t\t\t<\/div>\n\t\t\t\t<\/div>\n\t\t\t\t<div class=\"elementor-element elementor-element-10cac1f elementor-widget elementor-widget-spacer\" data-id=\"10cac1f\" data-element_type=\"widget\" data-e-type=\"widget\" data-widget_type=\"spacer.default\">\n\t\t\t\t<div class=\"elementor-widget-container\">\n\t\t\t\t\t\t\t<div class=\"elementor-spacer\">\n\t\t\t<div class=\"elementor-spacer-inner\"><\/div>\n\t\t<\/div>\n\t\t\t\t\t\t<\/div>\n\t\t\t\t<\/div>\n\t\t\t\t<div class=\"elementor-element elementor-element-22fb611 elementor-widget elementor-widget-heading\" data-id=\"22fb611\" data-element_type=\"widget\" data-e-type=\"widget\" data-widget_type=\"heading.default\">\n\t\t\t\t<div class=\"elementor-widget-container\">\n\t\t\t\t\t<h3 class=\"elementor-heading-title elementor-size-default\">Tenho direito a presta\u00e7\u00f5es sociais?<\/h3>\t\t\t\t<\/div>\n\t\t\t\t<\/div>\n\t\t\t\t<div class=\"elementor-element elementor-element-eeaf8f3 color-scheme-inherit text-left elementor-widget elementor-widget-text-editor\" data-id=\"eeaf8f3\" data-element_type=\"widget\" data-e-type=\"widget\" data-widget_type=\"text-editor.default\">\n\t\t\t\t<div class=\"elementor-widget-container\">\n\t\t\t\t\t\t\t\t\t<p>Uma presta\u00e7\u00e3o de assist\u00eancia \u00e9 um apoio financeiro concedido aos residentes nos Pa\u00edses Baixos que se encontram em dificuldades financeiras. Para ter direito a uma presta\u00e7\u00e3o de assist\u00eancia, \u00e9 necess\u00e1rio preencher as seguintes condi\u00e7\u00f5es<\/p><ul><li><strong>Nacionalidade ou autoriza\u00e7\u00e3o de resid\u00eancia v\u00e1lidas:\u00a0<\/strong> Em primeiro lugar, deve ter a nacionalidade neerlandesa ou ser titular de uma autoriza\u00e7\u00e3o de resid\u00eancia v\u00e1lida que lhe permita permanecer nos Pa\u00edses Baixos. Trata-se de uma condi\u00e7\u00e3o essencial para poder beneficiar de assist\u00eancia.<\/li><li><strong>Idade:<\/strong> para ter direito \u00e0s presta\u00e7\u00f5es de assist\u00eancia, \u00e9 necess\u00e1rio ter 18 anos ou mais. Por conseguinte, os menores de idade n\u00e3o t\u00eam normalmente direito \u00e0 assist\u00eancia.<\/li><li><strong>Rendimentos ou activos insuficientes:<\/strong> Outro requisito \u00e9 que n\u00e3o tenha rendimentos ou bens suficientes para se sustentar. Isto significa que se os seus recursos financeiros forem insuficientes para cobrir as despesas b\u00e1sicas de subsist\u00eancia, tais como alojamento e alimenta\u00e7\u00e3o, pode ter direito a assist\u00eancia.<\/li><li><strong>N\u00e3o tem direito a outras presta\u00e7\u00f5es:<\/strong> \u00e9 igualmente importante que n\u00e3o tenha direito a outra presta\u00e7\u00e3o que preveja necessidades financeiras semelhantes. Isto pode incluir presta\u00e7\u00f5es como a Lei do Seguro de Desemprego (WW) ou a Lei do Trabalho e Rendimento de acordo com a Capacidade de Trabalho (WIA). Se tiver direito a outra presta\u00e7\u00e3o, normalmente n\u00e3o tem direito \u00e0s presta\u00e7\u00f5es de a\u00e7\u00e3o social.<\/li><\/ul><p>\u00c9 igualmente obrigat\u00f3rio que possa demonstrar que est\u00e1 a fazer esfor\u00e7os para manter ou regressar ao trabalho. Isto inclui a procura ativa de emprego ou a participa\u00e7\u00e3o em programas de reintegra\u00e7\u00e3o, se aplic\u00e1vel \u00e0 sua situa\u00e7\u00e3o.<\/p>\t\t\t\t\t\t\t\t<\/div>\n\t\t\t\t<\/div>\n\t\t\t\t<div class=\"elementor-element elementor-element-ec2b466 elementor-widget elementor-widget-spacer\" data-id=\"ec2b466\" data-element_type=\"widget\" data-e-type=\"widget\" data-widget_type=\"spacer.default\">\n\t\t\t\t<div class=\"elementor-widget-container\">\n\t\t\t\t\t\t\t<div class=\"elementor-spacer\">\n\t\t\t<div class=\"elementor-spacer-inner\"><\/div>\n\t\t<\/div>\n\t\t\t\t\t\t<\/div>\n\t\t\t\t<\/div>\n\t\t\t\t<div class=\"elementor-element elementor-element-12d129c elementor-widget elementor-widget-heading\" data-id=\"12d129c\" data-element_type=\"widget\" data-e-type=\"widget\" data-widget_type=\"heading.default\">\n\t\t\t\t<div class=\"elementor-widget-container\">\n\t\t\t\t\t<h3 class=\"elementor-heading-title elementor-size-default\">Qual \u00e9 o capital m\u00e1ximo para ter direito \u00e0s presta\u00e7\u00f5es sociais?<\/h3>\t\t\t\t<\/div>\n\t\t\t\t<\/div>\n\t\t\t\t<div class=\"elementor-element elementor-element-027f6f8 color-scheme-inherit text-left elementor-widget elementor-widget-text-editor\" data-id=\"027f6f8\" data-element_type=\"widget\" data-e-type=\"widget\" data-widget_type=\"text-editor.default\">\n\t\t\t\t<div class=\"elementor-widget-container\">\n\t\t\t\t\t\t\t\t\t<p>Quando se tem direito a presta\u00e7\u00f5es de a\u00e7\u00e3o social, existem limites para os recursos financeiros e para os bens que se pode possuir. Estes limites<span style=\"color: var(--wd-text-color); font-size: 17.6px; letter-spacing: var( --e-global-typography-text-letter-spacing ); text-transform: var( --e-global-typography-text-text-transform ); word-spacing: var( --e-global-typography-text-word-spacing );\">\u00a0Os limites de poupan\u00e7a e de patrim\u00f3nio que uma pessoa pode possuir destinam-se a garantir que as presta\u00e7\u00f5es de assist\u00eancia social cheguem \u00e0s pessoas que delas realmente necessitam. Os montantes exactos dos limites de activos s\u00e3o indicados a seguir.<\/span><\/p><ul><li><strong>Casados, em coabita\u00e7\u00e3o e pais solteiros:<\/strong> Para este grupo, o limite estabelecido para o patrim\u00f3nio \u00e9 de 15 210 euros. Isto significa que, se for casado, viver em uni\u00e3o de facto ou for pai solteiro, o montante total das poupan\u00e7as e do patrim\u00f3nio n\u00e3o deve exceder este valor para poder beneficiar de assist\u00eancia.<\/li><li><strong>Solteiros:<\/strong> se for solteiro, o limite do patrim\u00f3nio \u00e9 mais baixo, sendo de 7 605 euros. Isto significa que os solteiros devem manter as suas poupan\u00e7as, activos e bens, como um autom\u00f3vel ou uma heran\u00e7a, abaixo deste montante para poderem beneficiar de assist\u00eancia.<\/li><\/ul>\t\t\t\t\t\t\t\t<\/div>\n\t\t\t\t<\/div>\n\t\t\t\t<div class=\"elementor-element elementor-element-c7e717c elementor-widget elementor-widget-spacer\" data-id=\"c7e717c\" data-element_type=\"widget\" data-e-type=\"widget\" data-widget_type=\"spacer.default\">\n\t\t\t\t<div class=\"elementor-widget-container\">\n\t\t\t\t\t\t\t<div class=\"elementor-spacer\">\n\t\t\t<div class=\"elementor-spacer-inner\"><\/div>\n\t\t<\/div>\n\t\t\t\t\t\t<\/div>\n\t\t\t\t<\/div>\n\t\t\t\t<div class=\"elementor-element elementor-element-15265a2 elementor-widget elementor-widget-heading\" data-id=\"15265a2\" data-element_type=\"widget\" data-e-type=\"widget\" data-widget_type=\"heading.default\">\n\t\t\t\t<div class=\"elementor-widget-container\">\n\t\t\t\t\t<h3 class=\"elementor-heading-title elementor-size-default\">Quando \u00e9 que n\u00e3o tenho direito a assist\u00eancia?<\/h3>\t\t\t\t<\/div>\n\t\t\t\t<\/div>\n\t\t\t\t<div class=\"elementor-element elementor-element-4965faa color-scheme-inherit text-left elementor-widget elementor-widget-text-editor\" data-id=\"4965faa\" data-element_type=\"widget\" data-e-type=\"widget\" data-widget_type=\"text-editor.default\">\n\t\t\t\t<div class=\"elementor-widget-container\">\n\t\t\t\t\t\t\t\t\t<p>\u00c9 importante conhecer claramente as circunst\u00e2ncias em que n\u00e3o pode beneficiar das presta\u00e7\u00f5es sociais. Eis algumas dessas situa\u00e7\u00f5es:<\/p><ul><li><strong>Deten\u00e7\u00e3o:<\/strong> se estiver preso na sequ\u00eancia de uma condena\u00e7\u00e3o penal, geralmente n\u00e3o tem direito a assist\u00eancia.<\/li><li><strong>Potencial de deten\u00e7\u00e3o:<\/strong>\u00a0no momento em que est\u00e1 prestes a ser preso por um processo penal, o seu direito \u00e0 assist\u00eancia \u00e9 geralmente suspenso temporariamente.<\/li><li><strong>Servi\u00e7o militar:<\/strong> se estiver a cumprir o servi\u00e7o militar e a receber rendimentos como soldado, normalmente n\u00e3o tem direito a assist\u00eancia.<\/li><li><strong>N\u00e3o h\u00e1 rendimentos devido \u00e0 greve:<\/strong>\u00a0se n\u00e3o tiver rendimentos devido \u00e0 participa\u00e7\u00e3o numa greve, esta n\u00e3o \u00e9 considerada uma situa\u00e7\u00e3o em que tenha direito a assist\u00eancia.<\/li><li><strong>Resid\u00eancia de longa dura\u00e7\u00e3o fora dos Pa\u00edses Baixos:<\/strong> A perman\u00eancia fora dos Pa\u00edses Baixos por um per\u00edodo superior a quatro semanas pode afetar o direito \u00e0 assist\u00eancia. \u00c9 aconselh\u00e1vel consultar as regras e requisitos espec\u00edficos relativos \u00e0 perman\u00eancia no estrangeiro.<\/li><li><strong>Financiamento dos estudos:<\/strong> se tiver direito ou j\u00e1 estiver a receber bolsas de estudo, este facto pode afetar o seu direito \u00e0 assist\u00eancia.<\/li><li><strong>Idade e resid\u00eancia numa institui\u00e7\u00e3o:<\/strong> se tiver entre 18, 19 ou 20 anos e estiver numa institui\u00e7\u00e3o, isso pode afetar o seu direito \u00e0 assist\u00eancia.<\/li><li><strong>Licen\u00e7a sem vencimento:<\/strong>\u00a0se tiver gozado uma licen\u00e7a sem vencimento, pode n\u00e3o ter direito a assist\u00eancia durante esse per\u00edodo.<\/li><li><strong>Problemas de comportamento em menores de 27 anos:<\/strong>\u00a0se tiver menos de 27 anos e o seu comportamento e atitude o impedirem de cumprir as suas obriga\u00e7\u00f5es, tal poder\u00e1 limitar o seu direito \u00e0 assist\u00eancia.<\/li><\/ul>\t\t\t\t\t\t\t\t<\/div>\n\t\t\t\t<\/div>\n\t\t\t\t<div class=\"elementor-element elementor-element-42f0ce1 elementor-widget elementor-widget-spacer\" data-id=\"42f0ce1\" data-element_type=\"widget\" data-e-type=\"widget\" data-widget_type=\"spacer.default\">\n\t\t\t\t<div class=\"elementor-widget-container\">\n\t\t\t\t\t\t\t<div class=\"elementor-spacer\">\n\t\t\t<div class=\"elementor-spacer-inner\"><\/div>\n\t\t<\/div>\n\t\t\t\t\t\t<\/div>\n\t\t\t\t<\/div>\n\t\t\t\t<div class=\"elementor-element elementor-element-525e02e elementor-widget elementor-widget-heading\" data-id=\"525e02e\" data-element_type=\"widget\" data-e-type=\"widget\" data-widget_type=\"heading.default\">\n\t\t\t\t<div class=\"elementor-widget-container\">\n\t\t\t\t\t<h3 class=\"elementor-heading-title elementor-size-default\">Advogado para presta\u00e7\u00f5es sociais<\/h3>\t\t\t\t<\/div>\n\t\t\t\t<\/div>\n\t\t\t\t<div class=\"elementor-element elementor-element-549b5a0 color-scheme-inherit text-left elementor-widget elementor-widget-text-editor\" data-id=\"549b5a0\" data-element_type=\"widget\" data-e-type=\"widget\" data-widget_type=\"text-editor.default\">\n\t\t\t\t<div class=\"elementor-widget-container\">\n\t\t\t\t\t\t\t\t\t<p>O direito da seguran\u00e7a social \u00e9 um dom\u00ednio complexo, com muitas leis e outras regras a que \u00e9 necess\u00e1rio prestar aten\u00e7\u00e3o.<\/p><p>Para evitar problemas com as suas presta\u00e7\u00f5es sociais, \u00e9 aconselh\u00e1vel consultar um advogado. O escrit\u00f3rio de advogados Der Bedrosian tem <a href=\"https:\/\/www.derbedrosian.nl\/pt\/advogados\/\">advogados especializados<\/a> com experi\u00eancia no sector <a href=\"https:\/\/www.derbedrosian.nl\/pt\/jurisdicoes\/direito-da-seguranca-social\/\">direito da seguran\u00e7a social<\/a>\u00a0e est\u00e3o prontos a prestar apoio profissional.<\/p><p>Quando nos contactar, um advogado ir\u00e1 orient\u00e1-lo pessoalmente sobre a sua situa\u00e7\u00e3o.<\/p>\t\t\t\t\t\t\t\t<\/div>\n\t\t\t\t<\/div>\n\t\t\t\t\t<\/div>\n\t\t\t\t<\/div>\n\t\t\t\t<\/div>","protected":false},"excerpt":{"rendered":"<p>hoe hoog is de uitkering ik niet genoeg aanmerking voor een bijstandsuitkering recht heeft op bijstand bijstandsuitkering aanvragen sociaal zekerheidsrecht<\/p>","protected":false},"author":1,"featured_media":0,"parent":10804,"menu_order":0,"comment_status":"closed","ping_status":"closed","template":"","meta":{"footnotes":""},"class_list":["post-10808","page","type-page","status-publish","hentry"],"_links":{"self":[{"href":"https:\/\/www.derbedrosian.nl\/pt\/wp-json\/wp\/v2\/pages\/10808","targetHints":{"allow":["GET"]}}],"collection":[{"href":"https:\/\/www.derbedrosian.nl\/pt\/wp-json\/wp\/v2\/pages"}],"about":[{"href":"https:\/\/www.derbedrosian.nl\/pt\/wp-json\/wp\/v2\/types\/page"}],"author":[{"embeddable":true,"href":"https:\/\/www.derbedrosian.nl\/pt\/wp-json\/wp\/v2\/users\/1"}],"replies":[{"embeddable":true,"href":"https:\/\/www.derbedrosian.nl\/pt\/wp-json\/wp\/v2\/comments?post=10808"}],"version-history":[{"count":0,"href":"https:\/\/www.derbedrosian.nl\/pt\/wp-json\/wp\/v2\/pages\/10808\/revisions"}],"up":[{"embeddable":true,"href":"https:\/\/www.derbedrosian.nl\/pt\/wp-json\/wp\/v2\/pages\/10804"}],"wp:attachment":[{"href":"https:\/\/www.derbedrosian.nl\/pt\/wp-json\/wp\/v2\/media?parent=10808"}],"curies":[{"name":"wp","href":"https:\/\/api.w.org\/{rel}","templated":true}]}}