{"id":10622,"date":"2023-05-26T13:01:23","date_gmt":"2023-05-26T11:01:23","guid":{"rendered":"https:\/\/derbedrosian.nl\/?page_id=10622"},"modified":"2025-12-21T15:38:11","modified_gmt":"2025-12-21T13:38:11","slug":"lei-sobre-a-ordem-de-restricao-temporaria","status":"publish","type":"page","link":"https:\/\/www.derbedrosian.nl\/pt\/rechtsgebieden\/strafrecht\/wet-tijdelijk-huisverbod\/","title":{"rendered":"Lei da ordem de restri\u00e7\u00e3o tempor\u00e1ria"},"content":{"rendered":"<div data-elementor-type=\"wp-page\" data-elementor-id=\"10622\" class=\"elementor elementor-10622\" data-elementor-post-type=\"page\">\n\t\t\t\t<div class=\"wd-negative-gap elementor-element elementor-element-51f7353 e-flex e-con-boxed e-con e-parent\" data-id=\"51f7353\" data-element_type=\"container\" data-e-type=\"container\">\n\t\t\t\t\t<div class=\"e-con-inner\">\n\t\t\t\t<div class=\"elementor-element elementor-element-8c1c5d5 elementor-hidden-desktop elementor-hidden-tablet elementor-hidden-mobile elementor-widget elementor-widget-wd_image_or_svg\" data-id=\"8c1c5d5\" data-element_type=\"widget\" data-e-type=\"widget\" id=\"seo-word\" data-widget_type=\"wd_image_or_svg.default\">\n\t\t\t\t<div class=\"elementor-widget-container\">\n\t\t\t\t\t\n\t\t<div class=\"wd-image text-left\">\n\t\t\t\t\t\t\t\t<img loading=\"lazy\" decoding=\"async\" width=\"1000\" height=\"667\" src=\"https:\/\/www.derbedrosian.nl\/wp-content\/uploads\/rechtsgebied-tijdelijke-huisverbod.jpg\" class=\"attachment-full size-full\" alt=\"Ordem de restri\u00e7\u00e3o tempor\u00e1ria advogado artigo 2.\u00ba infra\u00e7\u00e3o pol\u00edcia\" srcset=\"https:\/\/www.derbedrosian.nl\/wp-content\/uploads\/rechtsgebied-tijdelijke-huisverbod.jpg 1000w, https:\/\/www.derbedrosian.nl\/wp-content\/uploads\/rechtsgebied-tijdelijke-huisverbod-400x267.jpg 400w, https:\/\/www.derbedrosian.nl\/wp-content\/uploads\/rechtsgebied-tijdelijke-huisverbod-768x512.jpg 768w\" sizes=\"auto, (max-width: 1000px) 100vw, 1000px\" title=\"\">\t\t\t\t\t<\/div>\n\n\t\t\t\t\t\t<\/div>\n\t\t\t\t<\/div>\n\t\t\t\t<div class=\"elementor-element elementor-element-c6038dc elementor-hidden-desktop elementor-hidden-tablet elementor-hidden-mobile elementor-widget elementor-widget-heading\" data-id=\"c6038dc\" data-element_type=\"widget\" data-e-type=\"widget\" id=\"seo-word\" data-widget_type=\"heading.default\">\n\t\t\t\t<div class=\"elementor-widget-container\">\n\t\t\t\t\t<h2 class=\"elementor-heading-title elementor-size-default\">Proibi\u00e7\u00e3o da casa <\/h2>\t\t\t\t<\/div>\n\t\t\t\t<\/div>\n\t\t\t\t<div class=\"elementor-element elementor-element-01f2873 elementor-hidden-desktop elementor-hidden-tablet elementor-hidden-mobile elementor-widget elementor-widget-heading\" data-id=\"01f2873\" data-element_type=\"widget\" data-e-type=\"widget\" id=\"seo-word\" data-widget_type=\"heading.default\">\n\t\t\t\t<div class=\"elementor-widget-container\">\n\t\t\t\t\t<h5 class=\"elementor-heading-title elementor-size-default\">Obje\u00e7\u00e3o \u00e0 ordem de restri\u00e7\u00e3o tempor\u00e1ria<\/h5>\t\t\t\t<\/div>\n\t\t\t\t<\/div>\n\t\t\t\t<div class=\"elementor-element elementor-element-51dfe72 elementor-hidden-desktop elementor-hidden-tablet elementor-hidden-mobile elementor-widget elementor-widget-heading\" data-id=\"51dfe72\" data-element_type=\"widget\" data-e-type=\"widget\" id=\"seo-word\" data-widget_type=\"heading.default\">\n\t\t\t\t<div class=\"elementor-widget-container\">\n\t\t\t\t\t<h5 class=\"elementor-heading-title elementor-size-default\">viola\u00e7\u00e3o de ordem de restri\u00e7\u00e3o<\/h5>\t\t\t\t<\/div>\n\t\t\t\t<\/div>\n\t\t\t\t<div class=\"elementor-element elementor-element-ce28456 elementor-hidden-desktop elementor-hidden-tablet elementor-hidden-mobile elementor-widget elementor-widget-heading\" data-id=\"ce28456\" data-element_type=\"widget\" data-e-type=\"widget\" id=\"seo-word\" data-widget_type=\"heading.default\">\n\t\t\t\t<div class=\"elementor-widget-container\">\n\t\t\t\t\t<h5 class=\"elementor-heading-title elementor-size-default\">advogado ordem de restri\u00e7\u00e3o tempor\u00e1ria<\/h5>\t\t\t\t<\/div>\n\t\t\t\t<\/div>\n\t\t\t\t<div class=\"elementor-element elementor-element-2300e1e elementor-hidden-desktop elementor-hidden-tablet elementor-hidden-mobile elementor-widget elementor-widget-heading\" data-id=\"2300e1e\" data-element_type=\"widget\" data-e-type=\"widget\" id=\"seo-word\" data-widget_type=\"heading.default\">\n\t\t\t\t<div class=\"elementor-widget-container\">\n\t\t\t\t\t<h5 class=\"elementor-heading-title elementor-size-default\">advogado criminalista enschede<\/h5>\t\t\t\t<\/div>\n\t\t\t\t<\/div>\n\t\t\t\t<div class=\"elementor-element elementor-element-8371a99 elementor-hidden-desktop elementor-hidden-tablet elementor-hidden-mobile elementor-widget elementor-widget-heading\" data-id=\"8371a99\" data-element_type=\"widget\" data-e-type=\"widget\" id=\"seo-word\" data-widget_type=\"heading.default\">\n\t\t\t\t<div class=\"elementor-widget-container\">\n\t\t\t\t\t<h5 class=\"elementor-heading-title elementor-size-default\">direito penal enschede<\/h5>\t\t\t\t<\/div>\n\t\t\t\t<\/div>\n\t\t\t\t<div class=\"elementor-element elementor-element-c22934c elementor-hidden-desktop elementor-hidden-tablet elementor-hidden-mobile elementor-widget elementor-widget-heading\" data-id=\"c22934c\" data-element_type=\"widget\" data-e-type=\"widget\" id=\"seo-word\" data-widget_type=\"heading.default\">\n\t\t\t\t<div class=\"elementor-widget-container\">\n\t\t\t\t\t<h5 class=\"elementor-heading-title elementor-size-default\">advogado direito penal enschede<\/h5>\t\t\t\t<\/div>\n\t\t\t\t<\/div>\n\t\t\t\t<div class=\"elementor-element elementor-element-32f0969 elementor-hidden-desktop elementor-hidden-tablet elementor-hidden-mobile elementor-widget elementor-widget-heading\" data-id=\"32f0969\" data-element_type=\"widget\" data-e-type=\"widget\" id=\"seo-word\" data-widget_type=\"heading.default\">\n\t\t\t\t<div class=\"elementor-widget-container\">\n\t\t\t\t\t<h5 class=\"elementor-heading-title elementor-size-default\">advogado direito penal overijssel<\/h5>\t\t\t\t<\/div>\n\t\t\t\t<\/div>\n\t\t\t\t<div class=\"elementor-element elementor-element-f461d04 elementor-hidden-desktop elementor-hidden-tablet elementor-hidden-mobile elementor-widget elementor-widget-heading\" data-id=\"f461d04\" data-element_type=\"widget\" data-e-type=\"widget\" id=\"seo-word\" data-widget_type=\"heading.default\">\n\t\t\t\t<div class=\"elementor-widget-container\">\n\t\t\t\t\t<h5 class=\"elementor-heading-title elementor-size-default\">artigo sobre amea\u00e7a grave de viol\u00eancia dom\u00e9stica<\/h5>\t\t\t\t<\/div>\n\t\t\t\t<\/div>\n\t\t\t\t<div class=\"elementor-element elementor-element-849d45b elementor-hidden-desktop elementor-hidden-tablet elementor-hidden-mobile elementor-widget elementor-widget-heading\" data-id=\"849d45b\" data-element_type=\"widget\" data-e-type=\"widget\" id=\"seo-word\" data-widget_type=\"heading.default\">\n\t\t\t\t<div class=\"elementor-widget-container\">\n\t\t\t\t\t<h5 class=\"elementor-heading-title elementor-size-default\">Em Enschede e Overijssel, encontre os advogados criminais experientes de Derbedrosian Advogados Criminais. Os nossos advogados em Enschede s\u00e3o especializados em casos criminais e oferecem assist\u00eancia jur\u00eddica profissional, incluindo casos que envolvem ordens de restri\u00e7\u00e3o tempor\u00e1rias.\n\nUma ordem de restri\u00e7\u00e3o tempor\u00e1ria \u00e9 imposta quando existe uma amea\u00e7a grave de viol\u00eancia dom\u00e9stica. Se n\u00e3o concordar com uma ordem de restri\u00e7\u00e3o tempor\u00e1ria imposta, tem o direito de se opor. \u00c9 muito importante procurar assist\u00eancia jur\u00eddica junto de um advogado especializado em ordens de restri\u00e7\u00e3o tempor\u00e1rias.\n\nOs nossos advogados em Enschede est\u00e3o dispon\u00edveis para o aconselhar e ajudar se desejar opor-se a uma ordem de restri\u00e7\u00e3o tempor\u00e1ria. Compreendemos a gravidade da situa\u00e7\u00e3o e representaremos os seus interesses nesta quest\u00e3o jur\u00eddica.\n\nSe necessitar de assist\u00eancia jur\u00eddica relativamente a ordens de restri\u00e7\u00e3o tempor\u00e1rias ou outras quest\u00f5es criminais, n\u00e3o hesite em contactar Derbedrosian Criminal Lawyers. Estamos aqui para o ajudar e tratar do seu caso.<\/h5>\t\t\t\t<\/div>\n\t\t\t\t<\/div>\n\t\t\t\t<div class=\"elementor-element elementor-element-27737f0 color-scheme-inherit text-left elementor-widget elementor-widget-text-editor\" data-id=\"27737f0\" data-element_type=\"widget\" data-e-type=\"widget\" data-widget_type=\"text-editor.default\">\n\t\t\t\t<div class=\"elementor-widget-container\">\n\t\t\t\t\t\t\t\t\t<p><strong>A lei relativa \u00e0 ordem de restri\u00e7\u00e3o tempor\u00e1ria nos Pa\u00edses Baixos \u00e9 um quadro jur\u00eddico fundamental aplicado em casos de viol\u00eancia dom\u00e9stica ou de abuso de crian\u00e7as. O seu objetivo \u00e9 tomar medidas adequadas para proteger as pessoas envolvidas e a ordem p\u00fablica em tais situa\u00e7\u00f5es.<\/strong><\/p>\t\t\t\t\t\t\t\t<\/div>\n\t\t\t\t<\/div>\n\t\t\t\t<div class=\"elementor-element elementor-element-aa03ca2 elementor-widget elementor-widget-spacer\" data-id=\"aa03ca2\" data-element_type=\"widget\" data-e-type=\"widget\" data-widget_type=\"spacer.default\">\n\t\t\t\t<div class=\"elementor-widget-container\">\n\t\t\t\t\t\t\t<div class=\"elementor-spacer\">\n\t\t\t<div class=\"elementor-spacer-inner\"><\/div>\n\t\t<\/div>\n\t\t\t\t\t\t<\/div>\n\t\t\t\t<\/div>\n\t\t\t\t<div class=\"elementor-element elementor-element-74ab7c8 elementor-widget elementor-widget-heading\" data-id=\"74ab7c8\" data-element_type=\"widget\" data-e-type=\"widget\" data-widget_type=\"heading.default\">\n\t\t\t\t<div class=\"elementor-widget-container\">\n\t\t\t\t\t<h3 class=\"elementor-heading-title elementor-size-default\">O que se entende por ordem de restri\u00e7\u00e3o tempor\u00e1ria?<\/h3>\t\t\t\t<\/div>\n\t\t\t\t<\/div>\n\t\t\t\t<div class=\"elementor-element elementor-element-d4d08d0 color-scheme-inherit text-left elementor-widget elementor-widget-text-editor\" data-id=\"d4d08d0\" data-element_type=\"widget\" data-e-type=\"widget\" data-widget_type=\"text-editor.default\">\n\t\t\t\t<div class=\"elementor-widget-container\">\n\t\t\t\t\t\t\t\t\t<p>Em caso de abuso de crian\u00e7as ou de viol\u00eancia dom\u00e9stica, o presidente da c\u00e2mara tem o poder de impor uma medida cautelar tempor\u00e1ria. N\u00e3o h\u00e1 possibilidade de recorrer da decis\u00e3o do presidente da c\u00e2mara. Se a pessoa que foi colocada fora de casa n\u00e3o concordar com a ordem de restri\u00e7\u00e3o tempor\u00e1ria, pode recorrer diretamente ao tribunal e pedir uma provid\u00eancia cautelar.<\/p><p>Com uma ordem de restri\u00e7\u00e3o tempor\u00e1ria, a pessoa colocada fora de casa deve sair de casa imediatamente e n\u00e3o pode regressar durante 10 dias. \u00c9 igualmente proibido qualquer contacto com o parceiro e os filhos. Este per\u00edodo de dez dias destina-se a garantir a seguran\u00e7a e a calma e a iniciar a assist\u00eancia<\/p>\t\t\t\t\t\t\t\t<\/div>\n\t\t\t\t<\/div>\n\t\t\t\t<div class=\"elementor-element elementor-element-1673fd7 elementor-widget elementor-widget-spacer\" data-id=\"1673fd7\" data-element_type=\"widget\" data-e-type=\"widget\" data-widget_type=\"spacer.default\">\n\t\t\t\t<div class=\"elementor-widget-container\">\n\t\t\t\t\t\t\t<div class=\"elementor-spacer\">\n\t\t\t<div class=\"elementor-spacer-inner\"><\/div>\n\t\t<\/div>\n\t\t\t\t\t\t<\/div>\n\t\t\t\t<\/div>\n\t\t\t\t<div class=\"elementor-element elementor-element-c3f2e54 elementor-widget elementor-widget-heading\" data-id=\"c3f2e54\" data-element_type=\"widget\" data-e-type=\"widget\" data-widget_type=\"heading.default\">\n\t\t\t\t<div class=\"elementor-widget-container\">\n\t\t\t\t\t<h3 class=\"elementor-heading-title elementor-size-default\">Processo de injun\u00e7\u00e3o tempor\u00e1ria nos Pa\u00edses Baixos<\/h3>\t\t\t\t<\/div>\n\t\t\t\t<\/div>\n\t\t\t\t<div class=\"elementor-element elementor-element-fe032ca color-scheme-inherit text-left elementor-widget elementor-widget-text-editor\" data-id=\"fe032ca\" data-element_type=\"widget\" data-e-type=\"widget\" data-widget_type=\"text-editor.default\">\n\t\t\t\t<div class=\"elementor-widget-container\">\n\t\t\t\t\t\t\t\t\t<p>O procedimento para a Lei da Ordem de Restri\u00e7\u00e3o Tempor\u00e1ria tem muitas etapas, que enumeramos a seguir. \u00c9 aconselh\u00e1vel contratar um advogado com uma vasta experi\u00eancia em <a href=\"https:\/\/www.derbedrosian.nl\/pt\/jurisdicoes\/direito-penal\/\">direito penal<\/a>que o guiar\u00e1 ao longo de todo o processo.<\/p><ul><li><strong>Notifica\u00e7\u00e3o e avalia\u00e7\u00e3o dos riscos:<\/strong>\u00a0o processo come\u00e7a normalmente com uma den\u00fancia de viol\u00eancia dom\u00e9stica \u00e0 pol\u00edcia. Ap\u00f3s a den\u00fancia, \u00e9 efectuada uma avalia\u00e7\u00e3o de risco para determinar a gravidade da situa\u00e7\u00e3o, tendo em conta factores como a natureza da viol\u00eancia e a seguran\u00e7a das pessoas envolvidas.<\/li><li><strong>Aprecia\u00e7\u00e3o pelo procurador auxiliar:<\/strong>\u00a0se a avalia\u00e7\u00e3o de risco revelar que existe um perigo grave para a seguran\u00e7a das pessoas que se encontram no domic\u00edlio, o procurador-geral adjunto pode impor uma medida cautelar. Esta decis\u00e3o pode ser tomada sem interven\u00e7\u00e3o do tribunal.<\/li><li><strong>Decis\u00e3o:<\/strong>\u00a0o assistente do Minist\u00e9rio P\u00fablico emite um despacho que determina que o autor da viol\u00eancia dom\u00e9stica deve abandonar imediatamente o domic\u00edlio e est\u00e1 proibido de regressar. Esta ordem \u00e9 entregue ao agressor e cont\u00e9m informa\u00e7\u00f5es sobre a dura\u00e7\u00e3o da medida cautelar.<\/li><li><strong>Partida do autor do crime:<\/strong>\u00a0Depois de receber a ordem, o infrator deve abandonar imediatamente o domic\u00edlio e respeitar a proibi\u00e7\u00e3o de regresso. Nalguns casos, a pol\u00edcia pode acompanhar o infrator na sa\u00edda do domic\u00edlio para garantir o bom desenrolar do processo.<\/li><li><strong>Rece\u00e7\u00e3o e apoio:<\/strong>\u00a0Em simult\u00e2neo com a provid\u00eancia cautelar, s\u00e3o prestados cuidados e apoio \u00e0 v\u00edtima e a quaisquer outras pessoas envolvidas. Por exemplo, o Victim Support Netherlands oferece aconselhamento jur\u00eddico \u00e0s v\u00edtimas e pode ajud\u00e1-las a tomar medidas de acompanhamento.<\/li><li><strong>Dura\u00e7\u00e3o da medida cautelar<\/strong>Em princ\u00edpio, uma medida cautelar tempor\u00e1ria tem uma dura\u00e7\u00e3o de 10 dias. Durante este per\u00edodo, pode ser efectuada uma investiga\u00e7\u00e3o criminal e podem ser tomadas medidas para garantir a seguran\u00e7a da v\u00edtima. Se, ap\u00f3s dez dias, a amea\u00e7a continuar a ser grave, a medida cautelar pode ser prorrogada.<\/li><\/ul><p>Trata-se de uma panor\u00e2mica geral sobre o procedimento da lei relativa \u00e0s ordens de restri\u00e7\u00e3o tempor\u00e1rias. A aplica\u00e7\u00e3o exacta pode variar em fun\u00e7\u00e3o das circunst\u00e2ncias espec\u00edficas da sua situa\u00e7\u00e3o pessoal.<\/p>\t\t\t\t\t\t\t\t<\/div>\n\t\t\t\t<\/div>\n\t\t\t\t<div class=\"elementor-element elementor-element-5f75f7a elementor-widget elementor-widget-spacer\" data-id=\"5f75f7a\" data-element_type=\"widget\" data-e-type=\"widget\" data-widget_type=\"spacer.default\">\n\t\t\t\t<div class=\"elementor-widget-container\">\n\t\t\t\t\t\t\t<div class=\"elementor-spacer\">\n\t\t\t<div class=\"elementor-spacer-inner\"><\/div>\n\t\t<\/div>\n\t\t\t\t\t\t<\/div>\n\t\t\t\t<\/div>\n\t\t\t\t<div class=\"elementor-element elementor-element-a9078f1 elementor-widget elementor-widget-heading\" data-id=\"a9078f1\" data-element_type=\"widget\" data-e-type=\"widget\" data-widget_type=\"heading.default\">\n\t\t\t\t<div class=\"elementor-widget-container\">\n\t\t\t\t\t<h3 class=\"elementor-heading-title elementor-size-default\">Obje\u00e7\u00e3o \u00e0 lei da ordem de restri\u00e7\u00e3o tempor\u00e1ria<\/h3>\t\t\t\t<\/div>\n\t\t\t\t<\/div>\n\t\t\t\t<div class=\"elementor-element elementor-element-522b96e color-scheme-inherit text-left elementor-widget elementor-widget-text-editor\" data-id=\"522b96e\" data-element_type=\"widget\" data-e-type=\"widget\" data-widget_type=\"text-editor.default\">\n\t\t\t\t<div class=\"elementor-widget-container\">\n\t\t\t\t\t\t\t\t\t<p>A decis\u00e3o do Presidente da C\u00e2mara relativa \u00e0 lei sobre a ordem de restri\u00e7\u00e3o tempor\u00e1ria caracteriza-se pela sua irrevogabilidade, n\u00e3o sendo pass\u00edvel de obje\u00e7\u00e3o. Isto significa que n\u00e3o existe um procedimento formal que permita objetar a esta decis\u00e3o. No entanto, nas situa\u00e7\u00f5es em que a pessoa colocada fora de casa n\u00e3o concorda com a ordem de restri\u00e7\u00e3o tempor\u00e1ria imposta, existe ainda uma sa\u00edda legal.<\/p><p>Esta sa\u00edda d\u00e1 a possibilidade de recorrer diretamente ao tribunal administrativo. Este recurso permite que a pessoa em causa apresente o seu ponto de vista e que a legalidade da medida cautelar imposta seja revista. Em alguns casos, quando existe uma necessidade urgente de prote\u00e7\u00e3o imediata, a pessoa em causa pode tamb\u00e9m requerer uma injun\u00e7\u00e3o provis\u00f3ria. Esta provid\u00eancia cautelar pode resultar na ado\u00e7\u00e3o de medidas tempor\u00e1rias enquanto o processo decorre no tribunal administrativo.<\/p>\t\t\t\t\t\t\t\t<\/div>\n\t\t\t\t<\/div>\n\t\t\t\t<div class=\"elementor-element elementor-element-7518197 elementor-widget elementor-widget-spacer\" data-id=\"7518197\" data-element_type=\"widget\" data-e-type=\"widget\" data-widget_type=\"spacer.default\">\n\t\t\t\t<div class=\"elementor-widget-container\">\n\t\t\t\t\t\t\t<div class=\"elementor-spacer\">\n\t\t\t<div class=\"elementor-spacer-inner\"><\/div>\n\t\t<\/div>\n\t\t\t\t\t\t<\/div>\n\t\t\t\t<\/div>\n\t\t\t\t<div class=\"elementor-element elementor-element-341fbf7 elementor-widget elementor-widget-heading\" data-id=\"341fbf7\" data-element_type=\"widget\" data-e-type=\"widget\" data-widget_type=\"heading.default\">\n\t\t\t\t<div class=\"elementor-widget-container\">\n\t\t\t\t\t<h3 class=\"elementor-heading-title elementor-size-default\">Viola\u00e7\u00e3o da lei da ordem de restri\u00e7\u00e3o tempor\u00e1ria<\/h3>\t\t\t\t<\/div>\n\t\t\t\t<\/div>\n\t\t\t\t<div class=\"elementor-element elementor-element-7052f18 color-scheme-inherit text-left elementor-widget elementor-widget-text-editor\" data-id=\"7052f18\" data-element_type=\"widget\" data-e-type=\"widget\" data-widget_type=\"text-editor.default\">\n\t\t\t\t<div class=\"elementor-widget-container\">\n\t\t\t\t\t\t\t\t\t<p>O incumprimento de uma ordem de restri\u00e7\u00e3o tempor\u00e1ria \u00e9 uma viola\u00e7\u00e3o grave da lei, com consequ\u00eancias significativas. O incumprimento de uma ordem de restri\u00e7\u00e3o imposta tem v\u00e1rias consequ\u00eancias.<\/p><ul><li><strong>servi\u00e7o comunit\u00e1rio:<\/strong> em primeiro lugar, pode levar \u00e0 presta\u00e7\u00e3o de servi\u00e7o comunit\u00e1rio, uma medida punitiva imposta pelo tribunal para que a pessoa contribua para a sociedade de uma forma \u00fatil.<\/li><li><strong>Pena de pris\u00e3o:<\/strong> Al\u00e9m disso, o tribunal pode optar por impor uma pena de pris\u00e3o, com um m\u00e1ximo de dois anos. Trata-se de uma san\u00e7\u00e3o grave, que demonstra a seriedade com que a lei encara a viola\u00e7\u00e3o de uma ordem de restri\u00e7\u00e3o tempor\u00e1ria.<\/li><li><strong>Condi\u00e7\u00f5es adicionais:<\/strong> Para al\u00e9m disso, o tribunal tem o poder de impor condi\u00e7\u00f5es adicionais \u00e0 senten\u00e7a. Estas podem incluir, por exemplo, exigir que a pessoa evite determinadas zonas para evitar novos conflitos. Estas condi\u00e7\u00f5es destinam-se a garantir a seguran\u00e7a de todas as pessoas envolvidas e a impedir que a conduta incorrecta se repita.<\/li><\/ul><p>O incumprimento das condi\u00e7\u00f5es impostas pode ter outras consequ\u00eancias jur\u00eddicas. A pena suspensa pode ser convertida numa pena incondicional, o que significa que a pessoa deve cumprir a totalidade da pena na pris\u00e3o sem possibilidade de liberta\u00e7\u00e3o antecipada. Este facto real\u00e7a a import\u00e2ncia de respeitar as condi\u00e7\u00f5es impostas e a gravidade da viola\u00e7\u00e3o de uma ordem de restri\u00e7\u00e3o tempor\u00e1ria nos termos da legisla\u00e7\u00e3o neerlandesa.<\/p>\t\t\t\t\t\t\t\t<\/div>\n\t\t\t\t<\/div>\n\t\t\t\t<div class=\"elementor-element elementor-element-0afac1b elementor-widget elementor-widget-spacer\" data-id=\"0afac1b\" data-element_type=\"widget\" data-e-type=\"widget\" data-widget_type=\"spacer.default\">\n\t\t\t\t<div class=\"elementor-widget-container\">\n\t\t\t\t\t\t\t<div class=\"elementor-spacer\">\n\t\t\t<div class=\"elementor-spacer-inner\"><\/div>\n\t\t<\/div>\n\t\t\t\t\t\t<\/div>\n\t\t\t\t<\/div>\n\t\t\t\t<div class=\"elementor-element elementor-element-75cf74d elementor-widget elementor-widget-heading\" data-id=\"75cf74d\" data-element_type=\"widget\" data-e-type=\"widget\" data-widget_type=\"heading.default\">\n\t\t\t\t<div class=\"elementor-widget-container\">\n\t\t\t\t\t<h3 class=\"elementor-heading-title elementor-size-default\">Advogado para a lei da ordem de restri\u00e7\u00e3o tempor\u00e1ria<\/h3>\t\t\t\t<\/div>\n\t\t\t\t<\/div>\n\t\t\t\t<div class=\"elementor-element elementor-element-3efb1cd color-scheme-inherit text-left elementor-widget elementor-widget-text-editor\" data-id=\"3efb1cd\" data-element_type=\"widget\" data-e-type=\"widget\" data-widget_type=\"text-editor.default\">\n\t\t\t\t<div class=\"elementor-widget-container\">\n\t\t\t\t\t\t\t\t\t<p>A imposi\u00e7\u00e3o de uma medida cautelar \u00e9 morosa e exige uma a\u00e7\u00e3o imediata por parte do funcion\u00e1rio municipal respons\u00e1vel pelo processo. Para al\u00e9m da import\u00e2ncia de um processo completo e claro, os prazos de apresenta\u00e7\u00e3o dos documentos s\u00e3o muito curtos. Por conseguinte, \u00e9 aconselh\u00e1vel procurar a ajuda de um advogado experiente.<\/p><p><a href=\"https:\/\/www.derbedrosian.nl\/pt\/advogados\/\">Os nossos advogados especializados<\/a> do escrit\u00f3rio de advogados Der Bedrosian est\u00e3o prontos para o orientar no processo de prepara\u00e7\u00e3o do caso e podem prestar-lhe assist\u00eancia jur\u00eddica suplementar.<\/p>\t\t\t\t\t\t\t\t<\/div>\n\t\t\t\t<\/div>\n\t\t\t\t\t<\/div>\n\t\t\t\t<\/div>\n\t\t\t\t<\/div>","protected":false},"excerpt":{"rendered":"<p>Proibi\u00e7\u00e3o de entrada em casa Recurso contra proibi\u00e7\u00e3o tempor\u00e1ria de entrada em casa viola\u00e7\u00e3o da proibi\u00e7\u00e3o de entrada em casa advogado proibi\u00e7\u00e3o tempor\u00e1ria de entrada em casa advogado criminalista enschede direito penal enschede advogado criminalista enschede advogado criminalista overijssel grave<\/p>","protected":false},"author":1,"featured_media":0,"parent":10047,"menu_order":0,"comment_status":"closed","ping_status":"closed","template":"","meta":{"footnotes":""},"class_list":["post-10622","page","type-page","status-publish","hentry"],"_links":{"self":[{"href":"https:\/\/www.derbedrosian.nl\/pt\/wp-json\/wp\/v2\/pages\/10622","targetHints":{"allow":["GET"]}}],"collection":[{"href":"https:\/\/www.derbedrosian.nl\/pt\/wp-json\/wp\/v2\/pages"}],"about":[{"href":"https:\/\/www.derbedrosian.nl\/pt\/wp-json\/wp\/v2\/types\/page"}],"author":[{"embeddable":true,"href":"https:\/\/www.derbedrosian.nl\/pt\/wp-json\/wp\/v2\/users\/1"}],"replies":[{"embeddable":true,"href":"https:\/\/www.derbedrosian.nl\/pt\/wp-json\/wp\/v2\/comments?post=10622"}],"version-history":[{"count":0,"href":"https:\/\/www.derbedrosian.nl\/pt\/wp-json\/wp\/v2\/pages\/10622\/revisions"}],"up":[{"embeddable":true,"href":"https:\/\/www.derbedrosian.nl\/pt\/wp-json\/wp\/v2\/pages\/10047"}],"wp:attachment":[{"href":"https:\/\/www.derbedrosian.nl\/pt\/wp-json\/wp\/v2\/media?parent=10622"}],"curies":[{"name":"wp","href":"https:\/\/api.w.org\/{rel}","templated":true}]}}