{"id":10455,"date":"2023-05-25T13:23:30","date_gmt":"2023-05-25T11:23:30","guid":{"rendered":"https:\/\/derbedrosian.nl\/?page_id=10455"},"modified":"2025-12-20T18:18:16","modified_gmt":"2025-12-20T16:18:16","slug":"skarga-a-nie-oskarzenie","status":"publish","type":"page","link":"https:\/\/www.derbedrosian.nl\/pl\/rechtsgebieden\/strafrecht\/beklag-niet-vervolging\/","title":{"rendered":"Skarga, a nie oskar\u017cenie"},"content":{"rendered":"<div data-elementor-type=\"wp-page\" data-elementor-id=\"10455\" class=\"elementor elementor-10455\" data-elementor-post-type=\"page\">\n\t\t\t\t<div class=\"wd-negative-gap elementor-element elementor-element-67d9b49 elementor-hidden-desktop elementor-hidden-tablet elementor-hidden-mobile e-flex e-con-boxed e-con e-parent\" data-id=\"67d9b49\" data-element_type=\"container\" data-e-type=\"container\" id=\"seo-word\">\n\t\t\t\t\t<div class=\"e-con-inner\">\n\t\t\t\t<div class=\"elementor-element elementor-element-42f2392 elementor-widget elementor-widget-wd_image_or_svg\" data-id=\"42f2392\" data-element_type=\"widget\" data-e-type=\"widget\" id=\"seo-word\" data-widget_type=\"wd_image_or_svg.default\">\n\t\t\t\t<div class=\"elementor-widget-container\">\n\t\t\t\t\t\n\t\t<div class=\"wd-image text-left\">\n\t\t\t\t\t\t\t\t<img loading=\"lazy\" decoding=\"async\" width=\"1000\" height=\"667\" src=\"https:\/\/www.derbedrosian.nl\/wp-content\/uploads\/beklag-niet-vervolging.jpeg\" class=\"attachment-full size-full\" alt=\"skarga o zaniechanie \u015bcigania, post\u0119powanie w sprawie skargi, art. 12 sv\" srcset=\"https:\/\/www.derbedrosian.nl\/wp-content\/uploads\/beklag-niet-vervolging.jpeg 1000w, https:\/\/www.derbedrosian.nl\/wp-content\/uploads\/beklag-niet-vervolging-400x267.jpeg 400w, https:\/\/www.derbedrosian.nl\/wp-content\/uploads\/beklag-niet-vervolging-768x512.jpeg 768w\" sizes=\"auto, (max-width: 1000px) 100vw, 1000px\" title=\"\">\t\t\t\t\t<\/div>\n\n\t\t\t\t\t\t<\/div>\n\t\t\t\t<\/div>\n\t\t\t\t<div class=\"elementor-element elementor-element-ae67129 elementor-widget elementor-widget-heading\" data-id=\"ae67129\" data-element_type=\"widget\" data-e-type=\"widget\" id=\"seo-word\" data-widget_type=\"heading.default\">\n\t\t\t\t<div class=\"elementor-widget-container\">\n\t\t\t\t\t<h2 class=\"elementor-heading-title elementor-size-default\">prosz\u0119 z\u0142o\u017cy\u0107 skarg\u0119<\/h2>\t\t\t\t<\/div>\n\t\t\t\t<\/div>\n\t\t\t\t<div class=\"elementor-element elementor-element-d4750f2 elementor-widget elementor-widget-heading\" data-id=\"d4750f2\" data-element_type=\"widget\" data-e-type=\"widget\" id=\"seo-word\" data-widget_type=\"heading.default\">\n\t\t\t\t<div class=\"elementor-widget-container\">\n\t\t\t\t\t<h5 class=\"elementor-heading-title elementor-size-default\">termin na z\u0142o\u017cenie skargi, a nie na wniesienie oskar\u017cenia<\/h5>\t\t\t\t<\/div>\n\t\t\t\t<\/div>\n\t\t\t\t<div class=\"elementor-element elementor-element-0aa9aa6 elementor-widget elementor-widget-heading\" data-id=\"0aa9aa6\" data-element_type=\"widget\" data-e-type=\"widget\" id=\"seo-word\" data-widget_type=\"heading.default\">\n\t\t\t\t<div class=\"elementor-widget-container\">\n\t\t\t\t\t<h5 class=\"elementor-heading-title elementor-size-default\">skarga, a nie oskar\u017cenie<\/h5>\t\t\t\t<\/div>\n\t\t\t\t<\/div>\n\t\t\t\t<div class=\"elementor-element elementor-element-86bbc4f elementor-widget elementor-widget-heading\" data-id=\"86bbc4f\" data-element_type=\"widget\" data-e-type=\"widget\" id=\"seo-word\" data-widget_type=\"heading.default\">\n\t\t\t\t<div class=\"elementor-widget-container\">\n\t\t\t\t\t<h5 class=\"elementor-heading-title elementor-size-default\">post\u0119powanie reklamacyjne prawnik<\/h5>\t\t\t\t<\/div>\n\t\t\t\t<\/div>\n\t\t\t\t<div class=\"elementor-element elementor-element-56fd3aa elementor-widget elementor-widget-heading\" data-id=\"56fd3aa\" data-element_type=\"widget\" data-e-type=\"widget\" id=\"seo-word\" data-widget_type=\"heading.default\">\n\t\t\t\t<div class=\"elementor-widget-container\">\n\t\t\t\t\t<h5 class=\"elementor-heading-title elementor-size-default\">artyku\u0142 12 procedura sv<\/h5>\t\t\t\t<\/div>\n\t\t\t\t<\/div>\n\t\t\t\t<div class=\"elementor-element elementor-element-a16d22b elementor-widget elementor-widget-heading\" data-id=\"a16d22b\" data-element_type=\"widget\" data-e-type=\"widget\" id=\"seo-word\" data-widget_type=\"heading.default\">\n\t\t\t\t<div class=\"elementor-widget-container\">\n\t\t\t\t\t<h5 class=\"elementor-heading-title elementor-size-default\">adwokat prawo karne enschede<\/h5>\t\t\t\t<\/div>\n\t\t\t\t<\/div>\n\t\t\t\t<div class=\"elementor-element elementor-element-d08e2c2 elementor-widget elementor-widget-heading\" data-id=\"d08e2c2\" data-element_type=\"widget\" data-e-type=\"widget\" id=\"seo-word\" data-widget_type=\"heading.default\">\n\t\t\t\t<div class=\"elementor-widget-container\">\n\t\t\t\t\t<h5 class=\"elementor-heading-title elementor-size-default\">skarga na zaniechanie \u015bcigania artyku\u0142 sv procedura skarga na zaniechanie dalszego \u015bcigania<\/h5>\t\t\t\t<\/div>\n\t\t\t\t<\/div>\n\t\t\t\t<div class=\"elementor-element elementor-element-fcd3c74 elementor-widget elementor-widget-heading\" data-id=\"fcd3c74\" data-element_type=\"widget\" data-e-type=\"widget\" id=\"seo-word\" data-widget_type=\"heading.default\">\n\t\t\t\t<div class=\"elementor-widget-container\">\n\t\t\t\t\t<h5 class=\"elementor-heading-title elementor-size-default\">adwokat prawo karne overijssel<\/h5>\t\t\t\t<\/div>\n\t\t\t\t<\/div>\n\t\t\t\t<div class=\"elementor-element elementor-element-4e73962 elementor-widget elementor-widget-heading\" data-id=\"4e73962\" data-element_type=\"widget\" data-e-type=\"widget\" id=\"seo-word\" data-widget_type=\"heading.default\">\n\t\t\t\t<div class=\"elementor-widget-container\">\n\t\t\t\t\t<h5 class=\"elementor-heading-title elementor-size-default\">procedura art sv post\u0119powanie nieprocesowe przest\u0119pstwo kryminalne podstawy drzewa prawo prywatno\u015bci podstawy drzewa<\/h5>\t\t\t\t<\/div>\n\t\t\t\t<\/div>\n\t\t\t\t<div class=\"elementor-element elementor-element-9c68fd8 elementor-widget elementor-widget-heading\" data-id=\"9c68fd8\" data-element_type=\"widget\" data-e-type=\"widget\" id=\"seo-word\" data-widget_type=\"heading.default\">\n\t\t\t\t<div class=\"elementor-widget-container\">\n\t\t\t\t\t<h5 class=\"elementor-heading-title elementor-size-default\">Je\u015bli s\u0105 Pa\u0144stwo niezadowoleni z decyzji prokuratora o niewszczynaniu post\u0119powania karnego, mog\u0105 Pa\u0144stwo skorzysta\u0107 z procedury sk\u0142adania za\u017cale\u0144. Procedura ta, oparta na art. 12 kodeksu post\u0119powania karnego (Sv), umo\u017cliwia Panu\/Pani z\u0142o\u017cenie za\u017calenia na odmow\u0119 wszcz\u0119cia post\u0119powania karnego. Wa\u017cne jest, aby zaanga\u017cowa\u0107 do\u015bwiadczonego prawnika karnego w t\u0119 procedur\u0119 sk\u0142adania skarg, zw\u0142aszcza je\u015bli znajduj\u0105 si\u0119 Pa\u0144stwo w regionie Overijssel, takim jak Enschede. Adwokat karny w Enschede mo\u017ce udzieli\u0107 Pa\u0144stwu fachowej porady i poprowadzi\u0107 Pa\u0144stwa przez procedur\u0119 sk\u0142adania za\u017calenia. Prosz\u0119 wybra\u0107 wykwalifikowanego prawnika karnego w Overijssel, aby upewni\u0107 si\u0119, \u017ce Pa\u0144stwa skarga na brak \u015bcigania otrzyma uwag\u0119, na jak\u0105 zas\u0142uguje.<\/h5>\t\t\t\t<\/div>\n\t\t\t\t<\/div>\n\t\t\t\t\t<\/div>\n\t\t\t\t<\/div>\n\t\t<div class=\"wd-negative-gap elementor-element elementor-element-53a4bad e-flex e-con-boxed e-con e-parent\" data-id=\"53a4bad\" data-element_type=\"container\" data-e-type=\"container\">\n\t\t\t\t\t<div class=\"e-con-inner\">\n\t\t\t\t<div class=\"elementor-element elementor-element-978a18a color-scheme-inherit text-left elementor-widget elementor-widget-text-editor\" data-id=\"978a18a\" data-element_type=\"widget\" data-e-type=\"widget\" data-widget_type=\"text-editor.default\">\n\t\t\t\t<div class=\"elementor-widget-container\">\n\t\t\t\t\t\t\t\t\t<p><strong>Skarga o nie\u015bciganie, znana r\u00f3wnie\u017c jako procedura skargowa, dotyczy sytuacji, w kt\u00f3rych podejmowane s\u0105 okre\u015blone kroki w celu ponownego wszcz\u0119cia post\u0119powania karnego.\u00a0<\/strong><\/p><p><strong>Z\u0142o\u017cenie skargi o nie\u015bciganie jest dla ofiar wa\u017cnym \u015brodkiem zapewniaj\u0105cym im prawo do sprawiedliwo\u015bci. Daje im to mo\u017cliwo\u015b\u0107 zakwestionowania decyzji prokuratury i podj\u0119cia pr\u00f3by postawienia podejrzanego przed s\u0105dem.<\/strong><\/p>\t\t\t\t\t\t\t\t<\/div>\n\t\t\t\t<\/div>\n\t\t\t\t<div class=\"elementor-element elementor-element-e69be44 elementor-widget elementor-widget-spacer\" data-id=\"e69be44\" data-element_type=\"widget\" data-e-type=\"widget\" data-widget_type=\"spacer.default\">\n\t\t\t\t<div class=\"elementor-widget-container\">\n\t\t\t\t\t\t\t<div class=\"elementor-spacer\">\n\t\t\t<div class=\"elementor-spacer-inner\"><\/div>\n\t\t<\/div>\n\t\t\t\t\t\t<\/div>\n\t\t\t\t<\/div>\n\t\t\t\t<div class=\"elementor-element elementor-element-a8a8e73 elementor-widget elementor-widget-heading\" data-id=\"a8a8e73\" data-element_type=\"widget\" data-e-type=\"widget\" data-widget_type=\"heading.default\">\n\t\t\t\t<div class=\"elementor-widget-container\">\n\t\t\t\t\t<h3 class=\"elementor-heading-title elementor-size-default\">Co to jest procedura reklamacyjna?<\/h3>\t\t\t\t<\/div>\n\t\t\t\t<\/div>\n\t\t\t\t<div class=\"elementor-element elementor-element-6ada32c color-scheme-inherit text-left elementor-widget elementor-widget-text-editor\" data-id=\"6ada32c\" data-element_type=\"widget\" data-e-type=\"widget\" data-widget_type=\"text-editor.default\">\n\t\t\t\t<div class=\"elementor-widget-container\">\n\t\t\t\t\t\t\t\t\t<p>Skarga o nie\u015bciganie (cz\u0119sto nazywana procedur\u0105 skargow\u0105 w sprawach karnych) odnosi si\u0119 do art. 12 kodeksu post\u0119powania karnego, kt\u00f3ry po prostu daje ofierze lub jej bliskim mo\u017cliwo\u015b\u0107 z\u0142o\u017cenia skargi do s\u0105du, je\u015bli prokuratura postanowi\u0142a nie \u015bciga\u0107 przest\u0119pstwa. Z\u0142o\u017cenie \u201cskargi na brak \u015bcigania\u201d mo\u017ce prowadzi\u0107 do wznowienia post\u0119powania karnego lub wszcz\u0119cia post\u0119powania karnego.<\/p>\t\t\t\t\t\t\t\t<\/div>\n\t\t\t\t<\/div>\n\t\t\t\t<div class=\"elementor-element elementor-element-b020ece elementor-widget elementor-widget-spacer\" data-id=\"b020ece\" data-element_type=\"widget\" data-e-type=\"widget\" data-widget_type=\"spacer.default\">\n\t\t\t\t<div class=\"elementor-widget-container\">\n\t\t\t\t\t\t\t<div class=\"elementor-spacer\">\n\t\t\t<div class=\"elementor-spacer-inner\"><\/div>\n\t\t<\/div>\n\t\t\t\t\t\t<\/div>\n\t\t\t\t<\/div>\n\t\t\t\t<div class=\"elementor-element elementor-element-e645c9e elementor-widget elementor-widget-heading\" data-id=\"e645c9e\" data-element_type=\"widget\" data-e-type=\"widget\" data-widget_type=\"heading.default\">\n\t\t\t\t<div class=\"elementor-widget-container\">\n\t\t\t\t\t<h3 class=\"elementor-heading-title elementor-size-default\">Co mo\u017ce sprawi\u0107, \u017ce prokurator zdecyduje si\u0119 nie wnosi\u0107 oskar\u017cenia w danej sprawie?<\/h3>\t\t\t\t<\/div>\n\t\t\t\t<\/div>\n\t\t\t\t<div class=\"elementor-element elementor-element-b77f782 color-scheme-inherit text-left elementor-widget elementor-widget-text-editor\" data-id=\"b77f782\" data-element_type=\"widget\" data-e-type=\"widget\" data-widget_type=\"text-editor.default\">\n\t\t\t\t<div class=\"elementor-widget-container\">\n\t\t\t\t\t\t\t\t\t<p>Prokurator mo\u017ce podj\u0105\u0107 decyzj\u0119 o niewnoszeniu sprawy do s\u0105du z r\u00f3\u017cnych powod\u00f3w:<\/p><ul><li><strong>Niewystarczaj\u0105ce dowody: <\/strong>\u00a0Je\u015bli nie ma wystarczaj\u0105cych dowod\u00f3w, aby uzna\u0107 oskar\u017conego za winnego ponad wszelk\u0105 w\u0105tpliwo\u015b\u0107, sprawa zwykle nie jest wznawiana.<\/li><li><strong>Zbyt ma\u0142e znaczenie dla spo\u0142ecze\u0144stwa:<\/strong>\u00a0Czasami prokurator uwa\u017ca, \u017ce sprawa nie ma wystarczaj\u0105cego znaczenia dla spo\u0142ecze\u0144stwa, aby wnie\u015b\u0107 oskar\u017cenie.<\/li><li><strong>Inne rozwi\u0105zania:<\/strong>\u00a0Zamiast ponownie otwiera\u0107 spraw\u0119 s\u0105dow\u0105, spraw\u0119 mo\u017cna rozwi\u0105za\u0107 w inny spos\u00f3b, na przyk\u0142ad poprzez rozmow\u0119 z zaanga\u017cowanymi stronami i osi\u0105gni\u0119cie porozumienia.<\/li><li><strong>Kompetencje w\u0142asne:<\/strong>\u00a0Prokurator mo\u017ce zdecydowa\u0107 si\u0119 nie wnosi\u0107 oskar\u017cenia w danej sprawie, nawet je\u015bli istniej\u0105 dowody, ze wzgl\u0119du na w\u0142asn\u0105 jurysdykcj\u0119 i polityk\u0119 prokuratora.<\/li><li><strong>Przedawnienie:<\/strong>\u00a0je\u015bli od pope\u0142nienia przest\u0119pstwa up\u0142yn\u0119\u0142o zbyt wiele czasu, sprawa nie mo\u017ce zosta\u0107 rozpatrzona.<\/li><li><strong>Okoliczno\u015bci osobiste:<\/strong>\u00a0Czasami brane s\u0105 pod uwag\u0119 osobiste okoliczno\u015bci podejrzanego, takie jak jego stan zdrowia i wiek.<\/li><\/ul><p>Wa\u017cne jest, aby zrozumie\u0107, \u017ce zaniechanie \u015bcigania nie oznacza, \u017ce oskar\u017cony jest niewinny, ale \u017ce istniej\u0105 powody, aby nie wnosi\u0107 sprawy do s\u0105du w tym czasie. Ofiary i krewni mog\u0105 w niekt\u00f3rych przypadkach sprzeciwi\u0107 si\u0119 tej decyzji.<\/p>\t\t\t\t\t\t\t\t<\/div>\n\t\t\t\t<\/div>\n\t\t\t\t<div class=\"elementor-element elementor-element-866ed69 elementor-widget elementor-widget-spacer\" data-id=\"866ed69\" data-element_type=\"widget\" data-e-type=\"widget\" data-widget_type=\"spacer.default\">\n\t\t\t\t<div class=\"elementor-widget-container\">\n\t\t\t\t\t\t\t<div class=\"elementor-spacer\">\n\t\t\t<div class=\"elementor-spacer-inner\"><\/div>\n\t\t<\/div>\n\t\t\t\t\t\t<\/div>\n\t\t\t\t<\/div>\n\t\t\t\t<div class=\"elementor-element elementor-element-aaa77f7 elementor-widget elementor-widget-heading\" data-id=\"aaa77f7\" data-element_type=\"widget\" data-e-type=\"widget\" data-widget_type=\"heading.default\">\n\t\t\t\t<div class=\"elementor-widget-container\">\n\t\t\t\t\t<h3 class=\"elementor-heading-title elementor-size-default\">Warunki reklamacji<\/h3>\t\t\t\t<\/div>\n\t\t\t\t<\/div>\n\t\t\t\t<div class=\"elementor-element elementor-element-37c7e35 color-scheme-inherit text-left elementor-widget elementor-widget-text-editor\" data-id=\"37c7e35\" data-element_type=\"widget\" data-e-type=\"widget\" data-widget_type=\"text-editor.default\">\n\t\t\t\t<div class=\"elementor-widget-container\">\n\t\t\t\t\t\t\t\t\t<p>Zanim mo\u017cliwe b\u0119dzie napisanie zawiadomienia o skardze do s\u0105du, nale\u017cy spe\u0142ni\u0107 szereg warunk\u00f3w.<\/p><ul><li><strong>Zaanga\u017cowanie w spraw\u0119:<\/strong>\u00a0W wi\u0119kszo\u015bci przypadk\u00f3w skar\u017c\u0105cy musi mie\u0107 bezpo\u015bredni interes w sprawie, co oznacza, \u017ce musi by\u0107 w jaki\u015b spos\u00f3b zaanga\u017cowany w przest\u0119pstwo lub sytuacj\u0119, kt\u00f3rej dotyczy skarga.<\/li><li><strong>Wa\u017cny pow\u00f3d reklamacji:<\/strong>\u00a0skar\u017c\u0105cy musi mie\u0107 uzasadniony pow\u00f3d, aby s\u0105dzi\u0107, \u017ce oskar\u017cony nies\u0142usznie nie jest \u015bcigany. Mo\u017ce to by\u0107 oparte na przyk\u0142ad na nowych dowodach lub uchybieniach prawnych w decyzji o nie\u015bciganiu.<\/li><li><strong>Ograniczenia czasowe: <\/strong>Pa\u0144stwa zawiadomienie o skardze musi zosta\u0107 z\u0142o\u017cone w s\u0105dzie w wyznaczonym terminie. Termin ten mo\u017ce wynosi\u0107 kilka tygodni. Gdy skontaktuj\u0105 si\u0119 Pa\u0144stwo z naszymi prawnikami, b\u0119d\u0105 Pa\u0144stwo mogli uzyska\u0107 szacunkow\u0105 informacj\u0119, jak d\u0142ugi b\u0119dzie ten termin.\u00a0\u00a0<\/li><\/ul>\t\t\t\t\t\t\t\t<\/div>\n\t\t\t\t<\/div>\n\t\t\t\t<div class=\"elementor-element elementor-element-b3d946d elementor-widget elementor-widget-spacer\" data-id=\"b3d946d\" data-element_type=\"widget\" data-e-type=\"widget\" data-widget_type=\"spacer.default\">\n\t\t\t\t<div class=\"elementor-widget-container\">\n\t\t\t\t\t\t\t<div class=\"elementor-spacer\">\n\t\t\t<div class=\"elementor-spacer-inner\"><\/div>\n\t\t<\/div>\n\t\t\t\t\t\t<\/div>\n\t\t\t\t<\/div>\n\t\t\t\t<div class=\"elementor-element elementor-element-18d1c8b elementor-widget elementor-widget-heading\" data-id=\"18d1c8b\" data-element_type=\"widget\" data-e-type=\"widget\" data-widget_type=\"heading.default\">\n\t\t\t\t<div class=\"elementor-widget-container\">\n\t\t\t\t\t<h3 class=\"elementor-heading-title elementor-size-default\">Skarga<\/h3>\t\t\t\t<\/div>\n\t\t\t\t<\/div>\n\t\t\t\t<div class=\"elementor-element elementor-element-086a8e2 color-scheme-inherit text-left elementor-widget elementor-widget-text-editor\" data-id=\"086a8e2\" data-element_type=\"widget\" data-e-type=\"widget\" data-widget_type=\"text-editor.default\">\n\t\t\t\t<div class=\"elementor-widget-container\">\n\t\t\t\t\t\t\t\t\t<p>Pisz\u0105c list ze skarg\u0105 (list reklamacyjny), wa\u017cne jest, aby zawrze\u0107 w nim niezb\u0119dne informacje. Napisanie profesjonalnego pisma ze skarg\u0105 mo\u017ce zaj\u0105\u0107 du\u017co czasu i wysi\u0142ku. Rozs\u0105dnie jest zleci\u0107 to prawnikowi, aby unikn\u0105\u0107 niepotrzebnych b\u0142\u0119d\u00f3w i op\u00f3\u017anie\u0144.<\/p><p>Niezb\u0119dne informacje, kt\u00f3re powinny znale\u017a\u0107 si\u0119 w takiej skardze obejmuj\u0105:<\/p><ul><li>Numer prokuratury i numer zmiany: numer nadany sprawie przez prokuratora (numer prokuratury) lub policj\u0119 (numer zmiany).<\/li><li>Przest\u0119pstwo: osoba, kt\u00f3ra wed\u0142ug Pa\u0144stwa powinna zosta\u0107 poci\u0105gni\u0119ta do odpowiedzialno\u015bci karnej (oskar\u017cony).<\/li><li>Pow\u00f3d skargi: dlaczego nie zgadzasz si\u0119 z decyzj\u0105 prokuratora.<\/li><li>Dane kontaktowe: nale\u017cy poda\u0107 swoje dane kontaktowe w skardze, aby s\u0105d mia\u0142 mo\u017cliwo\u015b\u0107 skontaktowania si\u0119 z Pa\u0144stwem.<\/li><\/ul>\t\t\t\t\t\t\t\t<\/div>\n\t\t\t\t<\/div>\n\t\t\t\t<div class=\"elementor-element elementor-element-5db459c elementor-widget elementor-widget-spacer\" data-id=\"5db459c\" data-element_type=\"widget\" data-e-type=\"widget\" data-widget_type=\"spacer.default\">\n\t\t\t\t<div class=\"elementor-widget-container\">\n\t\t\t\t\t\t\t<div class=\"elementor-spacer\">\n\t\t\t<div class=\"elementor-spacer-inner\"><\/div>\n\t\t<\/div>\n\t\t\t\t\t\t<\/div>\n\t\t\t\t<\/div>\n\t\t\t\t<div class=\"elementor-element elementor-element-259a9bd elementor-widget elementor-widget-heading\" data-id=\"259a9bd\" data-element_type=\"widget\" data-e-type=\"widget\" data-widget_type=\"heading.default\">\n\t\t\t\t<div class=\"elementor-widget-container\">\n\t\t\t\t\t<h3 class=\"elementor-heading-title elementor-size-default\">Procedura sk\u0142adania skarg <\/h3>\t\t\t\t<\/div>\n\t\t\t\t<\/div>\n\t\t\t\t<div class=\"elementor-element elementor-element-98cb9e4 color-scheme-inherit text-left elementor-widget elementor-widget-text-editor\" data-id=\"98cb9e4\" data-element_type=\"widget\" data-e-type=\"widget\" data-widget_type=\"text-editor.default\">\n\t\t\t\t<div class=\"elementor-widget-container\">\n\t\t\t\t\t\t\t\t\t<p>Aby skutecznie z\u0142o\u017cy\u0107 skarg\u0119, nale\u017cy wykona\u0107 kilka krok\u00f3w. Poni\u017cej znajduje si\u0119 przegl\u0105d przebiegu takiej procedury:<\/p><ul><li><strong>Zg\u0142o\u015b skarg\u0119<\/strong>: po pierwsze, jak wyja\u015bniono wcze\u015bniej, do s\u0105du nale\u017cy przes\u0142a\u0107 akt oskar\u017cenia, w kt\u00f3rym podano powody, dla kt\u00f3rych oskar\u017cony powinien zosta\u0107 postawiony przed s\u0105dem.<\/li><li><strong>Rejestracja<\/strong>: s\u0105d rejestruje skarg\u0119 i przesy\u0142a jej kopi\u0119 do prokuratora generalnego. Jest to przedstawiciel prokuratury przy s\u0105dzie, pe\u0142ni\u0105cy funkcj\u0119 podobn\u0105 do prokuratora.<br \/>Ocena skargi: s\u0105d sprawdza, czy podczas rozprawy konieczne jest udzielenie dodatkowych wyja\u015bnie\u0144.<\/li><li><strong>Posiedzenie<\/strong>: po rozpatrzeniu skargi zostan\u0105 Pa\u0144stwo wezwani na posiedzenie komisji odwo\u0142awczej. Podczas posiedzenia komisja odwo\u0142awcza rozpatrzy Pa\u0144stwa skarg\u0119 i zada pytania dotycz\u0105ce tej sprawy.<\/li><li><strong>Decyzja<\/strong>: w ci\u0105gu 6 tygodni od rozprawy izba egzekucyjna podejmuje decyzj\u0119 o przyj\u0119ciu lub odrzuceniu skargi. Je\u015bli skarga zostanie odrzucona, oskar\u017cony nie b\u0119dzie dalej \u015bcigany. Je\u015bli jednak skarga zostanie przyj\u0119ta, prokurator b\u0119dzie musia\u0142 ponownie otworzy\u0107 spraw\u0119 i \u015bciga\u0107 oskar\u017conego.<\/li><li><strong>Nie ma mo\u017cliwo\u015bci odwo\u0142ania si\u0119.<\/strong>: po podj\u0119ciu tej decyzji nie b\u0119dzie ju\u017c mo\u017cliwo\u015bci odwo\u0142ania si\u0119.<\/li><\/ul>\t\t\t\t\t\t\t\t<\/div>\n\t\t\t\t<\/div>\n\t\t\t\t<div class=\"elementor-element elementor-element-27f2c24 elementor-widget elementor-widget-spacer\" data-id=\"27f2c24\" data-element_type=\"widget\" data-e-type=\"widget\" data-widget_type=\"spacer.default\">\n\t\t\t\t<div class=\"elementor-widget-container\">\n\t\t\t\t\t\t\t<div class=\"elementor-spacer\">\n\t\t\t<div class=\"elementor-spacer-inner\"><\/div>\n\t\t<\/div>\n\t\t\t\t\t\t<\/div>\n\t\t\t\t<\/div>\n\t\t\t\t<div class=\"elementor-element elementor-element-db3f046 elementor-widget elementor-widget-heading\" data-id=\"db3f046\" data-element_type=\"widget\" data-e-type=\"widget\" data-widget_type=\"heading.default\">\n\t\t\t\t<div class=\"elementor-widget-container\">\n\t\t\t\t\t<h3 class=\"elementor-heading-title elementor-size-default\">Skarga, a nie prawnik oskar\u017caj\u0105cy<\/h3>\t\t\t\t<\/div>\n\t\t\t\t<\/div>\n\t\t\t\t<div class=\"elementor-element elementor-element-90baef2 color-scheme-inherit text-left elementor-widget elementor-widget-text-editor\" data-id=\"90baef2\" data-element_type=\"widget\" data-e-type=\"widget\" data-widget_type=\"text-editor.default\">\n\t\t\t\t<div class=\"elementor-widget-container\">\n\t\t\t\t\t\t\t\t\t<p>Je\u015bli maj\u0105 Pa\u0144stwo problem z tym, \u017ce kto\u015b nie zosta\u0142 poci\u0105gni\u0119ty do odpowiedzialno\u015bci karnej lub je\u015bli z\u0142o\u017cono na Pa\u0144stwa skargi, warto zwr\u00f3ci\u0107 si\u0119 o pomoc do prawnika z du\u017cym do\u015bwiadczeniem, aby zaoszcz\u0119dzi\u0107 sw\u00f3j cenny czas.<\/p><p>W kancelarii prawnej Der Bedrosian posiadamy <a title=\"wyspecjalizowani prawnicy skarga nie oskar\u017cenie\" href=\"https:\/\/www.derbedrosian.nl\/pl\/prawnicy-2\/\">wyspecjalizowani prawnicy<\/a> z du\u017cym do\u015bwiadczeniem w<a href=\"https:\/\/www.derbedrosian.nl\/pl\/jurysdykcje\/prawo-karne\/\"> prawo karne<\/a> i w zwi\u0105zku z tym mo\u017ce pom\u00f3c Pa\u0144stwu na przyk\u0142ad w z\u0142o\u017ceniu skargi.<\/p><p>Prosimy wi\u0119c skontaktowa\u0107 si\u0119 z nami, aby jeden z naszych prawnik\u00f3w m\u00f3g\u0142 jak najszybciej pom\u00f3c w Pa\u0144stwa sprawie.<\/p>\t\t\t\t\t\t\t\t<\/div>\n\t\t\t\t<\/div>\n\t\t\t\t\t<\/div>\n\t\t\t\t<\/div>\n\t\t\t\t<\/div>","protected":false},"excerpt":{"rendered":"<p>z\u0142o\u017cenie skargi skarga o nie\u015bciganie termin skarga o nie\u015bciganie procedura skargowa adwokat artyku\u0142 12 sv procedura adwokat prawo karne enschede skargi przeciwko<\/p>","protected":false},"author":1,"featured_media":0,"parent":10047,"menu_order":0,"comment_status":"closed","ping_status":"closed","template":"","meta":{"footnotes":""},"class_list":["post-10455","page","type-page","status-publish","hentry"],"_links":{"self":[{"href":"https:\/\/www.derbedrosian.nl\/pl\/wp-json\/wp\/v2\/pages\/10455","targetHints":{"allow":["GET"]}}],"collection":[{"href":"https:\/\/www.derbedrosian.nl\/pl\/wp-json\/wp\/v2\/pages"}],"about":[{"href":"https:\/\/www.derbedrosian.nl\/pl\/wp-json\/wp\/v2\/types\/page"}],"author":[{"embeddable":true,"href":"https:\/\/www.derbedrosian.nl\/pl\/wp-json\/wp\/v2\/users\/1"}],"replies":[{"embeddable":true,"href":"https:\/\/www.derbedrosian.nl\/pl\/wp-json\/wp\/v2\/comments?post=10455"}],"version-history":[{"count":0,"href":"https:\/\/www.derbedrosian.nl\/pl\/wp-json\/wp\/v2\/pages\/10455\/revisions"}],"up":[{"embeddable":true,"href":"https:\/\/www.derbedrosian.nl\/pl\/wp-json\/wp\/v2\/pages\/10047"}],"wp:attachment":[{"href":"https:\/\/www.derbedrosian.nl\/pl\/wp-json\/wp\/v2\/media?parent=10455"}],"curies":[{"name":"wp","href":"https:\/\/api.w.org\/{rel}","templated":true}]}}