{"id":10760,"date":"2023-05-26T17:55:38","date_gmt":"2023-05-26T15:55:38","guid":{"rendered":"https:\/\/derbedrosian.nl\/?page_id=10760"},"modified":"2025-12-21T16:15:07","modified_gmt":"2025-12-21T14:15:07","slug":"procedure-dasile","status":"publish","type":"page","link":"https:\/\/www.derbedrosian.nl\/fr\/rechtsgebieden\/asielrecht\/asielprocedure\/","title":{"rendered":"Proc\u00e9dure d'asile"},"content":{"rendered":"<div data-elementor-type=\"wp-page\" data-elementor-id=\"10760\" class=\"elementor elementor-10760\" data-elementor-post-type=\"page\">\n\t\t\t\t<div class=\"wd-negative-gap elementor-element elementor-element-ac80093 e-flex e-con-boxed e-con e-parent\" data-id=\"ac80093\" data-element_type=\"container\" data-e-type=\"container\">\n\t\t\t\t\t<div class=\"e-con-inner\">\n\t\t\t\t<div class=\"elementor-element elementor-element-23a1001 elementor-hidden-desktop elementor-hidden-tablet elementor-hidden-mobile elementor-widget elementor-widget-wd_image_or_svg\" data-id=\"23a1001\" data-element_type=\"widget\" data-e-type=\"widget\" id=\"seo-word\" data-widget_type=\"wd_image_or_svg.default\">\n\t\t\t\t<div class=\"elementor-widget-container\">\n\t\t\t\t\t\n\t\t<div class=\"wd-image text-left\">\n\t\t\t\t\t\t\t\t<img loading=\"lazy\" decoding=\"async\" width=\"1000\" height=\"668\" src=\"https:\/\/www.derbedrosian.nl\/wp-content\/uploads\/rechtsgebied-asielprocedure.jpg\" class=\"attachment-full size-full\" alt=\"Proc\u00e9dure d&#039;asile avocat ind demandes de visa droit d&#039;asile\" srcset=\"https:\/\/www.derbedrosian.nl\/wp-content\/uploads\/rechtsgebied-asielprocedure.jpg 1000w, https:\/\/www.derbedrosian.nl\/wp-content\/uploads\/rechtsgebied-asielprocedure-400x267.jpg 400w, https:\/\/www.derbedrosian.nl\/wp-content\/uploads\/rechtsgebied-asielprocedure-768x513.jpg 768w\" sizes=\"auto, (max-width: 1000px) 100vw, 1000px\" title=\"\">\t\t\t\t\t<\/div>\n\n\t\t\t\t\t\t<\/div>\n\t\t\t\t<\/div>\n\t\t\t\t<div class=\"elementor-element elementor-element-b8425c0 elementor-hidden-desktop elementor-hidden-tablet elementor-hidden-mobile elementor-widget elementor-widget-heading\" data-id=\"b8425c0\" data-element_type=\"widget\" data-e-type=\"widget\" id=\"seo-word\" data-widget_type=\"heading.default\">\n\t\t\t\t<div class=\"elementor-widget-container\">\n\t\t\t\t\t<h2 class=\"elementor-heading-title elementor-size-default\">droit d'asile<\/h2>\t\t\t\t<\/div>\n\t\t\t\t<\/div>\n\t\t\t\t<div class=\"elementor-element elementor-element-ea05daa elementor-hidden-desktop elementor-hidden-tablet elementor-hidden-mobile elementor-widget elementor-widget-heading\" data-id=\"ea05daa\" data-element_type=\"widget\" data-e-type=\"widget\" id=\"seo-word\" data-widget_type=\"heading.default\">\n\t\t\t\t<div class=\"elementor-widget-container\">\n\t\t\t\t\t<h5 class=\"elementor-heading-title elementor-size-default\">Proc\u00e9dure de Dublin<\/h5>\t\t\t\t<\/div>\n\t\t\t\t<\/div>\n\t\t\t\t<div class=\"elementor-element elementor-element-65bdf63 elementor-hidden-desktop elementor-hidden-tablet elementor-hidden-mobile elementor-widget elementor-widget-heading\" data-id=\"65bdf63\" data-element_type=\"widget\" data-e-type=\"widget\" id=\"seo-word\" data-widget_type=\"heading.default\">\n\t\t\t\t<div class=\"elementor-widget-container\">\n\t\t\t\t\t<h5 class=\"elementor-heading-title elementor-size-default\">proc\u00e9dure d'asile ind<\/h5>\t\t\t\t<\/div>\n\t\t\t\t<\/div>\n\t\t\t\t<div class=\"elementor-element elementor-element-25f767e elementor-hidden-desktop elementor-hidden-tablet elementor-hidden-mobile elementor-widget elementor-widget-heading\" data-id=\"25f767e\" data-element_type=\"widget\" data-e-type=\"widget\" id=\"seo-word\" data-widget_type=\"heading.default\">\n\t\t\t\t<div class=\"elementor-widget-container\">\n\t\t\t\t\t<h5 class=\"elementor-heading-title elementor-size-default\">Sch\u00e9ma de la proc\u00e9dure d'asile<\/h5>\t\t\t\t<\/div>\n\t\t\t\t<\/div>\n\t\t\t\t<div class=\"elementor-element elementor-element-12ce636 elementor-hidden-desktop elementor-hidden-tablet elementor-hidden-mobile elementor-widget elementor-widget-heading\" data-id=\"12ce636\" data-element_type=\"widget\" data-e-type=\"widget\" id=\"seo-word\" data-widget_type=\"heading.default\">\n\t\t\t\t<div class=\"elementor-widget-container\">\n\t\t\t\t\t<h5 class=\"elementor-heading-title elementor-size-default\">accueil et orientation proc\u00e9dure d'asile accueil et liens liens externes<\/h5>\t\t\t\t<\/div>\n\t\t\t\t<\/div>\n\t\t\t\t<div class=\"elementor-element elementor-element-f968c14 elementor-hidden-desktop elementor-hidden-tablet elementor-hidden-mobile elementor-widget elementor-widget-heading\" data-id=\"f968c14\" data-element_type=\"widget\" data-e-type=\"widget\" id=\"seo-word\" data-widget_type=\"heading.default\">\n\t\t\t\t<div class=\"elementor-widget-container\">\n\t\t\t\t\t<h5 class=\"elementor-heading-title elementor-size-default\">avocat sp\u00e9cialis\u00e9 en droit d'asile<\/h5>\t\t\t\t<\/div>\n\t\t\t\t<\/div>\n\t\t\t\t<div class=\"elementor-element elementor-element-416b663 elementor-hidden-desktop elementor-hidden-tablet elementor-hidden-mobile elementor-widget elementor-widget-heading\" data-id=\"416b663\" data-element_type=\"widget\" data-e-type=\"widget\" id=\"seo-word\" data-widget_type=\"heading.default\">\n\t\t\t\t<div class=\"elementor-widget-container\">\n\t\t\t\t\t<h5 class=\"elementor-heading-title elementor-size-default\">avocat en droit de l'immigration enschede<\/h5>\t\t\t\t<\/div>\n\t\t\t\t<\/div>\n\t\t\t\t<div class=\"elementor-element elementor-element-b631f22 elementor-hidden-desktop elementor-hidden-tablet elementor-hidden-mobile elementor-widget elementor-widget-heading\" data-id=\"b631f22\" data-element_type=\"widget\" data-e-type=\"widget\" id=\"seo-word\" data-widget_type=\"heading.default\">\n\t\t\t\t<div class=\"elementor-widget-container\">\n\t\t\t\t\t<h5 class=\"elementor-heading-title elementor-size-default\">avocat en droit de l'immigration overijssel<\/h5>\t\t\t\t<\/div>\n\t\t\t\t<\/div>\n\t\t\t\t<div class=\"elementor-element elementor-element-60b85c1 elementor-hidden-desktop elementor-hidden-tablet elementor-hidden-mobile elementor-widget elementor-widget-heading\" data-id=\"60b85c1\" data-element_type=\"widget\" data-e-type=\"widget\" id=\"seo-word\" data-widget_type=\"heading.default\">\n\t\t\t\t<div class=\"elementor-widget-container\">\n\t\t\t\t\t<h5 class=\"elementor-heading-title elementor-size-default\">droit des \u00e9trangers enschede<\/h5>\t\t\t\t<\/div>\n\t\t\t\t<\/div>\n\t\t\t\t<div class=\"elementor-element elementor-element-852ae98 elementor-hidden-desktop elementor-hidden-tablet elementor-hidden-mobile elementor-widget elementor-widget-heading\" data-id=\"852ae98\" data-element_type=\"widget\" data-e-type=\"widget\" id=\"seo-word\" data-widget_type=\"heading.default\">\n\t\t\t\t<div class=\"elementor-widget-container\">\n\t\t\t\t\t<h5 class=\"elementor-heading-title elementor-size-default\">avocat enschede aliens law<\/h5>\t\t\t\t<\/div>\n\t\t\t\t<\/div>\n\t\t\t\t<div class=\"elementor-element elementor-element-eb572bc elementor-hidden-desktop elementor-hidden-tablet elementor-hidden-mobile elementor-widget elementor-widget-heading\" data-id=\"eb572bc\" data-element_type=\"widget\" data-e-type=\"widget\" id=\"seo-word\" data-widget_type=\"heading.default\">\n\t\t\t\t<div class=\"elementor-widget-container\">\n\t\t\t\t\t<h5 class=\"elementor-heading-title elementor-size-default\">proc\u00e9dure d'asile accueil et orientation<\/h5>\t\t\t\t<\/div>\n\t\t\t\t<\/div>\n\t\t\t\t<div class=\"elementor-element elementor-element-873a613 elementor-hidden-desktop elementor-hidden-tablet elementor-hidden-mobile elementor-widget elementor-widget-heading\" data-id=\"873a613\" data-element_type=\"widget\" data-e-type=\"widget\" id=\"seo-word\" data-widget_type=\"heading.default\">\n\t\t\t\t<div class=\"elementor-widget-container\">\n\t\t\t\t\t<h5 class=\"elementor-heading-title elementor-size-default\">Pendant la proc\u00e9dure d'asile, l'accueil et le conseil sont tr\u00e8s importants pour les demandeurs d'asile. Ils apportent le soutien et les soins n\u00e9cessaires aux demandeurs d'asile au cours d'une p\u00e9riode souvent complexe et \u00e9motionnelle.\n\nDerbedrosian Immigration Lawyers \u00e0 Enschede et Overijssel comprend les d\u00e9fis auxquels sont confront\u00e9s les demandeurs d'asile, et nous pouvons vous offrir des conseils juridiques et une assistance tout au long de la proc\u00e9dure d'asile. Cette proc\u00e9dure comprend \u00e0 la fois la proc\u00e9dure d'asile normale et la proc\u00e9dure de Dublin, qui d\u00e9termine quel pays europ\u00e9en est responsable de la gestion du dossier d'asile.\n\nEn outre, nous pouvons vous orienter vers des liens externes pertinents et des organisations qui peuvent vous fournir des informations et un soutien suppl\u00e9mentaires pendant la proc\u00e9dure d'asile.\n\nSi vous avez des questions sur la proc\u00e9dure d'asile, la proc\u00e9dure de Dublin, l'accueil et l'orientation, ou si vous avez besoin d'une assistance juridique, n'h\u00e9sitez pas \u00e0 contacter Derbedrosian Immigration Lawyers. Nous sommes pr\u00eats \u00e0 vous aider et \u00e0 veiller \u00e0 ce que vos droits soient prot\u00e9g\u00e9s pendant la proc\u00e9dure d'asile.<\/h5>\t\t\t\t<\/div>\n\t\t\t\t<\/div>\n\t\t\t\t<div class=\"elementor-element elementor-element-140da47 color-scheme-inherit text-left elementor-widget elementor-widget-text-editor\" data-id=\"140da47\" data-element_type=\"widget\" data-e-type=\"widget\" data-widget_type=\"text-editor.default\">\n\t\t\t\t<div class=\"elementor-widget-container\">\n\t\t\t\t\t\t\t\t\t<p><strong>La \"proc\u00e9dure d'asile aux Pays-Bas\" d\u00e9signe le processus par lequel une personne arrive aux Pays-Bas et demande une protection parce qu'elle craint d'\u00eatre pers\u00e9cut\u00e9e, mise en danger ou trait\u00e9e de mani\u00e8re inhumaine dans son pays d'origine. Cette proc\u00e9dure vise \u00e0 d\u00e9terminer si la personne en question peut pr\u00e9tendre au statut de r\u00e9fugi\u00e9 aux Pays-Bas.<\/strong><\/p>\t\t\t\t\t\t\t\t<\/div>\n\t\t\t\t<\/div>\n\t\t\t\t<div class=\"elementor-element elementor-element-dfb52e7 elementor-widget elementor-widget-spacer\" data-id=\"dfb52e7\" data-element_type=\"widget\" data-e-type=\"widget\" data-widget_type=\"spacer.default\">\n\t\t\t\t<div class=\"elementor-widget-container\">\n\t\t\t\t\t\t\t<div class=\"elementor-spacer\">\n\t\t\t<div class=\"elementor-spacer-inner\"><\/div>\n\t\t<\/div>\n\t\t\t\t\t\t<\/div>\n\t\t\t\t<\/div>\n\t\t\t\t<div class=\"elementor-element elementor-element-7e02564 elementor-widget elementor-widget-heading\" data-id=\"7e02564\" data-element_type=\"widget\" data-e-type=\"widget\" data-widget_type=\"heading.default\">\n\t\t\t\t<div class=\"elementor-widget-container\">\n\t\t\t\t\t<h3 class=\"elementor-heading-title elementor-size-default\">En quoi consiste une proc\u00e9dure d'asile ?<\/h3>\t\t\t\t<\/div>\n\t\t\t\t<\/div>\n\t\t\t\t<div class=\"elementor-element elementor-element-671a4c3 color-scheme-inherit text-left elementor-widget elementor-widget-text-editor\" data-id=\"671a4c3\" data-element_type=\"widget\" data-e-type=\"widget\" data-widget_type=\"text-editor.default\">\n\t\t\t\t<div class=\"elementor-widget-container\">\n\t\t\t\t\t\t\t\t\t<p>Une proc\u00e9dure d'asile est une d\u00e9marche entreprise lorsqu'une personne arrive dans un autre pays et demande une protection. Cette proc\u00e9dure vise \u00e0 d\u00e9terminer si la personne peut pr\u00e9tendre au statut de r\u00e9fugi\u00e9 dans ce pays.<\/p><p>Aux Pays-Bas, par exemple, une proc\u00e9dure d'asile commence lorsqu'une personne arrive et soumet une demande de protection au service d'immigration et de naturalisation (IND). Cette proc\u00e9dure comprend l'enregistrement, les auditions, l'enqu\u00eate et, en fin de compte, une d\u00e9cision sur le statut d'asile de la personne.<\/p><p>En g\u00e9n\u00e9ral, une proc\u00e9dure d'asile est d\u00e9clench\u00e9e lorsqu'une personne craint des pers\u00e9cutions, des conditions dangereuses ou des violations des droits de l'homme dans son pays d'origine. L'objectif est de faire en sorte que les personnes ayant besoin d'une protection puissent l'obtenir conform\u00e9ment aux lois et conventions nationales et internationales applicables.<\/p>\t\t\t\t\t\t\t\t<\/div>\n\t\t\t\t<\/div>\n\t\t\t\t<div class=\"elementor-element elementor-element-4d59641 elementor-widget elementor-widget-spacer\" data-id=\"4d59641\" data-element_type=\"widget\" data-e-type=\"widget\" data-widget_type=\"spacer.default\">\n\t\t\t\t<div class=\"elementor-widget-container\">\n\t\t\t\t\t\t\t<div class=\"elementor-spacer\">\n\t\t\t<div class=\"elementor-spacer-inner\"><\/div>\n\t\t<\/div>\n\t\t\t\t\t\t<\/div>\n\t\t\t\t<\/div>\n\t\t\t\t<div class=\"elementor-element elementor-element-9796498 elementor-widget elementor-widget-heading\" data-id=\"9796498\" data-element_type=\"widget\" data-e-type=\"widget\" data-widget_type=\"heading.default\">\n\t\t\t\t<div class=\"elementor-widget-container\">\n\t\t\t\t\t<h3 class=\"elementor-heading-title elementor-size-default\">Les diff\u00e9rents types de proc\u00e9dures d'asile<\/h3>\t\t\t\t<\/div>\n\t\t\t\t<\/div>\n\t\t\t\t<div class=\"elementor-element elementor-element-d5cfdae color-scheme-inherit text-left elementor-widget elementor-widget-text-editor\" data-id=\"d5cfdae\" data-element_type=\"widget\" data-e-type=\"widget\" data-widget_type=\"text-editor.default\">\n\t\t\t\t<div class=\"elementor-widget-container\">\n\t\t\t\t\t\t\t\t\t<p>Dans le domaine complexe des proc\u00e9dures d'asile, il existe diff\u00e9rentes proc\u00e9dures pour r\u00e9pondre aux diff\u00e9rentes situations et aux diff\u00e9rents besoins des demandeurs d'asile. Nous examinerons ces proc\u00e9dures plus en d\u00e9tail ci-dessous :<\/p>\n<p><strong>Proc\u00e9dure d'asile g\u00e9n\u00e9rale (AA) :<\/strong>&nbsp;il s'agit d'une proc\u00e9dure standard qui est trait\u00e9e rapidement, g\u00e9n\u00e9ralement dans les six jours.<\/p>\n<p><strong>Proc\u00e9dure d'asile \u00e9tendue (VA) :<\/strong>&nbsp;cette proc\u00e9dure prend beaucoup plus de temps, parfois des mois. Elle s'applique dans des situations sp\u00e9cifiques :<\/p>\n<ul>\n<li><a href=\"https:\/\/www.derbedrosian.nl\/fr\/juridictions\/droit-dasile\/demandes-dasile-repetees-aa\/\"><strong>Demande d'asile r\u00e9p\u00e9t\u00e9e (HASA) :<\/strong><\/a>&nbsp;si votre demande a \u00e9t\u00e9 rejet\u00e9e mais que vous disposez de nouvelles informations, vous pouvez pr\u00e9senter une nouvelle demande.<\/li>\n<li><a href=\"https:\/\/www.derbedrosian.nl\/fr\/juridictions\/droit-dasile\/procedure-de-dublin\/\"><strong>Proc\u00e9dure de Dublin :<\/strong><\/a> s'il n'est pas clair quel pays de l'UE est responsable, la proc\u00e9dure de Dublin est utilis\u00e9e pour clarifier la situation.<\/li>\n<li><strong>Proc\u00e9dure aux fronti\u00e8res (GP) :<\/strong>&nbsp;Pour les demandeurs d'asile arrivant \u00e0 la fronti\u00e8re sans demande pr\u00e9alable.<\/li>\n<li><strong>Proc\u00e9dure d'asile pour les mineurs non accompagn\u00e9s (UMFN) :<\/strong>&nbsp;en particulier pour les mineurs non accompagn\u00e9s.<\/li>\n<\/ul>\t\t\t\t\t\t\t\t<\/div>\n\t\t\t\t<\/div>\n\t\t\t\t<div class=\"elementor-element elementor-element-f5bc0db elementor-widget elementor-widget-spacer\" data-id=\"f5bc0db\" data-element_type=\"widget\" data-e-type=\"widget\" data-widget_type=\"spacer.default\">\n\t\t\t\t<div class=\"elementor-widget-container\">\n\t\t\t\t\t\t\t<div class=\"elementor-spacer\">\n\t\t\t<div class=\"elementor-spacer-inner\"><\/div>\n\t\t<\/div>\n\t\t\t\t\t\t<\/div>\n\t\t\t\t<\/div>\n\t\t\t\t<div class=\"elementor-element elementor-element-2a40d8f elementor-widget elementor-widget-heading\" data-id=\"2a40d8f\" data-element_type=\"widget\" data-e-type=\"widget\" data-widget_type=\"heading.default\">\n\t\t\t\t<div class=\"elementor-widget-container\">\n\t\t\t\t\t<h3 class=\"elementor-heading-title elementor-size-default\">Proc\u00e9dure g\u00e9n\u00e9rale d'asile<\/h3>\t\t\t\t<\/div>\n\t\t\t\t<\/div>\n\t\t\t\t<div class=\"elementor-element elementor-element-c80e200 color-scheme-inherit text-left elementor-widget elementor-widget-text-editor\" data-id=\"c80e200\" data-element_type=\"widget\" data-e-type=\"widget\" data-widget_type=\"text-editor.default\">\n\t\t\t\t<div class=\"elementor-widget-container\">\n\t\t\t\t\t\t\t\t\t<p>La proc\u00e9dure d'asile g\u00e9n\u00e9rale est une proc\u00e9dure qui dure au total huit jours. Au d\u00e9but de la proc\u00e9dure, le demandeur d'asile est pr\u00e9par\u00e9 par un avocat exp\u00e9riment\u00e9. Vous trouverez ci-dessous un aper\u00e7u de ces \u00e9tapes pour chaque jour de la proc\u00e9dure :<\/p><ul><li><strong>Jour 1 :<\/strong>\u00a0le premier jour de l'introduction de la demande d'asile, et le demandeur d'asile est soumis \u00e0 la premi\u00e8re audition. Lors de cette audition, le demandeur d'asile raconte son histoire et les raisons de sa demande d'asile.<\/li><li><strong>Jour 2 :<\/strong>\u00a0le deuxi\u00e8me jour, une r\u00e9union a lieu entre l'avocat et le demandeur d'asile. C'est l'occasion de poser des questions et de discuter d'\u00e9ventuelles pr\u00e9occupations, ainsi que de comprendre la suite de la proc\u00e9dure.<\/li><li><strong>Troisi\u00e8me jour<\/strong>le troisi\u00e8me jour comprend l'entretien sur les motivations du demandeur d'asile. Il s'agit d'une \u00e9valuation approfondie des raisons sous-jacentes \u00e0 la demande d'asile.<\/li><li><strong>Jour 4 :<\/strong>\u00a0apr\u00e8s l'audition, une autre r\u00e9union est organis\u00e9e entre l'avocat et le demandeur d'asile pour discuter de l'audition et fournir des informations suppl\u00e9mentaires si n\u00e9cessaire.<\/li><li><strong>Jour 5 :<\/strong>\u00a0le cinqui\u00e8me jour, le service d'immigration et de naturalisation (IND) prend une d\u00e9cision sur la demande d'asile, qui peut conduire \u00e0 son octroi ou \u00e0 son rejet.<\/li><li><strong>Jour 6 :<\/strong>\u00a0en cas de rejet, une intention de rejet est d'abord \u00e9mise. L'avocat a alors la possibilit\u00e9 de pr\u00e9senter un avis \u00e9crit au nom du demandeur d'asile.<\/li><li><strong>Jour 7 :<\/strong>\u00a0ce jour-l\u00e0, la d\u00e9cision finale sur la demande d'asile est prise, en tenant compte du point de vue pr\u00e9sent\u00e9 et d'autres facteurs pertinents.<\/li><li><strong>Jour 8 :<\/strong>\u00a0en cas de d\u00e9cision n\u00e9gative, l'avocat doit introduire un recours aupr\u00e8s du tribunal au plus tard le jour suivant. Il s'agit d'une \u00e9tape cruciale pour que l'affaire soit examin\u00e9e plus avant et pour prot\u00e9ger les int\u00e9r\u00eats du demandeur d'asile.<\/li><\/ul><p>Cette proc\u00e9dure garantit que les demandeurs d'asile ont une chance \u00e9quitable de pr\u00e9senter leur dossier et de d\u00e9fendre leurs droits. Il est essentiel que vous soyez assist\u00e9 par un avocat exp\u00e9riment\u00e9 afin de vous assurer que tout est conforme \u00e0 la loi.<\/p>\t\t\t\t\t\t\t\t<\/div>\n\t\t\t\t<\/div>\n\t\t\t\t<div class=\"elementor-element elementor-element-d4aca6f elementor-widget elementor-widget-spacer\" data-id=\"d4aca6f\" data-element_type=\"widget\" data-e-type=\"widget\" data-widget_type=\"spacer.default\">\n\t\t\t\t<div class=\"elementor-widget-container\">\n\t\t\t\t\t\t\t<div class=\"elementor-spacer\">\n\t\t\t<div class=\"elementor-spacer-inner\"><\/div>\n\t\t<\/div>\n\t\t\t\t\t\t<\/div>\n\t\t\t\t<\/div>\n\t\t\t\t<div class=\"elementor-element elementor-element-152b30a elementor-widget elementor-widget-heading\" data-id=\"152b30a\" data-element_type=\"widget\" data-e-type=\"widget\" data-widget_type=\"heading.default\">\n\t\t\t\t<div class=\"elementor-widget-container\">\n\t\t\t\t\t<h3 class=\"elementor-heading-title elementor-size-default\">Appel<\/h3>\t\t\t\t<\/div>\n\t\t\t\t<\/div>\n\t\t\t\t<div class=\"elementor-element elementor-element-4c10339 color-scheme-inherit text-left elementor-widget elementor-widget-text-editor\" data-id=\"4c10339\" data-element_type=\"widget\" data-e-type=\"widget\" data-widget_type=\"text-editor.default\">\n\t\t\t\t<div class=\"elementor-widget-container\">\n\t\t\t\t\t\t\t\t\t<p>Apr\u00e8s avoir d\u00e9cid\u00e9 de faire appel, l'affaire sera trait\u00e9e avec soin par le tribunal. Dans un d\u00e9lai de quatre semaines, le tribunal examinera et \u00e9valuera votre recours. Pendant cette p\u00e9riode, vous serez autoris\u00e9 \u00e0 rester aux Pays-Bas et \u00e0 attendre le r\u00e9sultat de la d\u00e9cision.<\/p><p>Si le tribunal rend une d\u00e9cision n\u00e9gative, il est possible de faire appel. Cela vous donne une occasion suppl\u00e9mentaire de faire r\u00e9examiner votre dossier et de d\u00e9fendre votre droit \u00e0 l'asile.<\/p>\t\t\t\t\t\t\t\t<\/div>\n\t\t\t\t<\/div>\n\t\t\t\t<div class=\"elementor-element elementor-element-f7d4c4c elementor-widget elementor-widget-spacer\" data-id=\"f7d4c4c\" data-element_type=\"widget\" data-e-type=\"widget\" data-widget_type=\"spacer.default\">\n\t\t\t\t<div class=\"elementor-widget-container\">\n\t\t\t\t\t\t\t<div class=\"elementor-spacer\">\n\t\t\t<div class=\"elementor-spacer-inner\"><\/div>\n\t\t<\/div>\n\t\t\t\t\t\t<\/div>\n\t\t\t\t<\/div>\n\t\t\t\t<div class=\"elementor-element elementor-element-003382e elementor-widget elementor-widget-heading\" data-id=\"003382e\" data-element_type=\"widget\" data-e-type=\"widget\" data-widget_type=\"heading.default\">\n\t\t\t\t<div class=\"elementor-widget-container\">\n\t\t\t\t\t<h3 class=\"elementor-heading-title elementor-size-default\">Avocat proc\u00e9dure d'asile<\/h3>\t\t\t\t<\/div>\n\t\t\t\t<\/div>\n\t\t\t\t<div class=\"elementor-element elementor-element-ea92e9c color-scheme-inherit text-left elementor-widget elementor-widget-text-editor\" data-id=\"ea92e9c\" data-element_type=\"widget\" data-e-type=\"widget\" data-widget_type=\"text-editor.default\">\n\t\t\t\t<div class=\"elementor-widget-container\">\n\t\t\t\t\t\t\t\t\t<p>Il est vivement conseill\u00e9 de b\u00e9n\u00e9ficier de l'assistance et de l'expertise de juristes exp\u00e9riment\u00e9s au cours de cette proc\u00e9dure.<\/p><p>Le <a href=\"https:\/\/www.derbedrosian.nl\/fr\/avocats\/\">avocats du cabinet Der Bedrosian<\/a> sont sp\u00e9cialis\u00e9s dans la <a href=\"https:\/\/www.derbedrosian.nl\/fr\/juridictions\/droit-dasile\/\">droit d'asile<\/a>. Ils sont pr\u00eats \u00e0 vous soutenir tout au long du processus,<span style=\"font-size: 17.6px; letter-spacing: var( --e-global-typography-text-letter-spacing ); text-transform: var( --e-global-typography-text-text-transform ); word-spacing: var( --e-global-typography-text-word-spacing ); color: var(--wd-text-color);\">\u00a0faire le n\u00e9cessaire pour d\u00e9fendre vos droits et obtenir un r\u00e9sultat positif pour votre demande d'asile.<\/span><\/p><p>N'h\u00e9sitez pas \u00e0 nous contacter pour obtenir des conseils gratuits afin de discuter de votre situation.<\/p>\t\t\t\t\t\t\t\t<\/div>\n\t\t\t\t<\/div>\n\t\t\t\t\t<\/div>\n\t\t\t\t<\/div>\n\t\t\t\t<\/div>","protected":false},"excerpt":{"rendered":"<p>droit d'asile proc\u00e9dure de Dublin proc\u00e9dure d'asile ind proc\u00e9dure d'asile sch\u00e9ma accueil et accompagnement la proc\u00e9dure d'asile accueil et liens liens externes droit d'asile avocat sp\u00e9cialis\u00e9 en droit des \u00e9trangers<\/p>","protected":false},"author":1,"featured_media":0,"parent":10757,"menu_order":0,"comment_status":"closed","ping_status":"closed","template":"","meta":{"footnotes":""},"class_list":["post-10760","page","type-page","status-publish","hentry"],"_links":{"self":[{"href":"https:\/\/www.derbedrosian.nl\/fr\/wp-json\/wp\/v2\/pages\/10760","targetHints":{"allow":["GET"]}}],"collection":[{"href":"https:\/\/www.derbedrosian.nl\/fr\/wp-json\/wp\/v2\/pages"}],"about":[{"href":"https:\/\/www.derbedrosian.nl\/fr\/wp-json\/wp\/v2\/types\/page"}],"author":[{"embeddable":true,"href":"https:\/\/www.derbedrosian.nl\/fr\/wp-json\/wp\/v2\/users\/1"}],"replies":[{"embeddable":true,"href":"https:\/\/www.derbedrosian.nl\/fr\/wp-json\/wp\/v2\/comments?post=10760"}],"version-history":[{"count":0,"href":"https:\/\/www.derbedrosian.nl\/fr\/wp-json\/wp\/v2\/pages\/10760\/revisions"}],"up":[{"embeddable":true,"href":"https:\/\/www.derbedrosian.nl\/fr\/wp-json\/wp\/v2\/pages\/10757"}],"wp:attachment":[{"href":"https:\/\/www.derbedrosian.nl\/fr\/wp-json\/wp\/v2\/media?parent=10760"}],"curies":[{"name":"wp","href":"https:\/\/api.w.org\/{rel}","templated":true}]}}