{"id":10727,"date":"2023-05-26T16:55:34","date_gmt":"2023-05-26T14:55:34","guid":{"rendered":"https:\/\/derbedrosian.nl\/?page_id=10727"},"modified":"2025-12-21T16:12:09","modified_gmt":"2025-12-21T14:12:09","slug":"detention-des-immigrants","status":"publish","type":"page","link":"https:\/\/www.derbedrosian.nl\/fr\/rechtsgebieden\/vreemdelingenrecht\/vreemdelingenbewaring\/","title":{"rendered":"D\u00e9tention d'immigrants"},"content":{"rendered":"<div data-elementor-type=\"wp-page\" data-elementor-id=\"10727\" class=\"elementor elementor-10727\" data-elementor-post-type=\"page\">\n\t\t\t\t<div class=\"wd-negative-gap elementor-element elementor-element-dbfc251 e-flex e-con-boxed e-con e-parent\" data-id=\"dbfc251\" data-element_type=\"container\" data-e-type=\"container\">\n\t\t\t\t\t<div class=\"e-con-inner\">\n\t\t\t\t<div class=\"elementor-element elementor-element-bf87fe9 elementor-hidden-desktop elementor-hidden-tablet elementor-hidden-mobile elementor-widget elementor-widget-wd_image_or_svg\" data-id=\"bf87fe9\" data-element_type=\"widget\" data-e-type=\"widget\" id=\"seo-word\" data-widget_type=\"wd_image_or_svg.default\">\n\t\t\t\t<div class=\"elementor-widget-container\">\n\t\t\t\t\t\n\t\t<div class=\"wd-image text-left\">\n\t\t\t\t\t\t\t\t<img loading=\"lazy\" decoding=\"async\" width=\"1000\" height=\"667\" src=\"https:\/\/www.derbedrosian.nl\/wp-content\/uploads\/rechtsgebied-vreemdelingenbewaring.jpg\" class=\"attachment-full size-full\" alt=\"avocat sp\u00e9cialis\u00e9 en droit de l&#039;immigration proc\u00e9dure IND avis d&#039;objection\" srcset=\"https:\/\/www.derbedrosian.nl\/wp-content\/uploads\/rechtsgebied-vreemdelingenbewaring.jpg 1000w, https:\/\/www.derbedrosian.nl\/wp-content\/uploads\/rechtsgebied-vreemdelingenbewaring-400x267.jpg 400w, https:\/\/www.derbedrosian.nl\/wp-content\/uploads\/rechtsgebied-vreemdelingenbewaring-768x512.jpg 768w\" sizes=\"auto, (max-width: 1000px) 100vw, 1000px\" title=\"\">\t\t\t\t\t<\/div>\n\n\t\t\t\t\t\t<\/div>\n\t\t\t\t<\/div>\n\t\t\t\t<div class=\"elementor-element elementor-element-de0b22f elementor-hidden-desktop elementor-hidden-tablet elementor-hidden-mobile elementor-widget elementor-widget-heading\" data-id=\"de0b22f\" data-element_type=\"widget\" data-e-type=\"widget\" id=\"seo-word\" data-widget_type=\"heading.default\">\n\t\t\t\t<div class=\"elementor-widget-container\">\n\t\t\t\t\t<h2 class=\"elementor-heading-title elementor-size-default\">droit de l'immigration<\/h2>\t\t\t\t<\/div>\n\t\t\t\t<\/div>\n\t\t\t\t<div class=\"elementor-element elementor-element-a0df7e7 elementor-hidden-desktop elementor-hidden-tablet elementor-hidden-mobile elementor-widget elementor-widget-heading\" data-id=\"a0df7e7\" data-element_type=\"widget\" data-e-type=\"widget\" id=\"seo-word\" data-widget_type=\"heading.default\">\n\t\t\t\t<div class=\"elementor-widget-container\">\n\t\t\t\t\t<h5 class=\"elementor-heading-title elementor-size-default\">centres de d\u00e9tention<\/h5>\t\t\t\t<\/div>\n\t\t\t\t<\/div>\n\t\t\t\t<div class=\"elementor-element elementor-element-6cd189c elementor-hidden-desktop elementor-hidden-tablet elementor-hidden-mobile elementor-widget elementor-widget-heading\" data-id=\"6cd189c\" data-element_type=\"widget\" data-e-type=\"widget\" id=\"seo-word\" data-widget_type=\"heading.default\">\n\t\t\t\t<div class=\"elementor-widget-container\">\n\t\t\t\t\t<h5 class=\"elementor-heading-title elementor-size-default\">proc\u00e9dure de d\u00e9tention des immigrants<\/h5>\t\t\t\t<\/div>\n\t\t\t\t<\/div>\n\t\t\t\t<div class=\"elementor-element elementor-element-2aca1c1 elementor-hidden-desktop elementor-hidden-tablet elementor-hidden-mobile elementor-widget elementor-widget-heading\" data-id=\"2aca1c1\" data-element_type=\"widget\" data-e-type=\"widget\" id=\"seo-word\" data-widget_type=\"heading.default\">\n\t\t\t\t<div class=\"elementor-widget-container\">\n\t\t\t\t\t<h5 class=\"elementor-heading-title elementor-size-default\">Qu'est-ce que la d\u00e9tention des immigrants ?<\/h5>\t\t\t\t<\/div>\n\t\t\t\t<\/div>\n\t\t\t\t<div class=\"elementor-element elementor-element-263ceb7 elementor-hidden-desktop elementor-hidden-tablet elementor-hidden-mobile elementor-widget elementor-widget-heading\" data-id=\"263ceb7\" data-element_type=\"widget\" data-e-type=\"widget\" id=\"seo-word\" data-widget_type=\"heading.default\">\n\t\t\t\t<div class=\"elementor-widget-container\">\n\t\t\t\t\t<h5 class=\"elementor-heading-title elementor-size-default\">loi sur le retour et la d\u00e9tention des immigrants du r\u00e8glement texte source modifier texte source<\/h5>\t\t\t\t<\/div>\n\t\t\t\t<\/div>\n\t\t\t\t<div class=\"elementor-element elementor-element-3400175 elementor-hidden-desktop elementor-hidden-tablet elementor-hidden-mobile elementor-widget elementor-widget-heading\" data-id=\"3400175\" data-element_type=\"widget\" data-e-type=\"widget\" id=\"seo-word\" data-widget_type=\"heading.default\">\n\t\t\t\t<div class=\"elementor-widget-container\">\n\t\t\t\t\t<h5 class=\"elementor-heading-title elementor-size-default\">avocat en droit de l'immigration enschede<\/h5>\t\t\t\t<\/div>\n\t\t\t\t<\/div>\n\t\t\t\t<div class=\"elementor-element elementor-element-2fbf4f8 elementor-hidden-desktop elementor-hidden-tablet elementor-hidden-mobile elementor-widget elementor-widget-heading\" data-id=\"2fbf4f8\" data-element_type=\"widget\" data-e-type=\"widget\" id=\"seo-word\" data-widget_type=\"heading.default\">\n\t\t\t\t<div class=\"elementor-widget-container\">\n\t\t\t\t\t<h5 class=\"elementor-heading-title elementor-size-default\">avocat en droit de l'immigration overijssel<\/h5>\t\t\t\t<\/div>\n\t\t\t\t<\/div>\n\t\t\t\t<div class=\"elementor-element elementor-element-1927f21 elementor-hidden-desktop elementor-hidden-tablet elementor-hidden-mobile elementor-widget elementor-widget-heading\" data-id=\"1927f21\" data-element_type=\"widget\" data-e-type=\"widget\" id=\"seo-word\" data-widget_type=\"heading.default\">\n\t\t\t\t<div class=\"elementor-widget-container\">\n\t\t\t\t\t<h5 class=\"elementor-heading-title elementor-size-default\">droit des \u00e9trangers enschede<\/h5>\t\t\t\t<\/div>\n\t\t\t\t<\/div>\n\t\t\t\t<div class=\"elementor-element elementor-element-cf98bea elementor-hidden-desktop elementor-hidden-tablet elementor-hidden-mobile elementor-widget elementor-widget-heading\" data-id=\"cf98bea\" data-element_type=\"widget\" data-e-type=\"widget\" id=\"seo-word\" data-widget_type=\"heading.default\">\n\t\t\t\t<div class=\"elementor-widget-container\">\n\t\t\t\t\t<h5 class=\"elementor-heading-title elementor-size-default\">avocat enschede aliens law<\/h5>\t\t\t\t<\/div>\n\t\t\t\t<\/div>\n\t\t\t\t<div class=\"elementor-element elementor-element-c13de8e elementor-hidden-desktop elementor-hidden-tablet elementor-hidden-mobile elementor-widget elementor-widget-heading\" data-id=\"c13de8e\" data-element_type=\"widget\" data-e-type=\"widget\" id=\"seo-word\" data-widget_type=\"heading.default\">\n\t\t\t\t<div class=\"elementor-widget-container\">\n\t\t\t\t\t<h5 class=\"elementor-heading-title elementor-size-default\">ill\u00e9gal aux pays-bas<\/h5>\t\t\t\t<\/div>\n\t\t\t\t<\/div>\n\t\t\t\t<div class=\"elementor-element elementor-element-b205c34 elementor-widget elementor-widget-heading\" data-id=\"b205c34\" data-element_type=\"widget\" data-e-type=\"widget\" data-widget_type=\"heading.default\">\n\t\t\t\t<div class=\"elementor-widget-container\">\n\t\t\t\t\t<h3 class=\"elementor-heading-title elementor-size-default\">Quand parle-t-on de d\u00e9tention des immigrants ?<\/h3>\t\t\t\t<\/div>\n\t\t\t\t<\/div>\n\t\t\t\t<div class=\"elementor-element elementor-element-861d1dd color-scheme-inherit text-left elementor-widget elementor-widget-text-editor\" data-id=\"861d1dd\" data-element_type=\"widget\" data-e-type=\"widget\" data-widget_type=\"text-editor.default\">\n\t\t\t\t<div class=\"elementor-widget-container\">\n\t\t\t\t\t\t\t\t\t<p>La d\u00e9tention est une mesure l\u00e9gale appliqu\u00e9e \u00e0 un ressortissant \u00e9tranger qui n'a plus de permis de s\u00e9jour valide aux Pays-Bas. Le ressortissant \u00e9tranger est alors plac\u00e9 en d\u00e9tention. Cette mesure peut avoir diff\u00e9rentes causes, telles que l'expiration ou la r\u00e9vocation du permis de s\u00e9jour, ou le fait de ne pas remplir les conditions de s\u00e9jour.\u00a0<\/p><p><span style=\"color: var(--wd-text-color); font-size: 17.6px; letter-spacing: var( --e-global-typography-text-letter-spacing ); text-transform: var( --e-global-typography-text-text-transform ); word-spacing: var( --e-global-typography-text-word-spacing );\">Au cours de cette proc\u00e9dure, les droits de la personne concern\u00e9e sont soigneusement respect\u00e9s, y compris le droit \u00e0 une repr\u00e9sentation juridique et le droit de s'opposer \u00e0 la conservation.<\/span><\/p>\t\t\t\t\t\t\t\t<\/div>\n\t\t\t\t<\/div>\n\t\t\t\t<div class=\"elementor-element elementor-element-9e935c8 elementor-widget elementor-widget-spacer\" data-id=\"9e935c8\" data-element_type=\"widget\" data-e-type=\"widget\" data-widget_type=\"spacer.default\">\n\t\t\t\t<div class=\"elementor-widget-container\">\n\t\t\t\t\t\t\t<div class=\"elementor-spacer\">\n\t\t\t<div class=\"elementor-spacer-inner\"><\/div>\n\t\t<\/div>\n\t\t\t\t\t\t<\/div>\n\t\t\t\t<\/div>\n\t\t\t\t<div class=\"elementor-element elementor-element-506a64c elementor-widget elementor-widget-heading\" data-id=\"506a64c\" data-element_type=\"widget\" data-e-type=\"widget\" data-widget_type=\"heading.default\">\n\t\t\t\t<div class=\"elementor-widget-container\">\n\t\t\t\t\t<h3 class=\"elementor-heading-title elementor-size-default\">Quel est l'objectif de la \"d\u00e9tention des \u00e9trangers\" ?<\/h3>\t\t\t\t<\/div>\n\t\t\t\t<\/div>\n\t\t\t\t<div class=\"elementor-element elementor-element-128cb4f color-scheme-inherit text-left elementor-widget elementor-widget-text-editor\" data-id=\"128cb4f\" data-element_type=\"widget\" data-e-type=\"widget\" data-widget_type=\"text-editor.default\">\n\t\t\t\t<div class=\"elementor-widget-container\">\n\t\t\t\t\t\t\t\t\t<p>L'objectif principal de la d\u00e9tention des immigrants est d'emp\u00eacher la personne concern\u00e9e de r\u00e9sister \u00e0 l'expulsion. Elle n'est pas consid\u00e9r\u00e9e comme une punition, mais plut\u00f4t comme une mesure visant \u00e0 s'assurer que la personne reste disponible pour un retour planifi\u00e9 dans son pays d'origine. La mesure est bas\u00e9e sur l'id\u00e9e qu'une personne ne peut plus r\u00e9sider l\u00e9galement aux Pays-Bas, ce qui peut \u00eatre d\u00fb, par exemple, \u00e0 un permis de s\u00e9jour non valide. La d\u00e9tention d'immigrants est donc utilis\u00e9e pour garantir le respect des lois applicables en mati\u00e8re d'immigration et pour permettre une expulsion en bonne et due forme.<\/p>\t\t\t\t\t\t\t\t<\/div>\n\t\t\t\t<\/div>\n\t\t\t\t<div class=\"elementor-element elementor-element-e582d9e elementor-widget elementor-widget-spacer\" data-id=\"e582d9e\" data-element_type=\"widget\" data-e-type=\"widget\" data-widget_type=\"spacer.default\">\n\t\t\t\t<div class=\"elementor-widget-container\">\n\t\t\t\t\t\t\t<div class=\"elementor-spacer\">\n\t\t\t<div class=\"elementor-spacer-inner\"><\/div>\n\t\t<\/div>\n\t\t\t\t\t\t<\/div>\n\t\t\t\t<\/div>\n\t\t\t\t<div class=\"elementor-element elementor-element-ba5e27f elementor-widget elementor-widget-heading\" data-id=\"ba5e27f\" data-element_type=\"widget\" data-e-type=\"widget\" data-widget_type=\"heading.default\">\n\t\t\t\t<div class=\"elementor-widget-container\">\n\t\t\t\t\t<h3 class=\"elementor-heading-title elementor-size-default\">Proc\u00e9dure de d\u00e9tention d'immigrants ind<\/h3>\t\t\t\t<\/div>\n\t\t\t\t<\/div>\n\t\t\t\t<div class=\"elementor-element elementor-element-a49a196 color-scheme-inherit text-left elementor-widget elementor-widget-text-editor\" data-id=\"a49a196\" data-element_type=\"widget\" data-e-type=\"widget\" data-widget_type=\"text-editor.default\">\n\t\t\t\t<div class=\"elementor-widget-container\">\n\t\t\t\t\t\t\t\t\t<p>La proc\u00e9dure de d\u00e9tention des immigrants comporte de nombreuses \u00e9tapes. Nous avons \u00e9num\u00e9r\u00e9 ci-dessous le processus g\u00e9n\u00e9ral.<\/p><ul><li><strong>Avocat :<\/strong> Lorsque vous \u00eates plac\u00e9 en d\u00e9tention par les services de l'immigration, un avocat vous sera attribu\u00e9 pour vous assister sur le plan juridique. Cet avocat commencera imm\u00e9diatement \u00e0 pr\u00e9parer votre recours.<\/li><li><strong>D\u00e9p\u00f4t d'un acte de recours :<\/strong>\u00a0l'avocat qui vous a \u00e9t\u00e9 attribu\u00e9 entamera la proc\u00e9dure en soumettant un avis d'appel num\u00e9riquement par le biais de la plateforme appel\u00e9e \"My Judiciary\" (Mon syst\u00e8me judiciaire). Ce recours est un document juridique officiel consignant vos objections \u00e0 la d\u00e9tention par les services d'immigration.<\/li><li><strong>Si\u00e8ge :<\/strong>\u00a0dans les 14 jours suivant le d\u00e9p\u00f4t de l'acte d'appel, le tribunal enverra une citation \u00e0 compara\u00eetre \u00e0 votre avocat. Comme vous \u00eates en garde \u00e0 vue, vous ne vous rendrez pas seul au tribunal. Vous serez escort\u00e9 au tribunal, o\u00f9 votre affaire sera entendue.<\/li><li><strong>Verdict :<\/strong>\u00a0Apr\u00e8s l'audience, le juge rendra une d\u00e9cision. Si le juge d\u00e9cide de faire droit \u00e0 votre appel, cela signifie qu'il vous a donn\u00e9 raison. Dans ce cas, le juge l\u00e8vera la mesure de d\u00e9tention de l'immigration, ce qui signifie que vous ne pouvez plus \u00eatre d\u00e9tenu. Cependant, si le juge d\u00e9cide de d\u00e9clarer votre appel non fond\u00e9, vous resterez d\u00e9tenu et la mesure de d\u00e9tention de l'immigration restera en vigueur.<\/li><li><strong>Appel de suivi :<\/strong>\u00a0il est important de savoir que vous avez toujours le droit de faire appel du maintien en d\u00e9tention des immigrants. C'est ce que l'on appelle d\u00e9poser un recours de suivi. Votre avocat d\u00e9posera \u00e0 nouveau un recours expliquant pourquoi la d\u00e9tention devrait \u00eatre d\u00e9clar\u00e9e ill\u00e9gale.<\/li><li><strong>Appel :<\/strong> Vous et le Service de l'immigration et de la naturalisation (IND) avez la possibilit\u00e9 de faire appel. Ce recours est trait\u00e9 par la section de droit administratif du Conseil d'\u00c9tat, une haute instance judiciaire. Votre dossier y est r\u00e9examin\u00e9 sur la base d'arguments juridiques et de preuves.<\/li><\/ul>\t\t\t\t\t\t\t\t<\/div>\n\t\t\t\t<\/div>\n\t\t\t\t<div class=\"elementor-element elementor-element-f831bae elementor-widget elementor-widget-spacer\" data-id=\"f831bae\" data-element_type=\"widget\" data-e-type=\"widget\" data-widget_type=\"spacer.default\">\n\t\t\t\t<div class=\"elementor-widget-container\">\n\t\t\t\t\t\t\t<div class=\"elementor-spacer\">\n\t\t\t<div class=\"elementor-spacer-inner\"><\/div>\n\t\t<\/div>\n\t\t\t\t\t\t<\/div>\n\t\t\t\t<\/div>\n\t\t\t\t<div class=\"elementor-element elementor-element-a0161b8 elementor-widget elementor-widget-heading\" data-id=\"a0161b8\" data-element_type=\"widget\" data-e-type=\"widget\" data-widget_type=\"heading.default\">\n\t\t\t\t<div class=\"elementor-widget-container\">\n\t\t\t\t\t<h3 class=\"elementor-heading-title elementor-size-default\">Avocat sp\u00e9cialis\u00e9 dans la d\u00e9tention d'immigrants<\/h3>\t\t\t\t<\/div>\n\t\t\t\t<\/div>\n\t\t\t\t<div class=\"elementor-element elementor-element-8c43dd1 color-scheme-inherit text-left elementor-widget elementor-widget-text-editor\" data-id=\"8c43dd1\" data-element_type=\"widget\" data-e-type=\"widget\" data-widget_type=\"text-editor.default\">\n\t\t\t\t<div class=\"elementor-widget-container\">\n\t\t\t\t\t\t\t\t\t<p>Le syst\u00e8me juridique vous permet de faire appel de l'imposition de la mesure de d\u00e9tention devant le tribunal. Il s'agit d'une \u00e9tape importante pour recouvrer votre libert\u00e9 ou am\u00e9liorer les conditions de votre d\u00e9tention.<\/p><p>Le <a href=\"https:\/\/www.derbedrosian.nl\/fr\/avocats\/\">avocats sp\u00e9cialis\u00e9s en droit de l'immigration<\/a> Les avocats du cabinet Der Bedrosian ont l'exp\u00e9rience et l'expertise n\u00e9cessaires pour assister les clients dans de telles affaires. Ils vous guideront tout au long de la proc\u00e9dure juridique, depuis le d\u00e9p\u00f4t des recours jusqu'\u00e0 la repr\u00e9sentation de votre affaire devant le tribunal.<\/p><p>Contactez-nous d\u00e8s aujourd'hui et nous ferons tout notre possible pour vous aider dans votre d\u00e9marche.<\/p>\t\t\t\t\t\t\t\t<\/div>\n\t\t\t\t<\/div>\n\t\t\t\t\t<\/div>\n\t\t\t\t<\/div>\n\t\t\t\t<\/div>","protected":false},"excerpt":{"rendered":"<p>vreemdelingenrecht detentiecentra procedure vreemdelingenbewaring Wat is een vreemdelingenbewaring? wet terugkeer en vreemdelingenbewaring van de regeling brontekst bewerken brontekst vreemdelingenrecht advocaat<\/p>","protected":false},"author":1,"featured_media":0,"parent":10627,"menu_order":0,"comment_status":"closed","ping_status":"closed","template":"","meta":{"footnotes":""},"class_list":["post-10727","page","type-page","status-publish","hentry"],"_links":{"self":[{"href":"https:\/\/www.derbedrosian.nl\/fr\/wp-json\/wp\/v2\/pages\/10727","targetHints":{"allow":["GET"]}}],"collection":[{"href":"https:\/\/www.derbedrosian.nl\/fr\/wp-json\/wp\/v2\/pages"}],"about":[{"href":"https:\/\/www.derbedrosian.nl\/fr\/wp-json\/wp\/v2\/types\/page"}],"author":[{"embeddable":true,"href":"https:\/\/www.derbedrosian.nl\/fr\/wp-json\/wp\/v2\/users\/1"}],"replies":[{"embeddable":true,"href":"https:\/\/www.derbedrosian.nl\/fr\/wp-json\/wp\/v2\/comments?post=10727"}],"version-history":[{"count":0,"href":"https:\/\/www.derbedrosian.nl\/fr\/wp-json\/wp\/v2\/pages\/10727\/revisions"}],"up":[{"embeddable":true,"href":"https:\/\/www.derbedrosian.nl\/fr\/wp-json\/wp\/v2\/pages\/10627"}],"wp:attachment":[{"href":"https:\/\/www.derbedrosian.nl\/fr\/wp-json\/wp\/v2\/media?parent=10727"}],"curies":[{"name":"wp","href":"https:\/\/api.w.org\/{rel}","templated":true}]}}