{"id":10599,"date":"2023-05-26T10:45:17","date_gmt":"2023-05-26T08:45:17","guid":{"rendered":"https:\/\/derbedrosian.nl\/?page_id=10599"},"modified":"2025-12-21T14:53:18","modified_gmt":"2025-12-21T12:53:18","slug":"indemnisation-apres-la-detention-provisoire","status":"publish","type":"page","link":"https:\/\/www.derbedrosian.nl\/fr\/rechtsgebieden\/strafrecht\/schadevergoeding-na-voorlopige-hechtenis\/","title":{"rendered":"Indemnisation apr\u00e8s la d\u00e9tention provisoire"},"content":{"rendered":"<div data-elementor-type=\"wp-page\" data-elementor-id=\"10599\" class=\"elementor elementor-10599\" data-elementor-post-type=\"page\">\n\t\t\t\t<div class=\"wd-negative-gap elementor-element elementor-element-c5288ff e-flex e-con-boxed e-con e-parent\" data-id=\"c5288ff\" data-element_type=\"container\" data-e-type=\"container\">\n\t\t\t\t\t<div class=\"e-con-inner\">\n\t\t\t\t<div class=\"elementor-element elementor-element-7165c8e elementor-hidden-desktop elementor-hidden-tablet elementor-hidden-mobile elementor-widget elementor-widget-wd_image_or_svg\" data-id=\"7165c8e\" data-element_type=\"widget\" data-e-type=\"widget\" id=\"seo-word\" data-widget_type=\"wd_image_or_svg.default\">\n\t\t\t\t<div class=\"elementor-widget-container\">\n\t\t\t\t\t\n\t\t<div class=\"wd-image text-left\">\n\t\t\t\t\t\t\t\t<img loading=\"lazy\" decoding=\"async\" width=\"1000\" height=\"667\" src=\"https:\/\/www.derbedrosian.nl\/wp-content\/uploads\/rechtsgebied-schadevergoeding.jpg\" class=\"attachment-full size-full\" alt=\"indemnisation apr\u00e8s la d\u00e9tention provisoire d\u00e9tention inutile avocat d\u00e9tention injustifi\u00e9e\" srcset=\"https:\/\/www.derbedrosian.nl\/wp-content\/uploads\/rechtsgebied-schadevergoeding.jpg 1000w, https:\/\/www.derbedrosian.nl\/wp-content\/uploads\/rechtsgebied-schadevergoeding-400x267.jpg 400w, https:\/\/www.derbedrosian.nl\/wp-content\/uploads\/rechtsgebied-schadevergoeding-768x512.jpg 768w\" sizes=\"auto, (max-width: 1000px) 100vw, 1000px\" title=\"\">\t\t\t\t\t<\/div>\n\n\t\t\t\t\t\t<\/div>\n\t\t\t\t<\/div>\n\t\t\t\t<div class=\"elementor-element elementor-element-d0ab5e0 elementor-hidden-desktop elementor-hidden-tablet elementor-hidden-mobile elementor-widget elementor-widget-heading\" data-id=\"d0ab5e0\" data-element_type=\"widget\" data-e-type=\"widget\" id=\"seo-word\" data-widget_type=\"heading.default\">\n\t\t\t\t<div class=\"elementor-widget-container\">\n\t\t\t\t\t<h5 class=\"elementor-heading-title elementor-size-default\">avocat sp\u00e9cialis\u00e9 dans l'indemnisation<\/h5>\t\t\t\t<\/div>\n\t\t\t\t<\/div>\n\t\t\t\t<div class=\"elementor-element elementor-element-03ba0d1 elementor-hidden-desktop elementor-hidden-tablet elementor-hidden-mobile elementor-widget elementor-widget-heading\" data-id=\"03ba0d1\" data-element_type=\"widget\" data-e-type=\"widget\" id=\"seo-word\" data-widget_type=\"heading.default\">\n\t\t\t\t<div class=\"elementor-widget-container\">\n\t\t\t\t\t<h5 class=\"elementor-heading-title elementor-size-default\">avocat sp\u00e9cialis\u00e9 dans l'indemnisation<\/h5>\t\t\t\t<\/div>\n\t\t\t\t<\/div>\n\t\t\t\t<div class=\"elementor-element elementor-element-7d2467a elementor-hidden-desktop elementor-hidden-tablet elementor-hidden-mobile elementor-widget elementor-widget-heading\" data-id=\"7d2467a\" data-element_type=\"widget\" data-e-type=\"widget\" id=\"seo-word\" data-widget_type=\"heading.default\">\n\t\t\t\t<div class=\"elementor-widget-container\">\n\t\t\t\t\t<h5 class=\"elementor-heading-title elementor-size-default\">demandes d'indemnisation<\/h5>\t\t\t\t<\/div>\n\t\t\t\t<\/div>\n\t\t\t\t<div class=\"elementor-element elementor-element-adb0e27 elementor-hidden-desktop elementor-hidden-tablet elementor-hidden-mobile elementor-widget elementor-widget-heading\" data-id=\"adb0e27\" data-element_type=\"widget\" data-e-type=\"widget\" id=\"seo-word\" data-widget_type=\"heading.default\">\n\t\t\t\t<div class=\"elementor-widget-container\">\n\t\t\t\t\t<h5 class=\"elementor-heading-title elementor-size-default\">indemnisation pour emprisonnement injustifi\u00e9<\/h5>\t\t\t\t<\/div>\n\t\t\t\t<\/div>\n\t\t\t\t<div class=\"elementor-element elementor-element-e68bf1d elementor-hidden-desktop elementor-hidden-tablet elementor-hidden-mobile elementor-widget elementor-widget-heading\" data-id=\"e68bf1d\" data-element_type=\"widget\" data-e-type=\"widget\" id=\"seo-word\" data-widget_type=\"heading.default\">\n\t\t\t\t<div class=\"elementor-widget-container\">\n\t\t\t\t\t<h5 class=\"elementor-heading-title elementor-size-default\">Dommages immat\u00e9riels et mat\u00e9riels\n<\/h5>\t\t\t\t<\/div>\n\t\t\t\t<\/div>\n\t\t\t\t<div class=\"elementor-element elementor-element-746d354 color-scheme-inherit text-left elementor-widget elementor-widget-text-editor\" data-id=\"746d354\" data-element_type=\"widget\" data-e-type=\"widget\" data-widget_type=\"text-editor.default\">\n\t\t\t\t<div class=\"elementor-widget-container\">\n\t\t\t\t\t\t\t\t\t<p><strong>Aux Pays-Bas, l'indemnisation apr\u00e8s une d\u00e9tention provisoire est un \u00e9l\u00e9ment important du syst\u00e8me juridique, m\u00eame si une personne est temporairement d\u00e9tenue avant le d\u00e9but du proc\u00e8s. Cela signifie que si vous avez \u00e9t\u00e9 injustement emprisonn\u00e9 avant d'\u00eatre condamn\u00e9, vous avez droit \u00e0 une indemnisation.<\/strong><\/p>\t\t\t\t\t\t\t\t<\/div>\n\t\t\t\t<\/div>\n\t\t\t\t<div class=\"elementor-element elementor-element-0e8f7ba elementor-widget elementor-widget-spacer\" data-id=\"0e8f7ba\" data-element_type=\"widget\" data-e-type=\"widget\" data-widget_type=\"spacer.default\">\n\t\t\t\t<div class=\"elementor-widget-container\">\n\t\t\t\t\t\t\t<div class=\"elementor-spacer\">\n\t\t\t<div class=\"elementor-spacer-inner\"><\/div>\n\t\t<\/div>\n\t\t\t\t\t\t<\/div>\n\t\t\t\t<\/div>\n\t\t\t\t<div class=\"elementor-element elementor-element-aaf8981 elementor-widget elementor-widget-heading\" data-id=\"aaf8981\" data-element_type=\"widget\" data-e-type=\"widget\" data-widget_type=\"heading.default\">\n\t\t\t\t<div class=\"elementor-widget-container\">\n\t\t\t\t\t<h3 class=\"elementor-heading-title elementor-size-default\">Indemnisation pour emprisonnement injustifi\u00e9<\/h3>\t\t\t\t<\/div>\n\t\t\t\t<\/div>\n\t\t\t\t<div class=\"elementor-element elementor-element-ed29cee color-scheme-inherit text-left elementor-widget elementor-widget-text-editor\" data-id=\"ed29cee\" data-element_type=\"widget\" data-e-type=\"widget\" data-widget_type=\"text-editor.default\">\n\t\t\t\t<div class=\"elementor-widget-container\">\n\t\t\t\t\t\t\t\t\t<p>On parle d'indemnisation apr\u00e8s d\u00e9tention provisoire si vous avez \u00e9t\u00e9 temporairement incarc\u00e9r\u00e9 alors que vous n'avez pas encore \u00e9t\u00e9 condamn\u00e9 \u00e0 une peine de prison. <a href=\"https:\/\/www.derbedrosian.nl\/fr\/juridictions\/droit-penal\/crimes\/\">crime<\/a> et qu'il s'av\u00e8re par la suite que vous \u00eates innocent. Vous avez alors droit \u00e0 une certaine forme d'indemnisation financi\u00e8re. Celle-ci est destin\u00e9e \u00e0 compenser les probl\u00e8mes ou les co\u00fbts que vous avez pu rencontrer pendant cette p\u00e9riode de d\u00e9tention provisoire, tels que la perte de votre emploi, le stress ou les frais de justice.\u00a0<\/p>\t\t\t\t\t\t\t\t<\/div>\n\t\t\t\t<\/div>\n\t\t\t\t<div class=\"elementor-element elementor-element-a0a925d elementor-widget elementor-widget-spacer\" data-id=\"a0a925d\" data-element_type=\"widget\" data-e-type=\"widget\" data-widget_type=\"spacer.default\">\n\t\t\t\t<div class=\"elementor-widget-container\">\n\t\t\t\t\t\t\t<div class=\"elementor-spacer\">\n\t\t\t<div class=\"elementor-spacer-inner\"><\/div>\n\t\t<\/div>\n\t\t\t\t\t\t<\/div>\n\t\t\t\t<\/div>\n\t\t\t\t<div class=\"elementor-element elementor-element-115a4a3 elementor-widget elementor-widget-heading\" data-id=\"115a4a3\" data-element_type=\"widget\" data-e-type=\"widget\" data-widget_type=\"heading.default\">\n\t\t\t\t<div class=\"elementor-widget-container\">\n\t\t\t\t\t<h3 class=\"elementor-heading-title elementor-size-default\"> Dommages mat\u00e9riels et immat\u00e9riels\n<\/h3>\t\t\t\t<\/div>\n\t\t\t\t<\/div>\n\t\t\t\t<div class=\"elementor-element elementor-element-90bf32d color-scheme-inherit text-left elementor-widget elementor-widget-text-editor\" data-id=\"90bf32d\" data-element_type=\"widget\" data-e-type=\"widget\" data-widget_type=\"text-editor.default\">\n\t\t\t\t<div class=\"elementor-widget-container\">\n\t\t\t\t\t\t\t\t\t<p>Le fait d'avoir droit \u00e0 des dommages-int\u00e9r\u00eats mat\u00e9riels et immat\u00e9riels signifie que vous pouvez obtenir une indemnisation non seulement pour les co\u00fbts tangibles, tels que la perte de votre logement, les frais de voyage et les frais de r\u00e9installation, mais aussi pour l'impact \u00e9motionnel que la d\u00e9tention provisoire a eu sur vous.<\/p><ul><li><strong>Mat\u00e9riau :<\/strong> En ce qui concerne les co\u00fbts mat\u00e9riels, tels que les pertes de logement, les frais de voyage et de d\u00e9m\u00e9nagement, il est important que vous puissiez les justifier correctement. Cela signifie que vous devez \u00eatre en mesure de fournir des preuves de ces co\u00fbts, telles que des re\u00e7us et des documents relatifs \u00e0 vos d\u00e9penses.<\/li><li><strong>Frais de d\u00e9placement :<\/strong> les frais de d\u00e9placement sont g\u00e9n\u00e9ralement rembours\u00e9s \u00e0 raison de 0,28 \u20ac par kilom\u00e8tre pour les audiences. Si vous avez perdu des revenus en raison des jours de garde \u00e0 vue, vous pouvez \u00e9galement avoir droit \u00e0 une indemnisation pour le travail manqu\u00e9. Cette mesure vise \u00e0 garantir que vous n'\u00eates pas financi\u00e8rement d\u00e9savantag\u00e9 par le temps que vous avez consacr\u00e9 \u00e0 votre affaire.<\/li><\/ul><p>En r\u00e9sum\u00e9, il est important de savoir que des frais sont disponibles pour couvrir \u00e0 la fois les co\u00fbts tangibles et l'impact \u00e9motionnel de la d\u00e9tention provisoire, mais qu'il est n\u00e9cessaire de fournir des documents et des preuves minutieux pour r\u00e9clamer ces frais.<\/p>\t\t\t\t\t\t\t\t<\/div>\n\t\t\t\t<\/div>\n\t\t\t\t<div class=\"elementor-element elementor-element-31e3082 elementor-widget elementor-widget-spacer\" data-id=\"31e3082\" data-element_type=\"widget\" data-e-type=\"widget\" data-widget_type=\"spacer.default\">\n\t\t\t\t<div class=\"elementor-widget-container\">\n\t\t\t\t\t\t\t<div class=\"elementor-spacer\">\n\t\t\t<div class=\"elementor-spacer-inner\"><\/div>\n\t\t<\/div>\n\t\t\t\t\t\t<\/div>\n\t\t\t\t<\/div>\n\t\t\t\t<div class=\"elementor-element elementor-element-a3cc134 elementor-widget elementor-widget-heading\" data-id=\"a3cc134\" data-element_type=\"widget\" data-e-type=\"widget\" data-widget_type=\"heading.default\">\n\t\t\t\t<div class=\"elementor-widget-container\">\n\t\t\t\t\t<h3 class=\"elementor-heading-title elementor-size-default\">Calcul des dommages-int\u00e9r\u00eats<\/h3>\t\t\t\t<\/div>\n\t\t\t\t<\/div>\n\t\t\t\t<div class=\"elementor-element elementor-element-e2721da color-scheme-inherit text-left elementor-widget elementor-widget-text-editor\" data-id=\"e2721da\" data-element_type=\"widget\" data-e-type=\"widget\" data-widget_type=\"text-editor.default\">\n\t\t\t\t<div class=\"elementor-widget-container\">\n\t\t\t\t\t\t\t\t\t<p>Dans la plupart des cas, l'allocation est de 105 \u20ac par jour pour la garde \u00e0 vue ou la d\u00e9tention provisoire et de 80 \u20ac par jour dans un centre de d\u00e9tention. Dans le cas de restrictions ou d'un \u00e9tablissement extra-s\u00e9curis\u00e9, 105,00 \u20ac par jour s'appliquent \u00e9galement.<\/p><ul><li><strong>Exceptions pour les r\u00e9mun\u00e9rations plus \u00e9lev\u00e9es :<\/strong> vous pouvez parfois pr\u00e9tendre \u00e0 une indemnisation plus importante, par exemple en cas de suspicion grave, d'attention m\u00e9diatique, de stigmatisation permanente ou d'emprisonnement de longue dur\u00e9e.<\/li><li><strong>Demande de dommages et int\u00e9r\u00eats :<\/strong>\u00a0en cas de d\u00e9tention injustifi\u00e9e, contactez imm\u00e9diatement nos avocats. Ils pr\u00e9pareront une demande d'indemnisation et pourront rembourser les frais si l'affaire est trait\u00e9e sur la base d'un tarif horaire. Les frais li\u00e9s \u00e0 la requ\u00eate seront \u00e9galement rembours\u00e9s.<\/li><\/ul>\t\t\t\t\t\t\t\t<\/div>\n\t\t\t\t<\/div>\n\t\t\t\t<div class=\"elementor-element elementor-element-4208b50 elementor-widget elementor-widget-spacer\" data-id=\"4208b50\" data-element_type=\"widget\" data-e-type=\"widget\" data-widget_type=\"spacer.default\">\n\t\t\t\t<div class=\"elementor-widget-container\">\n\t\t\t\t\t\t\t<div class=\"elementor-spacer\">\n\t\t\t<div class=\"elementor-spacer-inner\"><\/div>\n\t\t<\/div>\n\t\t\t\t\t\t<\/div>\n\t\t\t\t<\/div>\n\t\t\t\t<div class=\"elementor-element elementor-element-e162525 elementor-widget elementor-widget-heading\" data-id=\"e162525\" data-element_type=\"widget\" data-e-type=\"widget\" data-widget_type=\"heading.default\">\n\t\t\t\t<div class=\"elementor-widget-container\">\n\t\t\t\t\t<h3 class=\"elementor-heading-title elementor-size-default\">R\u00e9mun\u00e9ration plus \u00e9lev\u00e9e<\/h3>\t\t\t\t<\/div>\n\t\t\t\t<\/div>\n\t\t\t\t<div class=\"elementor-element elementor-element-f1b5210 color-scheme-inherit text-left elementor-widget elementor-widget-text-editor\" data-id=\"f1b5210\" data-element_type=\"widget\" data-e-type=\"widget\" data-widget_type=\"text-editor.default\">\n\t\t\t\t<div class=\"elementor-widget-container\">\n\t\t\t\t\t\t\t\t\t<p>Pour d\u00e9terminer l'indemnisation, tous les faits et circonstances pertinents sont pris en compte. Si vous avez perdu des revenus en tant que chef d'entreprise, vous pouvez \u00e9galement faire valoir cette perte. Il est important de justifier tous vos co\u00fbts d'indemnisation par des preuves \u00e9crites.<\/p><p>Il existe des d\u00e9cisions de justice d\u00e9crivant des situations sp\u00e9cifiques dans lesquelles une indemnisation plus \u00e9lev\u00e9e s'est av\u00e9r\u00e9e fructueuse. En voici quelques exemples :<\/p><ul><li><strong>Soup\u00e7on de crime :<\/strong> lorsqu'il y a de s\u00e9rieux soup\u00e7ons concernant un crime.<\/li><li><strong>L'attention des m\u00e9dias :<\/strong> si l'affaire a fait l'objet d'une grande attention de la part des m\u00e9dias au niveau national ou international.<\/li><li><strong>Services de sant\u00e9 mentale :<\/strong> si la d\u00e9tention de l'accus\u00e9 entra\u00eene la n\u00e9cessit\u00e9 de soins de sant\u00e9 mentale.<\/li><li><strong>Stigmatiser l'accus\u00e9 en tant que \"coupable\" :<\/strong> si le d\u00e9fendeur est constamment stigmatis\u00e9 comme coupable, cela peut avoir une incidence sur l'indemnisation en affectant n\u00e9gativement son statut.<\/li><li><strong>Condamn\u00e9 \u00e0 une peine d'emprisonnement extr\u00eamement longue :<\/strong> lorsqu'une premi\u00e8re condamnation entra\u00eene une peine d'emprisonnement extr\u00eamement longue pour le d\u00e9fendeur.<\/li><\/ul>\t\t\t\t\t\t\t\t<\/div>\n\t\t\t\t<\/div>\n\t\t\t\t<div class=\"elementor-element elementor-element-1e90487 elementor-widget elementor-widget-spacer\" data-id=\"1e90487\" data-element_type=\"widget\" data-e-type=\"widget\" data-widget_type=\"spacer.default\">\n\t\t\t\t<div class=\"elementor-widget-container\">\n\t\t\t\t\t\t\t<div class=\"elementor-spacer\">\n\t\t\t<div class=\"elementor-spacer-inner\"><\/div>\n\t\t<\/div>\n\t\t\t\t\t\t<\/div>\n\t\t\t\t<\/div>\n\t\t\t\t<div class=\"elementor-element elementor-element-3bc2426 elementor-widget elementor-widget-heading\" data-id=\"3bc2426\" data-element_type=\"widget\" data-e-type=\"widget\" data-widget_type=\"heading.default\">\n\t\t\t\t<div class=\"elementor-widget-container\">\n\t\t\t\t\t<h3 class=\"elementor-heading-title elementor-size-default\">Avocat sp\u00e9cialis\u00e9 dans l'indemnisation\n<\/h3>\t\t\t\t<\/div>\n\t\t\t\t<\/div>\n\t\t\t\t<div class=\"elementor-element elementor-element-3c6cb97 color-scheme-inherit text-left elementor-widget elementor-widget-text-editor\" data-id=\"3c6cb97\" data-element_type=\"widget\" data-e-type=\"widget\" data-widget_type=\"text-editor.default\">\n\t\t\t\t<div class=\"elementor-widget-container\">\n\t\t\t\t\t\t\t\t\t<p>Si vous avez b\u00e9n\u00e9fici\u00e9 d'une assistance juridique sur la base d'un tarif horaire, vous avez droit au remboursement des honoraires d'avocat pay\u00e9s. Toutefois, les heures pass\u00e9es doivent \u00eatre raisonnables et le taux horaire factur\u00e9 doit \u00eatre acceptable. Les factures doivent \u00eatre pr\u00e9sent\u00e9es comme preuve \u00e0 l'appui de votre demande.<\/p><p>Les avocats du cabinet Derbedrosian offrent une assistance juridique professionnelle et peuvent vous aider \u00e0 d\u00e9poser une plainte solide en mati\u00e8re d'\"indemnisation apr\u00e8s d\u00e9tention provisoire\". Si vous n'h\u00e9sitez pas \u00e0 nous contacter, nous vous mettrons directement en relation avec <a href=\"https:\/\/www.derbedrosian.nl\/fr\/avocats\/\">un avocat exp\u00e9riment\u00e9<\/a> qui peut vous assister et vous conseiller pendant la proc\u00e9dure p\u00e9nale.<\/p>\t\t\t\t\t\t\t\t<\/div>\n\t\t\t\t<\/div>\n\t\t\t\t\t<\/div>\n\t\t\t\t<\/div>\n\t\t\t\t<\/div>","protected":false},"excerpt":{"rendered":"<p>schadevergoeding advocaat advocaat schadevergoeding schadevergoeding aanvragen schadevergoeding onterechte hechtenis Immateri\u00eble en materi\u00eble schadevergoeding In Nederland is schadevergoeding na voorlopige hechtenis<\/p>","protected":false},"author":1,"featured_media":0,"parent":10047,"menu_order":0,"comment_status":"closed","ping_status":"closed","template":"","meta":{"footnotes":""},"class_list":["post-10599","page","type-page","status-publish","hentry"],"_links":{"self":[{"href":"https:\/\/www.derbedrosian.nl\/fr\/wp-json\/wp\/v2\/pages\/10599","targetHints":{"allow":["GET"]}}],"collection":[{"href":"https:\/\/www.derbedrosian.nl\/fr\/wp-json\/wp\/v2\/pages"}],"about":[{"href":"https:\/\/www.derbedrosian.nl\/fr\/wp-json\/wp\/v2\/types\/page"}],"author":[{"embeddable":true,"href":"https:\/\/www.derbedrosian.nl\/fr\/wp-json\/wp\/v2\/users\/1"}],"replies":[{"embeddable":true,"href":"https:\/\/www.derbedrosian.nl\/fr\/wp-json\/wp\/v2\/comments?post=10599"}],"version-history":[{"count":0,"href":"https:\/\/www.derbedrosian.nl\/fr\/wp-json\/wp\/v2\/pages\/10599\/revisions"}],"up":[{"embeddable":true,"href":"https:\/\/www.derbedrosian.nl\/fr\/wp-json\/wp\/v2\/pages\/10047"}],"wp:attachment":[{"href":"https:\/\/www.derbedrosian.nl\/fr\/wp-json\/wp\/v2\/media?parent=10599"}],"curies":[{"name":"wp","href":"https:\/\/api.w.org\/{rel}","templated":true}]}}